{"id":9508,"date":"2025-07-18T14:34:13","date_gmt":"2025-07-18T12:34:13","guid":{"rendered":"https:\/\/flavi.fr\/?page_id=9508"},"modified":"2025-07-24T11:27:09","modified_gmt":"2025-07-24T09:27:09","slug":"le-fonctionnement-de-flavi","status":"publish","type":"page","link":"https:\/\/flavi.fr\/index.php\/le-fonctionnement-de-flavi\/","title":{"rendered":"Le fonctionnement de Flavi"},"content":{"rendered":"\n[et_pb_section fb_built=\u00a0\u00bb1&Prime; _builder_version=\u00a0\u00bb4.27.4&Prime; _module_preset=\u00a0\u00bbdefault\u00a0\u00bb background_color=\u00a0\u00bb#E8E0FF\u00a0\u00bb bottom_divider_style=\u00a0\u00bbcurve2&Prime; bottom_divider_color=\u00a0\u00bb#ffffff\u00a0\u00bb bottom_divider_height=\u00a0\u00bb75px\u00a0\u00bb bottom_divider_height_tablet=\u00a0\u00bb67px\u00a0\u00bb bottom_divider_height_phone=\u00a0\u00bb55px\u00a0\u00bb bottom_divider_height_last_edited=\u00a0\u00bbon|desktop\u00a0\u00bb global_colors_info=\u00a0\u00bb{}\u00a0\u00bb][et_pb_row _builder_version=\u00a0\u00bb4.27.4&Prime; _module_preset=\u00a0\u00bbdefault\u00a0\u00bb global_colors_info=\u00a0\u00bb{}\u00a0\u00bb][et_pb_column type=\u00a0\u00bb4_4&Prime; _builder_version=\u00a0\u00bb4.27.4&Prime; _module_preset=\u00a0\u00bbdefault\u00a0\u00bb global_colors_info=\u00a0\u00bb{}\u00a0\u00bb][et_pb_text _builder_version=\u00a0\u00bb4.27.4&Prime; _module_preset=\u00a0\u00bbdefault\u00a0\u00bb header_font=\u00a0\u00bbABeeZee|700|||||||\u00a0\u00bb header_text_align=\u00a0\u00bbcenter\u00a0\u00bb header_text_color=\u00a0\u00bb#5800A6&Prime; header_font_size=\u00a0\u00bb45px\u00a0\u00bb header_font_size_tablet=\u00a0\u00bb45px\u00a0\u00bb header_font_size_phone=\u00a0\u00bb30px\u00a0\u00bb header_font_size_last_edited=\u00a0\u00bbon|desktop\u00a0\u00bb global_colors_info=\u00a0\u00bb{}\u00a0\u00bb]<h1>Le fonctionnement de Flavi<\/h1>[\/et_pb_text][\/et_pb_column][\/et_pb_row][\/et_pb_section][et_pb_section fb_built=\u00a0\u00bb1&Prime; _builder_version=\u00a0\u00bb4.27.4&Prime; _module_preset=\u00a0\u00bbdefault\u00a0\u00bb global_colors_info=\u00a0\u00bb{}\u00a0\u00bb][et_pb_row column_structure=\u00a0\u00bb1_2,1_2&Prime; _builder_version=\u00a0\u00bb4.27.4&Prime; _module_preset=\u00a0\u00bbdefault\u00a0\u00bb global_colors_info=\u00a0\u00bb{}\u00a0\u00bb][et_pb_column type=\u00a0\u00bb1_2&Prime; _builder_version=\u00a0\u00bb4.27.4&Prime; _module_preset=\u00a0\u00bbdefault\u00a0\u00bb global_colors_info=\u00a0\u00bb{}\u00a0\u00bb][et_pb_image src=\u00a0\u00bbhttps:\/\/flavi.fr\/wp-content\/uploads\/2025\/07\/Site-web-image-Qui-sommes-nous-.png\u00a0\u00bb alt=\u00a0\u00bbIllustration de deux aides \u00e0 domicile qui discutent de la mission de Flavi\u00a0\u00bb title_text=\u00a0\u00bbIllustration de deux aides \u00e0 domicile qui discutent de la mission de Flavi\u00a0\u00bb align=\u00a0\u00bbcenter\u00a0\u00bb _builder_version=\u00a0\u00bb4.27.4&Prime; _module_preset=\u00a0\u00bbdefault\u00a0\u00bb global_colors_info=\u00a0\u00bb{}\u00a0\u00bb][\/et_pb_image][\/et_pb_column][et_pb_column type=\u00a0\u00bb1_2&Prime; _builder_version=\u00a0\u00bb4.27.4&Prime; _module_preset=\u00a0\u00bbdefault\u00a0\u00bb global_colors_info=\u00a0\u00bb{}\u00a0\u00bb][et_pb_text _builder_version=\u00a0\u00bb4.27.4&Prime; _module_preset=\u00a0\u00bbdefault\u00a0\u00bb header_2_font=\u00a0\u00bbABeeZee|700|||||||\u00a0\u00bb header_2_text_color=\u00a0\u00bb#5800A6&Prime; header_2_font_size=\u00a0\u00bb40px\u00a0\u00bb header_2_font_size_tablet=\u00a0\u00bb40px\u00a0\u00bb header_2_font_size_phone=\u00a0\u00bb30px\u00a0\u00bb header_2_font_size_last_edited=\u00a0\u00bbon|desktop\u00a0\u00bb global_colors_info=\u00a0\u00bb{}\u00a0\u00bb]<h2 style=\"text-align: justify;\"><strong>La mission de Flavi<\/strong><\/h2>\n<p style=\"text-align: justify;\">Chez Flavi, nous avons un objectif simple :<strong> revaloriser les professionnels du domicile et faciliter la mise en relation avec les familles, sans frais ni interm\u00e9diaire.<\/strong> Notre plateforme gratuite permet aux aides \u00e0 domicile et aux particuliers employeurs de se rencontrer, d\u2019\u00e9changer, de s\u2019organiser\u2026 en toute autonomie, notamment dans le cadre de l\u2019emploi direct via le CESU.<\/p>[\/et_pb_text][\/et_pb_column][\/et_pb_row][\/et_pb_section][et_pb_section fb_built=\u00a0\u00bb1&Prime; prev_background_color=\u00a0\u00bb#ffffff\u00a0\u00bb next_background_color=\u00a0\u00bb#ffffff\u00a0\u00bb _builder_version=\u00a0\u00bb4.27.4&Prime; _module_preset=\u00a0\u00bbdefault\u00a0\u00bb background_color=\u00a0\u00bb#E8E0FF\u00a0\u00bb top_divider_style=\u00a0\u00bbwave\u00a0\u00bb top_divider_height=\u00a0\u00bb75px\u00a0\u00bb top_divider_height_tablet=\u00a0\u00bb65px\u00a0\u00bb top_divider_height_phone=\u00a0\u00bb50px\u00a0\u00bb top_divider_height_last_edited=\u00a0\u00bbon|phone\u00a0\u00bb bottom_divider_style=\u00a0\u00bbwave\u00a0\u00bb bottom_divider_height=\u00a0\u00bb75px\u00a0\u00bb bottom_divider_height_tablet=\u00a0\u00bb65px\u00a0\u00bb bottom_divider_height_phone=\u00a0\u00bb50px\u00a0\u00bb bottom_divider_height_last_edited=\u00a0\u00bbon|phone\u00a0\u00bb global_colors_info=\u00a0\u00bb{}\u00a0\u00bb][et_pb_row column_structure=\u00a0\u00bb1_2,1_2&Prime; _builder_version=\u00a0\u00bb4.27.4&Prime; _module_preset=\u00a0\u00bbdefault\u00a0\u00bb animation_style=\u00a0\u00bbslide\u00a0\u00bb animation_direction=\u00a0\u00bbleft\u00a0\u00bb animation_intensity_slide=\u00a0\u00bb2%\u00a0\u00bb global_colors_info=\u00a0\u00bb{}\u00a0\u00bb][et_pb_column type=\u00a0\u00bb1_2&Prime; _builder_version=\u00a0\u00bb4.27.4&Prime; _module_preset=\u00a0\u00bbdefault\u00a0\u00bb global_colors_info=\u00a0\u00bb{}\u00a0\u00bb][et_pb_image src=\u00a0\u00bbhttps:\/\/flavi.fr\/wp-content\/uploads\/2025\/07\/cadres-site-web-2.png\u00a0\u00bb alt=\u00a0\u00bbIllustration d&rsquo;un homme qui se pose des questions sur le fonctionnement de Flavi\u00a0\u00bb title_text=\u00a0\u00bbIllustration d&rsquo;un homme qui se pose des questions sur le fonctionnement de Flavi\u00a0\u00bb align=\u00a0\u00bbcenter\u00a0\u00bb disabled_on=\u00a0\u00bboff|off|on\u00a0\u00bb _builder_version=\u00a0\u00bb4.27.4&Prime; _module_preset=\u00a0\u00bbdefault\u00a0\u00bb width=\u00a0\u00bb60%\u00a0\u00bb max_width=\u00a0\u00bb60%\u00a0\u00bb global_colors_info=\u00a0\u00bb{}\u00a0\u00bb][\/et_pb_image][et_pb_text _builder_version=\u00a0\u00bb4.27.4&Prime; _module_preset=\u00a0\u00bbdefault\u00a0\u00bb header_2_font=\u00a0\u00bbABeeZee|700|||||||\u00a0\u00bb header_2_text_color=\u00a0\u00bb#5800A6&Prime; header_2_font_size=\u00a0\u00bb40px\u00a0\u00bb header_2_font_size_tablet=\u00a0\u00bb40px\u00a0\u00bb header_2_font_size_phone=\u00a0\u00bb30px\u00a0\u00bb header_2_font_size_last_edited=\u00a0\u00bbon|phone\u00a0\u00bb global_colors_info=\u00a0\u00bb{}\u00a0\u00bb]<h2 style=\"text-align: justify;\"><strong>Que peut-on faire sur Flavi ?<\/strong><\/h2>\n<ul>\n<li style=\"text-align: justify;\"><span class=\"OYPEnA font-feature-liga-off font-feature-clig-off font-feature-calt-off text-decoration-none text-strikethrough-none\"><strong>Consulter les profils<\/strong> de plus de <strong>10 000 aides \u00e0 domicile ind\u00e9pendantes en CESU<\/strong><\/span><\/li>\n<li style=\"text-align: justify;\"><span class=\"OYPEnA font-feature-liga-off font-feature-clig-off font-feature-calt-off text-decoration-none text-strikethrough-none\"><strong>Poster ou r\u00e9pondre<\/strong> \u00e0 des offres d\u2019emploi<\/span><\/li>\n<li style=\"text-align: justify;\"><span class=\"OYPEnA font-feature-liga-off font-feature-clig-off font-feature-calt-off text-decoration-none text-strikethrough-none\"><strong>Discuter directement<\/strong> entre particuliers employeurs et aides \u00e0 domicile<\/span><\/li>\n<li style=\"text-align: justify;\"><span class=\"OYPEnA font-feature-liga-off font-feature-clig-off font-feature-calt-off text-decoration-none text-strikethrough-none\"><strong>Acc\u00e9der \u00e0 des outils pratiques :<\/strong> r\u00e9daction de contrats, tutoriels CESU, fiches conseils\u2026<\/span><\/li>\n<li style=\"text-align: justify;\"><span class=\"OYPEnA font-feature-liga-off font-feature-clig-off font-feature-calt-off text-decoration-none text-strikethrough-none\"><strong>Trouver des rempla\u00e7ants<\/strong> en cas d&rsquo;absence<\/span><\/li>\n<li style=\"text-align: justify;\"><span class=\"OYPEnA font-feature-liga-off font-feature-clig-off font-feature-calt-off text-decoration-none text-strikethrough-none\"><strong>Trouver des bin\u00f4mes<\/strong> (ou plus) pour travailler en \u00e9quipe !<\/span><\/li>\n<\/ul>[\/et_pb_text][\/et_pb_column][et_pb_column type=\u00a0\u00bb1_2&Prime; _builder_version=\u00a0\u00bb4.27.4&Prime; _module_preset=\u00a0\u00bbdefault\u00a0\u00bb global_colors_info=\u00a0\u00bb{}\u00a0\u00bb][et_pb_image src=\u00a0\u00bbhttps:\/\/flavi.fr\/wp-content\/uploads\/2025\/07\/cadres-site-web-2.png\u00a0\u00bb alt=\u00a0\u00bbIllustration d&rsquo;un homme qui se pose des questions sur le fonctionnement de Flavi\u00a0\u00bb title_text=\u00a0\u00bbIllustration d&rsquo;un homme qui se pose des questions sur le fonctionnement de Flavi\u00a0\u00bb align=\u00a0\u00bbcenter\u00a0\u00bb disabled_on=\u00a0\u00bbon|on|off\u00a0\u00bb _builder_version=\u00a0\u00bb4.27.4&Prime; _module_preset=\u00a0\u00bbdefault\u00a0\u00bb width=\u00a0\u00bb60%\u00a0\u00bb global_colors_info=\u00a0\u00bb{}\u00a0\u00bb][\/et_pb_image][\/et_pb_column][\/et_pb_row][\/et_pb_section][et_pb_section fb_built=\u00a0\u00bb1&Prime; _builder_version=\u00a0\u00bb4.27.4&Prime; _module_preset=\u00a0\u00bbdefault\u00a0\u00bb custom_padding=\u00a0\u00bb||54px|||\u00a0\u00bb bottom_divider_height=\u00a0\u00bb75px\u00a0\u00bb bottom_divider_height_tablet=\u00a0\u00bb65px\u00a0\u00bb bottom_divider_height_phone=\u00a0\u00bb50px\u00a0\u00bb bottom_divider_height_last_edited=\u00a0\u00bbon|desktop\u00a0\u00bb global_colors_info=\u00a0\u00bb{}\u00a0\u00bb][et_pb_row column_structure=\u00a0\u00bb1_2,1_2&Prime; _builder_version=\u00a0\u00bb4.27.4&Prime; _module_preset=\u00a0\u00bbdefault\u00a0\u00bb animation_style=\u00a0\u00bbslide\u00a0\u00bb animation_direction=\u00a0\u00bbright\u00a0\u00bb animation_intensity_slide=\u00a0\u00bb2%\u00a0\u00bb global_colors_info=\u00a0\u00bb{}\u00a0\u00bb][et_pb_column type=\u00a0\u00bb1_2&Prime; _builder_version=\u00a0\u00bb4.27.4&Prime; _module_preset=\u00a0\u00bbdefault\u00a0\u00bb global_colors_info=\u00a0\u00bb{}\u00a0\u00bb][et_pb_image src=\u00a0\u00bbhttps:\/\/flavi.fr\/wp-content\/uploads\/2025\/07\/cadres-site-web-5.png\u00a0\u00bb alt=\u00a0\u00bbUne aide \u00e0 domicile s&rsquo;inscrit sur la plateforme Flavi\u00a0\u00bb title_text=\u00a0\u00bbUne aide \u00e0 domicile s&rsquo;inscrit sur la plateforme Flavi\u00a0\u00bb align=\u00a0\u00bbcenter\u00a0\u00bb _builder_version=\u00a0\u00bb4.27.4&Prime; _module_preset=\u00a0\u00bbdefault\u00a0\u00bb width=\u00a0\u00bb65%\u00a0\u00bb max_width_tablet=\u00a0\u00bb60%\u00a0\u00bb max_width_phone=\u00a0\u00bb60%\u00a0\u00bb max_width_last_edited=\u00a0\u00bbon|desktop\u00a0\u00bb global_colors_info=\u00a0\u00bb{}\u00a0\u00bb][\/et_pb_image][\/et_pb_column][et_pb_column type=\u00a0\u00bb1_2&Prime; _builder_version=\u00a0\u00bb4.27.4&Prime; _module_preset=\u00a0\u00bbdefault\u00a0\u00bb global_colors_info=\u00a0\u00bb{}\u00a0\u00bb][et_pb_text _builder_version=\u00a0\u00bb4.27.4&Prime; _module_preset=\u00a0\u00bbdefault\u00a0\u00bb header_text_color=\u00a0\u00bb#5800A6&Prime; header_2_font=\u00a0\u00bbABeeZee|700|||||||\u00a0\u00bb header_2_text_color=\u00a0\u00bb#5800A6&Prime; header_2_font_size=\u00a0\u00bb40px\u00a0\u00bb header_3_font=\u00a0\u00bbABeeZee|700|||||||\u00a0\u00bb header_3_text_color=\u00a0\u00bb#9377F4&Prime; header_3_font_size=\u00a0\u00bb28px\u00a0\u00bb header_2_font_size_tablet=\u00a0\u00bb40px\u00a0\u00bb header_2_font_size_phone=\u00a0\u00bb30px\u00a0\u00bb header_2_font_size_last_edited=\u00a0\u00bbon|phone\u00a0\u00bb header_3_font_size_tablet=\u00a0\u00bb28px\u00a0\u00bb header_3_font_size_phone=\u00a0\u00bb25px\u00a0\u00bb header_3_font_size_last_edited=\u00a0\u00bbon|phone\u00a0\u00bb global_colors_info=\u00a0\u00bb{}\u00a0\u00bb]<h2 style=\"text-align: justify;\"><strong>Comment s\u2019inscrire ?<\/strong><\/h2>\n<p style=\"text-align: justify;\">L\u2019inscription est rapide et 100 % en ligne.<\/p>\n\n<h3 style=\"text-align: justify;\"><strong>Pour les aides \u00e0 domicile et auxiliaires de vie :<\/strong><\/h3>\n<p style=\"text-align: justify;\"><span class=\"OYPEnA font-feature-liga-off font-feature-clig-off font-feature-calt-off text-decoration-none text-strikethrough-none\"><span style=\"color: #5800a6;\"><strong>1.<\/strong><\/span> Rendez-vous sur la <span style=\"color: #5800a6;\"><a href=\"https:\/\/app.flavi.fr\/login\" style=\"color: #5800a6;\" target=\"_blank\" rel=\"noopener\"><strong>plateforme Flavi<\/strong><\/a><\/span> et cliquez sur \u00ab\u00a0<a href=\"https:\/\/app.flavi.fr\/login\"><span style=\"color: #5800a6;\"><strong>Je m\u2019inscris<\/strong><\/span><\/a>\u00ab\u00a0<\/span><\/p>\n<p style=\"text-align: justify;\"><span class=\"OYPEnA font-feature-liga-off font-feature-clig-off font-feature-calt-off text-decoration-none text-strikethrough-none\"><span style=\"color: #5800a6;\"><strong>2.<\/strong><\/span> Remplissez vos informations et s\u00e9lectionnez \u00ab\u00a0<strong>Je suis aide \u00e0 domicile<\/strong>\u00ab\u00a0<\/span><\/p>\n<p style=\"text-align: justify;\"><span class=\"OYPEnA font-feature-liga-off font-feature-clig-off font-feature-calt-off text-decoration-none text-strikethrough-none\"><span style=\"color: #5800a6;\"><strong>3.<\/strong> <\/span><strong>Cr\u00e9ez votre profil<\/strong>, ajoutez vos disponibilit\u00e9s, vos comp\u00e9tences, votre zone d\u2019intervention\u2026<\/span><\/p>\n<p style=\"text-align: justify;\"><span class=\"OYPEnA font-feature-liga-off font-feature-clig-off font-feature-calt-off text-decoration-none text-strikethrough-none\"><span style=\"color: #5800a6;\"><strong>4.<\/strong> <\/span>Pensez \u00e0 <strong>faire certifier votre profil<\/strong> par notre \u00e9quipe<\/span><\/p>\n<p style=\"text-align: justify;\"><span class=\"OYPEnA font-feature-liga-off font-feature-clig-off font-feature-calt-off text-decoration-none text-strikethrough-none\"><\/span><\/p>[\/et_pb_text][\/et_pb_column][\/et_pb_row][et_pb_row column_structure=\u00a0\u00bb1_2,1_2&Prime; _builder_version=\u00a0\u00bb4.27.4&Prime; _module_preset=\u00a0\u00bbdefault\u00a0\u00bb animation_style=\u00a0\u00bbslide\u00a0\u00bb animation_direction=\u00a0\u00bbleft\u00a0\u00bb animation_intensity_slide=\u00a0\u00bb2%\u00a0\u00bb global_colors_info=\u00a0\u00bb{}\u00a0\u00bb][et_pb_column type=\u00a0\u00bb1_2&Prime; _builder_version=\u00a0\u00bb4.27.4&Prime; _module_preset=\u00a0\u00bbdefault\u00a0\u00bb global_colors_info=\u00a0\u00bb{}\u00a0\u00bb][et_pb_image src=\u00a0\u00bbhttps:\/\/flavi.fr\/wp-content\/uploads\/2025\/07\/cadres-site-web-3-1.png\u00a0\u00bb alt=\u00a0\u00bbUne aide \u00e0 domicile s&rsquo;inscrit sur la plateforme Flavi\u00a0\u00bb title_text=\u00a0\u00bbUne aide \u00e0 domicile s&rsquo;inscrit sur la plateforme Flavi\u00a0\u00bb align=\u00a0\u00bbcenter\u00a0\u00bb disabled_on=\u00a0\u00bboff|off|on\u00a0\u00bb _builder_version=\u00a0\u00bb4.27.4&Prime; _module_preset=\u00a0\u00bbdefault\u00a0\u00bb width=\u00a0\u00bb60%\u00a0\u00bb max_width=\u00a0\u00bb60%\u00a0\u00bb global_colors_info=\u00a0\u00bb{}\u00a0\u00bb][\/et_pb_image][et_pb_text _builder_version=\u00a0\u00bb4.27.4&Prime; _module_preset=\u00a0\u00bbdefault\u00a0\u00bb header_2_font=\u00a0\u00bbABeeZee|700|||||||\u00a0\u00bb header_2_font_size=\u00a0\u00bb40px\u00a0\u00bb header_3_font=\u00a0\u00bbABeeZee|700|||||||\u00a0\u00bb header_3_text_color=\u00a0\u00bb#9377F4&Prime; header_3_font_size=\u00a0\u00bb28px\u00a0\u00bb hover_enabled=\u00a0\u00bb0&Prime; header_2_font_size_tablet=\u00a0\u00bb40px\u00a0\u00bb header_2_font_size_phone=\u00a0\u00bb30px\u00a0\u00bb header_2_font_size_last_edited=\u00a0\u00bbon|phone\u00a0\u00bb header_3_font_size_tablet=\u00a0\u00bb28px\u00a0\u00bb header_3_font_size_phone=\u00a0\u00bb25px\u00a0\u00bb header_3_font_size_last_edited=\u00a0\u00bbon|phone\u00a0\u00bb global_colors_info=\u00a0\u00bb{}\u00a0\u00bb sticky_enabled=\u00a0\u00bb0&Prime;]<h3 style=\"text-align: justify;\"><strong>Pour les particuliers employeurs (familles) :<\/strong><\/h3>\n<p style=\"text-align: justify;\"><span style=\"color: #5800a6;\"><strong>1.<\/strong> <\/span><span class=\"OYPEnA font-feature-liga-off font-feature-clig-off font-feature-calt-off text-decoration-none text-strikethrough-none\">Cliquez sur \u00ab\u00a0<span style=\"color: #5800a6;\"><a href=\"https:\/\/app.flavi.fr\/login\" style=\"color: #5800a6;\"><strong>Je m\u2019inscris<\/strong><\/a><\/span>\u00a0\u00bb puis choisissez \u00ab\u00a0<strong>Je suis un particulier employeur<\/strong>\u00ab\u00a0.<\/span><\/p>\n<p style=\"text-align: justify;\"><span class=\"OYPEnA font-feature-liga-off font-feature-clig-off font-feature-calt-off text-decoration-none text-strikethrough-none\"><strong><span style=\"color: #5800a6;\">2.<\/span> Cr\u00e9ez votre profil !<\/strong> Vous pourrez ensuite <strong>consulter les diff\u00e9rents profils d\u2019aides \u00e0 domiciles et d\u2019auxiliaire de vie, publier une offre<\/strong> ou <strong>contacter directement une aide \u00e0 domicile.<\/strong><\/span><\/p>\n<p style=\"text-align: justify;\"><span class=\"OYPEnA font-feature-liga-off font-feature-clig-off font-feature-calt-off text-decoration-none text-strikethrough-none\"><span style=\"color: #5800a6;\"><strong>3. <\/strong><\/span>Vous pourrez retrouver <strong>les profils certifi\u00e9s (marqu\u00e9s d&rsquo;un \u2705)<\/strong> et\/ou <strong>recommand\u00e9s par leurs anciens employeurs (marqu\u00e9s d&rsquo;un cercle dor\u00e9).<\/strong><\/span><\/p>[\/et_pb_text][\/et_pb_column][et_pb_column type=\u00a0\u00bb1_2&Prime; _builder_version=\u00a0\u00bb4.27.4&Prime; _module_preset=\u00a0\u00bbdefault\u00a0\u00bb global_colors_info=\u00a0\u00bb{}\u00a0\u00bb][et_pb_image src=\u00a0\u00bbhttps:\/\/flavi.fr\/wp-content\/uploads\/2025\/07\/cadres-site-web-3-1.png\u00a0\u00bb alt=\u00a0\u00bbUne aide \u00e0 domicile s&rsquo;inscrit sur la plateforme Flavi\u00a0\u00bb title_text=\u00a0\u00bbUne aide \u00e0 domicile s&rsquo;inscrit sur la plateforme Flavi\u00a0\u00bb align=\u00a0\u00bbcenter\u00a0\u00bb disabled_on=\u00a0\u00bbon|on|off\u00a0\u00bb _builder_version=\u00a0\u00bb4.27.4&Prime; _module_preset=\u00a0\u00bbdefault\u00a0\u00bb width=\u00a0\u00bb60%\u00a0\u00bb global_colors_info=\u00a0\u00bb{}\u00a0\u00bb][\/et_pb_image][\/et_pb_column][\/et_pb_row][\/et_pb_section][et_pb_section fb_built=\u00a0\u00bb1&Prime; prev_background_color=\u00a0\u00bb#ffffff\u00a0\u00bb next_background_color=\u00a0\u00bb#ffffff\u00a0\u00bb _builder_version=\u00a0\u00bb4.27.4&Prime; _module_preset=\u00a0\u00bbdefault\u00a0\u00bb background_color=\u00a0\u00bb#E8E0FF\u00a0\u00bb top_divider_style=\u00a0\u00bbwave\u00a0\u00bb top_divider_height=\u00a0\u00bb75px\u00a0\u00bb top_divider_height_tablet=\u00a0\u00bb65px\u00a0\u00bb top_divider_height_phone=\u00a0\u00bb50px\u00a0\u00bb top_divider_height_last_edited=\u00a0\u00bbon|desktop\u00a0\u00bb bottom_divider_style=\u00a0\u00bbwave\u00a0\u00bb bottom_divider_height=\u00a0\u00bb75px\u00a0\u00bb bottom_divider_height_tablet=\u00a0\u00bb65px\u00a0\u00bb bottom_divider_height_phone=\u00a0\u00bb50px\u00a0\u00bb bottom_divider_height_last_edited=\u00a0\u00bbon|desktop\u00a0\u00bb global_colors_info=\u00a0\u00bb{}\u00a0\u00bb][et_pb_row column_structure=\u00a0\u00bb1_2,1_2&Prime; _builder_version=\u00a0\u00bb4.27.4&Prime; _module_preset=\u00a0\u00bbdefault\u00a0\u00bb animation_style=\u00a0\u00bbslide\u00a0\u00bb animation_direction=\u00a0\u00bbright\u00a0\u00bb animation_intensity_slide=\u00a0\u00bb2%\u00a0\u00bb global_colors_info=\u00a0\u00bb{}\u00a0\u00bb][et_pb_column type=\u00a0\u00bb1_2&Prime; _builder_version=\u00a0\u00bb4.27.4&Prime; _module_preset=\u00a0\u00bbdefault\u00a0\u00bb global_colors_info=\u00a0\u00bb{}\u00a0\u00bb][et_pb_image src=\u00a0\u00bbhttps:\/\/flavi.fr\/wp-content\/uploads\/2025\/07\/cadres-site-web-4.png\u00a0\u00bb alt=\u00a0\u00bbImage de pi\u00e8ces de monnaies qui repr\u00e9sentent comment Flavi se r\u00e9mun\u00e8re\u00a0\u00bb title_text=\u00a0\u00bbImage de pi\u00e8ces de monnaies qui repr\u00e9sentent comment Flavi se r\u00e9mun\u00e8re\u00a0\u00bb align=\u00a0\u00bbcenter\u00a0\u00bb _builder_version=\u00a0\u00bb4.27.4&Prime; _module_preset=\u00a0\u00bbdefault\u00a0\u00bb width=\u00a0\u00bb70%\u00a0\u00bb max_width_tablet=\u00a0\u00bb60%\u00a0\u00bb max_width_phone=\u00a0\u00bb60%\u00a0\u00bb max_width_last_edited=\u00a0\u00bbon|phone\u00a0\u00bb global_colors_info=\u00a0\u00bb{}\u00a0\u00bb][\/et_pb_image][\/et_pb_column][et_pb_column type=\u00a0\u00bb1_2&Prime; _builder_version=\u00a0\u00bb4.27.4&Prime; _module_preset=\u00a0\u00bbdefault\u00a0\u00bb global_colors_info=\u00a0\u00bb{}\u00a0\u00bb][et_pb_text _builder_version=\u00a0\u00bb4.27.4&Prime; _module_preset=\u00a0\u00bbdefault\u00a0\u00bb header_2_font=\u00a0\u00bbABeeZee|700|||||||\u00a0\u00bb header_2_text_color=\u00a0\u00bb#5800A6&Prime; header_2_font_size=\u00a0\u00bb40px\u00a0\u00bb header_2_font_size_tablet=\u00a0\u00bb40px\u00a0\u00bb header_2_font_size_phone=\u00a0\u00bb30px\u00a0\u00bb header_2_font_size_last_edited=\u00a0\u00bbon|phone\u00a0\u00bb global_colors_info=\u00a0\u00bb{}\u00a0\u00bb]<h2 style=\"text-align: justify;\"><strong>Mais comment Flavi se r\u00e9mun\u00e8re si tout est gratuit ?<\/strong><\/h2>\n<p style=\"text-align: justify;\"><span class=\"OYPEnA font-feature-liga-off font-feature-clig-off font-feature-calt-off text-decoration-none text-strikethrough-none\"><strong>Flavi est une plateforme 100 % gratuite, sans commission ni frais cach\u00e9s, que vous signiez un contrat ou non.<\/strong> Beaucoup nous ont demand\u00e9 comment c\u2019\u00e9tait possible, o\u00f9 \u00e9tait l\u2019arnaque ?<\/span><\/p>\n<p class=\"cvGsUA direction-ltr align-justify para-style-body\" style=\"text-align: justify;\"><strong><span class=\"OYPEnA font-feature-liga-off font-feature-clig-off font-feature-calt-off text-decoration-none text-strikethrough-none\">Chez Flavi, nous nous finan\u00e7ons uniquement gr\u00e2ce \u00e0 :<\/span><\/strong><\/p>\n<ul style=\"text-align: justify;\">\n<li><strong><span class=\"OYPEnA font-feature-liga-off font-feature-clig-off font-feature-calt-off text-decoration-none text-strikethrough-none\">La vente de formations<\/span><\/strong><\/li>\n<li><strong><span class=\"OYPEnA font-feature-liga-off font-feature-clig-off font-feature-calt-off text-decoration-none text-strikethrough-none\">Des partenariats avec des acteurs publics, priv\u00e9s ou associatifs<\/span><\/strong><\/li>\n<\/ul>\n<p style=\"text-align: justify;\"><span class=\"OYPEnA font-feature-liga-off font-feature-clig-off font-feature-calt-off text-decoration-none text-strikethrough-none\">Nous faisons le choix d\u2019un mod\u00e8le transparent et \u00e9thique, pour que le lien entre l\u2019aide \u00e0 domicile et l\u2019employeur reste direct, libre et \u00e9quitable.<\/span><\/p>[\/et_pb_text][\/et_pb_column][\/et_pb_row][\/et_pb_section][et_pb_section fb_built=\u00a0\u00bb1&Prime; _builder_version=\u00a0\u00bb4.27.4&Prime; _module_preset=\u00a0\u00bbdefault\u00a0\u00bb top_divider_height=\u00a0\u00bb75px\u00a0\u00bb top_divider_height_tablet=\u00a0\u00bb65px\u00a0\u00bb top_divider_height_phone=\u00a0\u00bb50px\u00a0\u00bb top_divider_height_last_edited=\u00a0\u00bbon|phone\u00a0\u00bb global_colors_info=\u00a0\u00bb{}\u00a0\u00bb][et_pb_row column_structure=\u00a0\u00bb1_2,1_2&Prime; _builder_version=\u00a0\u00bb4.27.4&Prime; _module_preset=\u00a0\u00bbdefault\u00a0\u00bb custom_padding=\u00a0\u00bb0px|||||\u00a0\u00bb animation_style=\u00a0\u00bbslide\u00a0\u00bb animation_direction=\u00a0\u00bbleft\u00a0\u00bb animation_intensity_slide=\u00a0\u00bb2%\u00a0\u00bb global_colors_info=\u00a0\u00bb{}\u00a0\u00bb][et_pb_column type=\u00a0\u00bb1_2&Prime; _builder_version=\u00a0\u00bb4.27.4&Prime; _module_preset=\u00a0\u00bbdefault\u00a0\u00bb global_colors_info=\u00a0\u00bb{}\u00a0\u00bb][et_pb_text _builder_version=\u00a0\u00bb4.27.4&Prime; _module_preset=\u00a0\u00bbdefault\u00a0\u00bb header_2_font=\u00a0\u00bbABeeZee|700|||||||\u00a0\u00bb header_2_text_color=\u00a0\u00bb#5800A6&Prime; header_2_font_size=\u00a0\u00bb40px\u00a0\u00bb header_2_font_size_tablet=\u00a0\u00bb40px\u00a0\u00bb header_2_font_size_phone=\u00a0\u00bb30px\u00a0\u00bb header_2_font_size_last_edited=\u00a0\u00bbon|phone\u00a0\u00bb global_colors_info=\u00a0\u00bb{}\u00a0\u00bb]<h2 style=\"text-align: justify;\"><strong>Et pour aller plus loin ?<\/strong><\/h2>\n<p class=\"cvGsUA direction-ltr align-justify para-style-body\" style=\"text-align: justify;\"><span class=\"OYPEnA font-feature-liga-off font-feature-clig-off font-feature-calt-off text-decoration-none text-strikethrough-none\">Pour soutenir les professionnels du secteur, Flavi propose \u00e9galement :<\/span><\/p>\n<ul>\n<li style=\"text-align: justify;\"><span class=\"OYPEnA font-feature-liga-off font-feature-clig-off font-feature-calt-off text-decoration-none text-strikethrough-none\"><a href=\"https:\/\/flavi.fr\/index.php\/formations-auxiliaires-de-vie\/\"><strong><span style=\"color: #5800a6;\">Des formations<\/span><\/strong><\/a><strong> 100 % en ligne,<\/strong> accessibles \u00e0 tout moment<\/span><\/li>\n<li style=\"text-align: justify;\"><span class=\"OYPEnA font-feature-liga-off font-feature-clig-off font-feature-calt-off text-decoration-none text-strikethrough-none\"><strong>Des contenus pratiques sur nos<\/strong> <span style=\"color: #5800a6;\"><strong><a href=\"https:\/\/www.facebook.com\/groups\/532516138546331\" style=\"color: #5800a6;\">r\u00e9seaux sociaux<\/a><\/strong><\/span> : conseils CESU, actualit\u00e9s l\u00e9gislatives, bonnes pratiques\u2026<\/span><\/li>\n<\/ul>[\/et_pb_text][\/et_pb_column][et_pb_column type=\u00a0\u00bb1_2&Prime; _builder_version=\u00a0\u00bb4.27.4&Prime; _module_preset=\u00a0\u00bbdefault\u00a0\u00bb global_colors_info=\u00a0\u00bb{}\u00a0\u00bb][et_pb_social_media_follow icon_color=\u00a0\u00bb#ffffff\u00a0\u00bb use_icon_font_size=\u00a0\u00bbon\u00a0\u00bb icon_font_size=\u00a0\u00bb30px\u00a0\u00bb _builder_version=\u00a0\u00bb4.27.4&Prime; _module_preset=\u00a0\u00bbdefault\u00a0\u00bb background_color=\u00a0\u00bbRGBA(255,255,255,0)\u00a0\u00bb text_orientation=\u00a0\u00bbcenter\u00a0\u00bb custom_margin=\u00a0\u00bb40px||||false|false\u00a0\u00bb global_colors_info=\u00a0\u00bb{}\u00a0\u00bb][et_pb_social_media_follow_network social_network=\u00a0\u00bbfacebook\u00a0\u00bb url=\u00a0\u00bbhttps:\/\/www.facebook.com\/flavi.avsadv\u00a0\u00bb _builder_version=\u00a0\u00bb4.27.4&Prime; _module_preset=\u00a0\u00bbdefault\u00a0\u00bb background_color=\u00a0\u00bb#5800A6&Prime; background_enable_color=\u00a0\u00bbon\u00a0\u00bb global_colors_info=\u00a0\u00bb{}\u00a0\u00bb follow_button=\u00a0\u00bboff\u00a0\u00bb url_new_window=\u00a0\u00bbon\u00a0\u00bb]facebook[\/et_pb_social_media_follow_network][et_pb_social_media_follow_network social_network=\u00a0\u00bbtiktok\u00a0\u00bb url=\u00a0\u00bbhttps:\/\/www.tiktok.com\/@flavi_cesu?_t=ZN-8y6S2vAjXra&#038;_r=1&Prime; _builder_version=\u00a0\u00bb4.27.4&Prime; _module_preset=\u00a0\u00bbdefault\u00a0\u00bb background_color=\u00a0\u00bb#5800A6&Prime; background_enable_color=\u00a0\u00bbon\u00a0\u00bb global_colors_info=\u00a0\u00bb{}\u00a0\u00bb follow_button=\u00a0\u00bboff\u00a0\u00bb url_new_window=\u00a0\u00bbon\u00a0\u00bb]tiktok[\/et_pb_social_media_follow_network][et_pb_social_media_follow_network social_network=\u00a0\u00bbinstagram\u00a0\u00bb url=\u00a0\u00bbhttps:\/\/www.instagram.com\/flavi_cesu\/\u00a0\u00bb _builder_version=\u00a0\u00bb4.27.4&Prime; _module_preset=\u00a0\u00bbdefault\u00a0\u00bb background_color=\u00a0\u00bb#5800A6&Prime; background_enable_color=\u00a0\u00bbon\u00a0\u00bb global_colors_info=\u00a0\u00bb{}\u00a0\u00bb follow_button=\u00a0\u00bboff\u00a0\u00bb url_new_window=\u00a0\u00bbon\u00a0\u00bb]instagram[\/et_pb_social_media_follow_network][\/et_pb_social_media_follow][\/et_pb_column][\/et_pb_row][\/et_pb_section]\n","protected":false},"excerpt":{"rendered":"<p>Le fonctionnement de FlaviLa mission de Flavi Chez Flavi, nous avons un objectif simple : revaloriser les professionnels du domicile et faciliter la mise en relation avec les familles, sans frais ni interm\u00e9diaire. Notre plateforme gratuite permet aux aides \u00e0 domicile et aux particuliers employeurs de se rencontrer, d\u2019\u00e9changer, de s\u2019organiser\u2026 en toute autonomie, notamment [&hellip;]<\/p>\n","protected":false},"author":1,"featured_media":0,"parent":0,"menu_order":0,"comment_status":"closed","ping_status":"closed","template":"","meta":{"_et_pb_use_builder":"on","_et_pb_old_content":"","_et_gb_content_width":"","_lmt_disableupdate":"","_lmt_disable":"","_monsterinsights_skip_tracking":false,"_monsterinsights_sitenote_active":false,"_monsterinsights_sitenote_note":"","_monsterinsights_sitenote_category":0,"footnotes":""},"class_list":["post-9508","page","type-page","status-publish","hentry"],"yoast_head":"<!-- This site is optimized with the Yoast SEO plugin v27.5 - https:\/\/yoast.com\/product\/yoast-seo-wordpress\/ -->\n<title>Le fonctionnement de Flavi - Flavi<\/title>\n<meta name=\"robots\" content=\"index, follow, max-snippet:-1, max-image-preview:large, max-video-preview:-1\" \/>\n<link rel=\"canonical\" href=\"https:\/\/flavi.fr\/index.php\/le-fonctionnement-de-flavi\/\" \/>\n<meta property=\"og:locale\" content=\"fr_FR\" \/>\n<meta property=\"og:type\" content=\"article\" \/>\n<meta property=\"og:title\" content=\"Le fonctionnement de Flavi - Flavi\" \/>\n<meta property=\"og:description\" content=\"Le fonctionnement de FlaviLa mission de Flavi Chez Flavi, nous avons un objectif simple : revaloriser les professionnels du domicile et faciliter la mise en relation avec les familles, sans frais ni interm\u00e9diaire. Notre plateforme gratuite permet aux aides \u00e0 domicile et aux particuliers employeurs de se rencontrer, d\u2019\u00e9changer, de s\u2019organiser\u2026 en toute autonomie, notamment [&hellip;]\" \/>\n<meta property=\"og:url\" content=\"https:\/\/flavi.fr\/index.php\/le-fonctionnement-de-flavi\/\" \/>\n<meta property=\"og:site_name\" content=\"Flavi\" \/>\n<meta property=\"article:modified_time\" content=\"2025-07-24T09:27:09+00:00\" \/>\n<meta name=\"twitter:card\" content=\"summary_large_image\" \/>\n<meta name=\"twitter:label1\" content=\"Dur\u00e9e de lecture estim\u00e9e\" \/>\n\t<meta name=\"twitter:data1\" content=\"4 minutes\" \/>\n<script type=\"application\/ld+json\" class=\"yoast-schema-graph\">{\"@context\":\"https:\\\/\\\/schema.org\",\"@graph\":[{\"@type\":\"WebPage\",\"@id\":\"https:\\\/\\\/flavi.fr\\\/index.php\\\/le-fonctionnement-de-flavi\\\/\",\"url\":\"https:\\\/\\\/flavi.fr\\\/index.php\\\/le-fonctionnement-de-flavi\\\/\",\"name\":\"Le fonctionnement de Flavi - Flavi\",\"isPartOf\":{\"@id\":\"https:\\\/\\\/flavi.fr\\\/#website\"},\"datePublished\":\"2025-07-18T12:34:13+00:00\",\"dateModified\":\"2025-07-24T09:27:09+00:00\",\"breadcrumb\":{\"@id\":\"https:\\\/\\\/flavi.fr\\\/index.php\\\/le-fonctionnement-de-flavi\\\/#breadcrumb\"},\"inLanguage\":\"fr-FR\",\"potentialAction\":[{\"@type\":\"ReadAction\",\"target\":[\"https:\\\/\\\/flavi.fr\\\/index.php\\\/le-fonctionnement-de-flavi\\\/\"]}]},{\"@type\":\"BreadcrumbList\",\"@id\":\"https:\\\/\\\/flavi.fr\\\/index.php\\\/le-fonctionnement-de-flavi\\\/#breadcrumb\",\"itemListElement\":[{\"@type\":\"ListItem\",\"position\":1,\"name\":\"Accueil\",\"item\":\"https:\\\/\\\/flavi.fr\\\/\"},{\"@type\":\"ListItem\",\"position\":2,\"name\":\"Le fonctionnement de Flavi\"}]},{\"@type\":\"WebSite\",\"@id\":\"https:\\\/\\\/flavi.fr\\\/#website\",\"url\":\"https:\\\/\\\/flavi.fr\\\/\",\"name\":\"Flavi\",\"description\":\"auxiliaires de vie ind\u00e9pendantes\",\"potentialAction\":[{\"@type\":\"SearchAction\",\"target\":{\"@type\":\"EntryPoint\",\"urlTemplate\":\"https:\\\/\\\/flavi.fr\\\/?s={search_term_string}\"},\"query-input\":{\"@type\":\"PropertyValueSpecification\",\"valueRequired\":true,\"valueName\":\"search_term_string\"}}],\"inLanguage\":\"fr-FR\"}]}<\/script>\n<!-- \/ Yoast SEO plugin. -->","yoast_head_json":{"title":"Le fonctionnement de Flavi - Flavi","robots":{"index":"index","follow":"follow","max-snippet":"max-snippet:-1","max-image-preview":"max-image-preview:large","max-video-preview":"max-video-preview:-1"},"canonical":"https:\/\/flavi.fr\/index.php\/le-fonctionnement-de-flavi\/","og_locale":"fr_FR","og_type":"article","og_title":"Le fonctionnement de Flavi - Flavi","og_description":"Le fonctionnement de FlaviLa mission de Flavi Chez Flavi, nous avons un objectif simple : revaloriser les professionnels du domicile et faciliter la mise en relation avec les familles, sans frais ni interm\u00e9diaire. Notre plateforme gratuite permet aux aides \u00e0 domicile et aux particuliers employeurs de se rencontrer, d\u2019\u00e9changer, de s\u2019organiser\u2026 en toute autonomie, notamment [&hellip;]","og_url":"https:\/\/flavi.fr\/index.php\/le-fonctionnement-de-flavi\/","og_site_name":"Flavi","article_modified_time":"2025-07-24T09:27:09+00:00","twitter_card":"summary_large_image","twitter_misc":{"Dur\u00e9e de lecture estim\u00e9e":"4 minutes"},"schema":{"@context":"https:\/\/schema.org","@graph":[{"@type":"WebPage","@id":"https:\/\/flavi.fr\/index.php\/le-fonctionnement-de-flavi\/","url":"https:\/\/flavi.fr\/index.php\/le-fonctionnement-de-flavi\/","name":"Le fonctionnement de Flavi - Flavi","isPartOf":{"@id":"https:\/\/flavi.fr\/#website"},"datePublished":"2025-07-18T12:34:13+00:00","dateModified":"2025-07-24T09:27:09+00:00","breadcrumb":{"@id":"https:\/\/flavi.fr\/index.php\/le-fonctionnement-de-flavi\/#breadcrumb"},"inLanguage":"fr-FR","potentialAction":[{"@type":"ReadAction","target":["https:\/\/flavi.fr\/index.php\/le-fonctionnement-de-flavi\/"]}]},{"@type":"BreadcrumbList","@id":"https:\/\/flavi.fr\/index.php\/le-fonctionnement-de-flavi\/#breadcrumb","itemListElement":[{"@type":"ListItem","position":1,"name":"Accueil","item":"https:\/\/flavi.fr\/"},{"@type":"ListItem","position":2,"name":"Le fonctionnement de Flavi"}]},{"@type":"WebSite","@id":"https:\/\/flavi.fr\/#website","url":"https:\/\/flavi.fr\/","name":"Flavi","description":"auxiliaires de vie ind\u00e9pendantes","potentialAction":[{"@type":"SearchAction","target":{"@type":"EntryPoint","urlTemplate":"https:\/\/flavi.fr\/?s={search_term_string}"},"query-input":{"@type":"PropertyValueSpecification","valueRequired":true,"valueName":"search_term_string"}}],"inLanguage":"fr-FR"}]}},"_links":{"self":[{"href":"https:\/\/flavi.fr\/index.php\/wp-json\/wp\/v2\/pages\/9508","targetHints":{"allow":["GET"]}}],"collection":[{"href":"https:\/\/flavi.fr\/index.php\/wp-json\/wp\/v2\/pages"}],"about":[{"href":"https:\/\/flavi.fr\/index.php\/wp-json\/wp\/v2\/types\/page"}],"author":[{"embeddable":true,"href":"https:\/\/flavi.fr\/index.php\/wp-json\/wp\/v2\/users\/1"}],"replies":[{"embeddable":true,"href":"https:\/\/flavi.fr\/index.php\/wp-json\/wp\/v2\/comments?post=9508"}],"version-history":[{"count":0,"href":"https:\/\/flavi.fr\/index.php\/wp-json\/wp\/v2\/pages\/9508\/revisions"}],"wp:attachment":[{"href":"https:\/\/flavi.fr\/index.php\/wp-json\/wp\/v2\/media?parent=9508"}],"curies":[{"name":"wp","href":"https:\/\/api.w.org\/{rel}","templated":true}]}}