{"id":8157,"date":"2024-11-20T15:17:09","date_gmt":"2024-11-20T14:17:09","guid":{"rendered":"https:\/\/flavi.fr\/?page_id=8157"},"modified":"2025-03-19T08:06:45","modified_gmt":"2025-03-19T07:06:45","slug":"laurence-auxiliaire-de-vie-cesu","status":"publish","type":"page","link":"https:\/\/flavi.fr\/index.php\/laurence-auxiliaire-de-vie-cesu\/","title":{"rendered":"Laurence &#8211; Auxiliaire de vie CESU Prades Le lez"},"content":{"rendered":"<p>[et_pb_section fb_built=\u00a0\u00bb1&Prime; _builder_version=\u00a0\u00bb4.24.2&Prime; _module_preset=\u00a0\u00bbdefault\u00a0\u00bb background_color=\u00a0\u00bb#ffce89&Prime; global_colors_info=\u00a0\u00bb{}\u00a0\u00bb][et_pb_row column_structure=\u00a0\u00bb3_5,2_5&Prime; _builder_version=\u00a0\u00bb4.24.2&Prime; _module_preset=\u00a0\u00bbdefault\u00a0\u00bb global_colors_info=\u00a0\u00bb{}\u00a0\u00bb][et_pb_column type=\u00a0\u00bb3_5&Prime; _builder_version=\u00a0\u00bb4.24.2&Prime; _module_preset=\u00a0\u00bbdefault\u00a0\u00bb global_colors_info=\u00a0\u00bb{}\u00a0\u00bb][et_pb_text _builder_version=\u00a0\u00bb4.24.2&Prime; _module_preset=\u00a0\u00bbdefault\u00a0\u00bb text_font_size=\u00a0\u00bb20px\u00a0\u00bb header_font=\u00a0\u00bbABeeZee|700|||||||\u00a0\u00bb header_font_size=\u00a0\u00bb45px\u00a0\u00bb animation_style=\u00a0\u00bbslide\u00a0\u00bb animation_direction=\u00a0\u00bbleft\u00a0\u00bb animation_intensity_slide=\u00a0\u00bb3%\u00a0\u00bb text_font_size_tablet=\u00a0\u00bb20px\u00a0\u00bb text_font_size_phone=\u00a0\u00bb20px\u00a0\u00bb text_font_size_last_edited=\u00a0\u00bbon|phone\u00a0\u00bb header_font_size_tablet=\u00a0\u00bb45px\u00a0\u00bb header_font_size_phone=\u00a0\u00bb30px\u00a0\u00bb header_font_size_last_edited=\u00a0\u00bbon|phone\u00a0\u00bb text_orientation_tablet=\u00a0\u00bb\u00a0\u00bb text_orientation_phone=\u00a0\u00bbcenter\u00a0\u00bb text_orientation_last_edited=\u00a0\u00bbon|phone\u00a0\u00bb global_colors_info=\u00a0\u00bb{}\u00a0\u00bb]<\/p>\n<h1>Laurence,<\/h1>\n<h1>auxiliaire de vie en CESU<\/h1>\n<p class=\"cvGsUA direction-ltr align-start para-style-body\"><span>Je me pr\u00e9nomme Laurence et je suis auxiliaire de vie depuis 3 ans. Infirmi\u00e8re lib\u00e9rale aupr\u00e8s de personnes \u00e2g\u00e9es puis t\u00e9trapl\u00e9giques, je me suis reconvertie \u00e0 l&rsquo;accompagnement de nos a\u00een\u00e9s(\u00e9es) .<\/span><\/p>\n<p class=\"cvGsUA direction-ltr align-start para-style-body\"><span class=\"OYPEnA font-feature-liga-off font-feature-clig-off font-feature-calt-off text-decoration-none text-strikethrough-none\"><strong>\ud83d\udccd J\u2019interviens sur les communes de <span>Prades Le lez, Saint Gely du Fesc, Saint Cl\u00e9ment de Rivi\u00e8re, Saint Vincent de barbeyrargues, Les Matelles, Puechabon, Aniane, Argelliers, Viols en Laval <\/span><\/strong><span>.<\/span><\/span><\/p>\n<p>[\/et_pb_text][et_pb_button button_url=\u00a0\u00bb#et_pb_contact_form_0&Prime; button_text=\u00a0\u00bbMe contacter\u00a0\u00bb button_alignment=\u00a0\u00bbleft\u00a0\u00bb button_alignment_tablet=\u00a0\u00bbcenter\u00a0\u00bb button_alignment_phone=\u00a0\u00bbcenter\u00a0\u00bb button_alignment_last_edited=\u00a0\u00bbon|desktop\u00a0\u00bb disabled_on=\u00a0\u00bbon|on|off\u00a0\u00bb _builder_version=\u00a0\u00bb4.24.2&Prime; _module_preset=\u00a0\u00bbdefault\u00a0\u00bb custom_button=\u00a0\u00bbon\u00a0\u00bb button_bg_color=\u00a0\u00bb#ffffff\u00a0\u00bb button_border_color=\u00a0\u00bbRGBA(255,255,255,0)\u00a0\u00bb button_border_radius=\u00a0\u00bb100px\u00a0\u00bb button_font=\u00a0\u00bbABeeZee|700|||||||\u00a0\u00bb button_icon=\u00a0\u00bb&#x35;||divi||400&Prime; button_on_hover=\u00a0\u00bboff\u00a0\u00bb animation_style=\u00a0\u00bbslide\u00a0\u00bb animation_direction=\u00a0\u00bbleft\u00a0\u00bb animation_intensity_slide=\u00a0\u00bb3%\u00a0\u00bb box_shadow_style=\u00a0\u00bbpreset3&Prime; global_colors_info=\u00a0\u00bb{}\u00a0\u00bb][\/et_pb_button][\/et_pb_column][et_pb_column type=\u00a0\u00bb2_5&Prime; _builder_version=\u00a0\u00bb4.24.2&Prime; _module_preset=\u00a0\u00bbdefault\u00a0\u00bb global_colors_info=\u00a0\u00bb{}\u00a0\u00bb][et_pb_image src=\u00a0\u00bbhttps:\/\/flavi.fr\/wp-content\/uploads\/2024\/12\/Laurence-auxiliaire-de-vie-en-CESU.jpg\u00a0\u00bb alt=\u00a0\u00bbLaurence auxiliaire de vie en CESU\u00a0\u00bb title_text=\u00a0\u00bbLaurence auxiliaire de vie en CESU\u00a0\u00bb _builder_version=\u00a0\u00bb4.24.2&Prime; _module_preset=\u00a0\u00bbdefault\u00a0\u00bb animation_style=\u00a0\u00bbslide\u00a0\u00bb animation_direction=\u00a0\u00bbright\u00a0\u00bb animation_intensity_slide=\u00a0\u00bb3%\u00a0\u00bb border_radii=\u00a0\u00bbon|50px|50px|50px|50px\u00a0\u00bb global_colors_info=\u00a0\u00bb{}\u00a0\u00bb][\/et_pb_image][et_pb_button button_url=\u00a0\u00bb#et_pb_contact_form_0&Prime; button_text=\u00a0\u00bbMe contacter\u00a0\u00bb button_alignment=\u00a0\u00bbleft\u00a0\u00bb button_alignment_tablet=\u00a0\u00bbcenter\u00a0\u00bb button_alignment_phone=\u00a0\u00bbcenter\u00a0\u00bb button_alignment_last_edited=\u00a0\u00bbon|desktop\u00a0\u00bb disabled_on=\u00a0\u00bboff|off|on\u00a0\u00bb _builder_version=\u00a0\u00bb4.24.2&Prime; _module_preset=\u00a0\u00bbdefault\u00a0\u00bb custom_button=\u00a0\u00bbon\u00a0\u00bb button_bg_color=\u00a0\u00bb#ffffff\u00a0\u00bb button_border_color=\u00a0\u00bbRGBA(255,255,255,0)\u00a0\u00bb button_border_radius=\u00a0\u00bb100px\u00a0\u00bb button_font=\u00a0\u00bbABeeZee|700|||||||\u00a0\u00bb button_icon=\u00a0\u00bb&#x35;||divi||400&Prime; button_on_hover=\u00a0\u00bboff\u00a0\u00bb animation_style=\u00a0\u00bbslide\u00a0\u00bb animation_direction=\u00a0\u00bbleft\u00a0\u00bb animation_intensity_slide=\u00a0\u00bb3%\u00a0\u00bb box_shadow_style=\u00a0\u00bbpreset3&Prime; global_colors_info=\u00a0\u00bb{}\u00a0\u00bb][\/et_pb_button][\/et_pb_column][\/et_pb_row][\/et_pb_section][et_pb_section fb_built=\u00a0\u00bb1&Prime; prev_background_color=\u00a0\u00bb#ffce89&Prime; next_background_color=\u00a0\u00bb#ffce89&Prime; _builder_version=\u00a0\u00bb4.24.2&Prime; _module_preset=\u00a0\u00bbdefault\u00a0\u00bb top_divider_style=\u00a0\u00bbcurve2&Prime; top_divider_height=\u00a0\u00bb50px\u00a0\u00bb top_divider_height_tablet=\u00a0\u00bb50px\u00a0\u00bb top_divider_height_phone=\u00a0\u00bb30px\u00a0\u00bb top_divider_height_last_edited=\u00a0\u00bbon|phone\u00a0\u00bb bottom_divider_style=\u00a0\u00bbwave\u00a0\u00bb bottom_divider_height=\u00a0\u00bb50px\u00a0\u00bb bottom_divider_height_tablet=\u00a0\u00bb50px\u00a0\u00bb bottom_divider_height_phone=\u00a0\u00bb30px\u00a0\u00bb bottom_divider_height_last_edited=\u00a0\u00bbon|phone\u00a0\u00bb global_colors_info=\u00a0\u00bb{}\u00a0\u00bb][et_pb_row _builder_version=\u00a0\u00bb4.24.2&Prime; _module_preset=\u00a0\u00bbdefault\u00a0\u00bb global_colors_info=\u00a0\u00bb{}\u00a0\u00bb][et_pb_column type=\u00a0\u00bb4_4&Prime; _builder_version=\u00a0\u00bb4.24.2&Prime; _module_preset=\u00a0\u00bbdefault\u00a0\u00bb global_colors_info=\u00a0\u00bb{}\u00a0\u00bb][et_pb_text _builder_version=\u00a0\u00bb4.24.2&Prime; _module_preset=\u00a0\u00bbdefault\u00a0\u00bb text_font_size=\u00a0\u00bb20px\u00a0\u00bb header_2_font=\u00a0\u00bbABeeZee|700|||||||\u00a0\u00bb header_2_font_size=\u00a0\u00bb40px\u00a0\u00bb header_3_font=\u00a0\u00bbABeeZee|700|||||||\u00a0\u00bb header_3_font_size=\u00a0\u00bb28px\u00a0\u00bb animation_style=\u00a0\u00bbslide\u00a0\u00bb animation_direction=\u00a0\u00bbleft\u00a0\u00bb animation_intensity_slide=\u00a0\u00bb3%\u00a0\u00bb header_2_font_size_tablet=\u00a0\u00bb40px\u00a0\u00bb header_2_font_size_phone=\u00a0\u00bb30px\u00a0\u00bb header_2_font_size_last_edited=\u00a0\u00bbon|phone\u00a0\u00bb header_3_font_size_tablet=\u00a0\u00bb28px\u00a0\u00bb header_3_font_size_phone=\u00a0\u00bb25px\u00a0\u00bb header_3_font_size_last_edited=\u00a0\u00bbon|phone\u00a0\u00bb global_colors_info=\u00a0\u00bb{}\u00a0\u00bb]<\/p>\n<h2 style=\"text-align: center;\">Qui suis-je ?<\/h2>\n<p style=\"text-align: left;\"><span class=\"OYPEnA font-feature-liga-off font-feature-clig-off font-feature-calt-off text-decoration-none text-strikethrough-none\"><\/span><\/p>\n<p style=\"text-align: left;\"><span class=\"OYPEnA font-feature-liga-off font-feature-clig-off font-feature-calt-off text-decoration-none text-strikethrough-none\"><\/span><\/p>\n<p style=\"text-align: left;\"><strong><span class=\"OYPEnA font-feature-liga-off font-feature-clig-off font-feature-calt-off text-decoration-none text-strikethrough-none\">\ud83c\udf93 <span>DE Infirmier<\/span>.<\/span><\/strong><\/p>\n<p style=\"text-align: left;\"><span class=\"OYPEnA font-feature-liga-off font-feature-clig-off font-feature-calt-off text-decoration-none text-strikethrough-none\">\ud83d\udc99 Passionn\u00e9e par l&rsquo;accompagnement, je d\u00e9die mon temps \u00e0 soutenir les particuliers aupr\u00e8s de qui je travaille.<\/span><\/p>\n<p style=\"text-align: left;\"><span class=\"OYPEnA font-feature-liga-off font-feature-clig-off font-feature-calt-off text-decoration-none text-strikethrough-none\"><\/span><\/p>\n<h3 class=\"cvGsUA direction-ltr align-start para-style-body\"><strong><span class=\"OYPEnA font-feature-liga-off font-feature-clig-off font-feature-calt-off text-decoration-none text-strikethrough-none\">Exp\u00e9riment\u00e9e, je suis qualifi\u00e9e pour travailler aupr\u00e8s de diff\u00e9rents profils :<\/span><\/strong><span class=\"OYPEnA font-feature-liga-off font-feature-clig-off font-feature-calt-off text-decoration-none text-strikethrough-none white-space-prewrap\"> <\/span><\/h3>\n<p class=\"cvGsUA direction-ltr align-start para-style-body\"><span class=\"OYPEnA font-feature-liga-off font-feature-clig-off font-feature-calt-off text-decoration-none text-strikethrough-none\">&#8211; personnes \u00e2g\u00e9es autonomes<\/span><span class=\"OYPEnA font-feature-liga-off font-feature-clig-off font-feature-calt-off text-decoration-none text-strikethrough-none\"><\/span><span class=\"OYPEnA font-feature-liga-off font-feature-clig-off font-feature-calt-off text-decoration-none text-strikethrough-none white-space-prewrap\"> <\/span><\/p>\n<p class=\"cvGsUA direction-ltr align-start para-style-body\"><span class=\"OYPEnA font-feature-liga-off font-feature-clig-off font-feature-calt-off text-decoration-none text-strikethrough-none\">&#8211; <span>actifs qui ont besoin de soutien dans leur logistique quotidienne ou de compagnie<\/span><\/span><\/p>\n<p class=\"cvGsUA direction-ltr align-start para-style-body\"><span class=\"OYPEnA font-feature-liga-off font-feature-clig-off font-feature-calt-off text-decoration-none text-strikethrough-none\">&#8211; personnes en fin de vie<\/span><\/p>\n<p class=\"cvGsUA direction-ltr align-start para-style-body\"><span class=\"OYPEnA font-feature-liga-off font-feature-clig-off font-feature-calt-off text-decoration-none text-strikethrough-none\"><\/span><\/p>\n<p class=\"cvGsUA direction-ltr align-start para-style-body\"><em><strong><span class=\"OYPEnA font-feature-liga-off font-feature-clig-off font-feature-calt-off text-decoration-underline text-strikethrough-none\">Mes employeurs me recommandent <a href=\"#recommandationslaurence\">ici<\/a><\/span><span class=\"OYPEnA font-feature-liga-off font-feature-clig-off font-feature-calt-off text-strikethrough-none text-decoration-none\">.<\/span><\/strong><\/em><\/p>\n<p>[\/et_pb_text][et_pb_button button_url=\u00a0\u00bb#prestationslaurence\u00a0\u00bb button_text=\u00a0\u00bbMes prestations\u00a0\u00bb button_alignment=\u00a0\u00bbright\u00a0\u00bb button_alignment_tablet=\u00a0\u00bbright\u00a0\u00bb button_alignment_phone=\u00a0\u00bbcenter\u00a0\u00bb button_alignment_last_edited=\u00a0\u00bbon|desktop\u00a0\u00bb _builder_version=\u00a0\u00bb4.24.2&Prime; _module_preset=\u00a0\u00bbdefault\u00a0\u00bb custom_button=\u00a0\u00bbon\u00a0\u00bb button_bg_color=\u00a0\u00bb#ffce89&Prime; button_border_color=\u00a0\u00bbRGBA(255,255,255,0)\u00a0\u00bb button_border_radius=\u00a0\u00bb100px\u00a0\u00bb button_font=\u00a0\u00bbABeeZee|700|||||||\u00a0\u00bb button_icon=\u00a0\u00bb&#x35;||divi||400&Prime; button_on_hover=\u00a0\u00bboff\u00a0\u00bb animation_style=\u00a0\u00bbslide\u00a0\u00bb animation_direction=\u00a0\u00bbleft\u00a0\u00bb animation_intensity_slide=\u00a0\u00bb3%\u00a0\u00bb box_shadow_style=\u00a0\u00bbpreset3&Prime; global_colors_info=\u00a0\u00bb{}\u00a0\u00bb][\/et_pb_button][\/et_pb_column][\/et_pb_row][\/et_pb_section][et_pb_section fb_built=\u00a0\u00bb1&Prime; _builder_version=\u00a0\u00bb4.24.2&Prime; _module_preset=\u00a0\u00bbdefault\u00a0\u00bb background_color=\u00a0\u00bb#ffce89&Prime; global_colors_info=\u00a0\u00bb{}\u00a0\u00bb][et_pb_row _builder_version=\u00a0\u00bb4.24.2&Prime; _module_preset=\u00a0\u00bbdefault\u00a0\u00bb global_colors_info=\u00a0\u00bb{}\u00a0\u00bb][et_pb_column type=\u00a0\u00bb4_4&Prime; _builder_version=\u00a0\u00bb4.24.2&Prime; _module_preset=\u00a0\u00bbdefault\u00a0\u00bb global_colors_info=\u00a0\u00bb{}\u00a0\u00bb][et_pb_text _builder_version=\u00a0\u00bb4.24.2&Prime; _module_preset=\u00a0\u00bbdefault\u00a0\u00bb text_font_size=\u00a0\u00bb20px\u00a0\u00bb header_font=\u00a0\u00bbABeeZee|700|||||||\u00a0\u00bb header_font_size=\u00a0\u00bb45px\u00a0\u00bb header_2_font=\u00a0\u00bbABeeZee|700|||||||\u00a0\u00bb header_2_font_size=\u00a0\u00bb40px\u00a0\u00bb animation_style=\u00a0\u00bbslide\u00a0\u00bb animation_direction=\u00a0\u00bbleft\u00a0\u00bb animation_intensity_slide=\u00a0\u00bb3%\u00a0\u00bb text_font_size_tablet=\u00a0\u00bb20px\u00a0\u00bb text_font_size_phone=\u00a0\u00bb20px\u00a0\u00bb text_font_size_last_edited=\u00a0\u00bbon|phone\u00a0\u00bb header_font_size_tablet=\u00a0\u00bb45px\u00a0\u00bb header_font_size_phone=\u00a0\u00bb30px\u00a0\u00bb header_font_size_last_edited=\u00a0\u00bbon|phone\u00a0\u00bb header_2_font_size_tablet=\u00a0\u00bb40px\u00a0\u00bb header_2_font_size_phone=\u00a0\u00bb30px\u00a0\u00bb header_2_font_size_last_edited=\u00a0\u00bbon|desktop\u00a0\u00bb global_colors_info=\u00a0\u00bb{}\u00a0\u00bb]<\/p>\n<h2 style=\"text-align: center;\">Ce que j&rsquo;aime dans mon m\u00e9tier \ud83e\udd70<\/h2>\n<p>[\/et_pb_text][et_pb_text _builder_version=\u00a0\u00bb4.24.2&Prime; _module_preset=\u00a0\u00bbdefault\u00a0\u00bb text_font=\u00a0\u00bb|600|||||||\u00a0\u00bb text_font_size=\u00a0\u00bb20px\u00a0\u00bb text_orientation=\u00a0\u00bbcenter\u00a0\u00bb animation_style=\u00a0\u00bbslide\u00a0\u00bb animation_intensity_slide=\u00a0\u00bb3%\u00a0\u00bb global_colors_info=\u00a0\u00bb{}\u00a0\u00bb]<\/p>\n<p><em>\ud83c\udf38 J&rsquo;aime la relation humaine. \ud83c\udf38<\/em><\/p>\n<p>[\/et_pb_text][\/et_pb_column][\/et_pb_row][\/et_pb_section][et_pb_section fb_built=\u00a0\u00bb1&Prime; prev_background_color=\u00a0\u00bb#ffce89&Prime; _builder_version=\u00a0\u00bb4.24.2&Prime; _module_preset=\u00a0\u00bbdefault\u00a0\u00bb top_divider_style=\u00a0\u00bbwave\u00a0\u00bb top_divider_height=\u00a0\u00bb50px\u00a0\u00bb top_divider_height_tablet=\u00a0\u00bb50px\u00a0\u00bb top_divider_height_phone=\u00a0\u00bb30px\u00a0\u00bb top_divider_height_last_edited=\u00a0\u00bbon|phone\u00a0\u00bb global_colors_info=\u00a0\u00bb{}\u00a0\u00bb][et_pb_row _builder_version=\u00a0\u00bb4.24.2&Prime; _module_preset=\u00a0\u00bbdefault\u00a0\u00bb global_colors_info=\u00a0\u00bb{}\u00a0\u00bb][et_pb_column type=\u00a0\u00bb4_4&Prime; _builder_version=\u00a0\u00bb4.24.2&Prime; _module_preset=\u00a0\u00bbdefault\u00a0\u00bb global_colors_info=\u00a0\u00bb{}\u00a0\u00bb][et_pb_text _builder_version=\u00a0\u00bb4.24.2&Prime; _module_preset=\u00a0\u00bbdefault\u00a0\u00bb text_font_size=\u00a0\u00bb20px\u00a0\u00bb header_font=\u00a0\u00bbABeeZee|700|||||||\u00a0\u00bb header_font_size=\u00a0\u00bb45px\u00a0\u00bb header_2_font=\u00a0\u00bbABeeZee|700|||||||\u00a0\u00bb header_2_font_size=\u00a0\u00bb40px\u00a0\u00bb animation_style=\u00a0\u00bbslide\u00a0\u00bb animation_direction=\u00a0\u00bbleft\u00a0\u00bb animation_intensity_slide=\u00a0\u00bb3%\u00a0\u00bb text_font_size_tablet=\u00a0\u00bb20px\u00a0\u00bb text_font_size_phone=\u00a0\u00bb20px\u00a0\u00bb text_font_size_last_edited=\u00a0\u00bbon|phone\u00a0\u00bb header_font_size_tablet=\u00a0\u00bb45px\u00a0\u00bb header_font_size_phone=\u00a0\u00bb30px\u00a0\u00bb header_font_size_last_edited=\u00a0\u00bbon|phone\u00a0\u00bb header_2_font_size_tablet=\u00a0\u00bb40px\u00a0\u00bb header_2_font_size_phone=\u00a0\u00bb30px\u00a0\u00bb header_2_font_size_last_edited=\u00a0\u00bbon|desktop\u00a0\u00bb global_colors_info=\u00a0\u00bb{}\u00a0\u00bb]<\/p>\n<h2 style=\"text-align: center;\">Mes formations<\/h2>\n<p>[\/et_pb_text][\/et_pb_column][\/et_pb_row][et_pb_row column_structure=\u00a0\u00bb1_4,1_4,1_4,1_4&Prime; _builder_version=\u00a0\u00bb4.24.2&Prime; _module_preset=\u00a0\u00bbdefault\u00a0\u00bb global_colors_info=\u00a0\u00bb{}\u00a0\u00bb][et_pb_column type=\u00a0\u00bb1_4&Prime; _builder_version=\u00a0\u00bb4.24.2&Prime; _module_preset=\u00a0\u00bbdefault\u00a0\u00bb global_colors_info=\u00a0\u00bb{}\u00a0\u00bb][et_pb_image src=\u00a0\u00bbhttps:\/\/flavi.fr\/wp-content\/uploads\/2025\/02\/Badge-formation-Se-lancer-en-CESU.png\u00a0\u00bb alt=\u00a0\u00bbBadge formation Flavi Se lancer en CESU\u00a0\u00bb title_text=\u00a0\u00bbBadge formation Flavi Se lancer en CESU\u00a0\u00bb align=\u00a0\u00bbcenter\u00a0\u00bb _builder_version=\u00a0\u00bb4.24.2&Prime; _module_preset=\u00a0\u00bbdefault\u00a0\u00bb width=\u00a0\u00bb50%\u00a0\u00bb width_tablet=\u00a0\u00bb50%\u00a0\u00bb width_phone=\u00a0\u00bb45%\u00a0\u00bb width_last_edited=\u00a0\u00bbon|phone\u00a0\u00bb custom_padding=\u00a0\u00bb||7px|||\u00a0\u00bb animation_style=\u00a0\u00bbslide\u00a0\u00bb animation_direction=\u00a0\u00bbtop\u00a0\u00bb animation_intensity_slide=\u00a0\u00bb3%\u00a0\u00bb global_colors_info=\u00a0\u00bb{}\u00a0\u00bb][\/et_pb_image][et_pb_text _builder_version=\u00a0\u00bb4.24.2&Prime; _module_preset=\u00a0\u00bbdefault\u00a0\u00bb text_font=\u00a0\u00bb|600|||||||\u00a0\u00bb text_font_size=\u00a0\u00bb20px\u00a0\u00bb text_orientation=\u00a0\u00bbcenter\u00a0\u00bb animation_style=\u00a0\u00bbslide\u00a0\u00bb animation_direction=\u00a0\u00bbtop\u00a0\u00bb animation_intensity_slide=\u00a0\u00bb3%\u00a0\u00bb global_colors_info=\u00a0\u00bb{}\u00a0\u00bb]<\/p>\n<p><span class=\"OYPEnA font-feature-liga-off font-feature-clig-off font-feature-calt-off text-decoration-none text-strikethrough-none\">Se lancer en CESU<\/span><\/p>\n<p>[\/et_pb_text][\/et_pb_column][et_pb_column type=\u00a0\u00bb1_4&Prime; _builder_version=\u00a0\u00bb4.24.2&Prime; _module_preset=\u00a0\u00bbdefault\u00a0\u00bb global_colors_info=\u00a0\u00bb{}\u00a0\u00bb][et_pb_image src=\u00a0\u00bbhttps:\/\/flavi.fr\/wp-content\/uploads\/2024\/11\/Badge-formation-Flavi-produits-menagers-eco-responsables.png\u00a0\u00bb alt=\u00a0\u00bbBadge formation Flavi produits m\u00e9nagers \u00e9co-responsables\u00a0\u00bb title_text=\u00a0\u00bbBadge formation Flavi produits m\u00e9nagers \u00e9co-responsables\u00a0\u00bb align=\u00a0\u00bbcenter\u00a0\u00bb _builder_version=\u00a0\u00bb4.24.2&Prime; _module_preset=\u00a0\u00bbdefault\u00a0\u00bb width=\u00a0\u00bb50%\u00a0\u00bb width_tablet=\u00a0\u00bb50%\u00a0\u00bb width_phone=\u00a0\u00bb45%\u00a0\u00bb width_last_edited=\u00a0\u00bbon|phone\u00a0\u00bb animation_style=\u00a0\u00bbslide\u00a0\u00bb animation_direction=\u00a0\u00bbtop\u00a0\u00bb animation_intensity_slide=\u00a0\u00bb3%\u00a0\u00bb global_colors_info=\u00a0\u00bb{}\u00a0\u00bb][\/et_pb_image][et_pb_text _builder_version=\u00a0\u00bb4.24.2&Prime; _module_preset=\u00a0\u00bbdefault\u00a0\u00bb text_font=\u00a0\u00bb|600|||||||\u00a0\u00bb text_font_size=\u00a0\u00bb20px\u00a0\u00bb text_orientation=\u00a0\u00bbcenter\u00a0\u00bb animation_style=\u00a0\u00bbslide\u00a0\u00bb animation_direction=\u00a0\u00bbtop\u00a0\u00bb animation_intensity_slide=\u00a0\u00bb3%\u00a0\u00bb global_colors_info=\u00a0\u00bb{}\u00a0\u00bb]<\/p>\n<p><span class=\"OYPEnA font-feature-liga-off font-feature-clig-off font-feature-calt-off text-decoration-none text-strikethrough-none\">Fabrication de produits m\u00e9nagers \u00e9co-responsables<\/span><\/p>\n<p>[\/et_pb_text][\/et_pb_column][et_pb_column type=\u00a0\u00bb1_4&Prime; _builder_version=\u00a0\u00bb4.24.2&Prime; _module_preset=\u00a0\u00bbdefault\u00a0\u00bb global_colors_info=\u00a0\u00bb{}\u00a0\u00bb][et_pb_image src=\u00a0\u00bbhttps:\/\/flavi.fr\/wp-content\/uploads\/2024\/11\/Badge-formation-fin-de-vie.png\u00a0\u00bb alt=\u00a0\u00bbBadge formation Flavi fin de vie\u00a0\u00bb title_text=\u00a0\u00bbBadge formation Flavi fin de vie\u00a0\u00bb align=\u00a0\u00bbcenter\u00a0\u00bb _builder_version=\u00a0\u00bb4.24.2&Prime; _module_preset=\u00a0\u00bbdefault\u00a0\u00bb width=\u00a0\u00bb50%\u00a0\u00bb width_tablet=\u00a0\u00bb50%\u00a0\u00bb width_phone=\u00a0\u00bb45%\u00a0\u00bb width_last_edited=\u00a0\u00bbon|phone\u00a0\u00bb animation_style=\u00a0\u00bbslide\u00a0\u00bb animation_direction=\u00a0\u00bbtop\u00a0\u00bb animation_intensity_slide=\u00a0\u00bb3%\u00a0\u00bb global_colors_info=\u00a0\u00bb{}\u00a0\u00bb][\/et_pb_image][et_pb_text _builder_version=\u00a0\u00bb4.24.2&Prime; _module_preset=\u00a0\u00bbdefault\u00a0\u00bb text_font=\u00a0\u00bb|600|||||||\u00a0\u00bb text_font_size=\u00a0\u00bb20px\u00a0\u00bb text_orientation=\u00a0\u00bbcenter\u00a0\u00bb animation_style=\u00a0\u00bbslide\u00a0\u00bb animation_direction=\u00a0\u00bbtop\u00a0\u00bb animation_intensity_slide=\u00a0\u00bb3%\u00a0\u00bb global_colors_info=\u00a0\u00bb{}\u00a0\u00bb]<\/p>\n<p><span class=\"OYPEnA font-feature-liga-off font-feature-clig-off font-feature-calt-off text-decoration-none text-strikethrough-none\">Accompagnement de la fin de vie<\/span><\/p>\n<p>[\/et_pb_text][\/et_pb_column][et_pb_column type=\u00a0\u00bb1_4&Prime; _builder_version=\u00a0\u00bb4.24.2&Prime; _module_preset=\u00a0\u00bbdefault\u00a0\u00bb global_colors_info=\u00a0\u00bb{}\u00a0\u00bb][et_pb_image src=\u00a0\u00bbhttps:\/\/flavi.fr\/wp-content\/uploads\/2024\/11\/Badge-formation-Parkinson.png\u00a0\u00bb alt=\u00a0\u00bbBadge formation Flavi Parkinson\u00a0\u00bb title_text=\u00a0\u00bbBadge formation Flavi Parkinson\u00a0\u00bb align=\u00a0\u00bbcenter\u00a0\u00bb _builder_version=\u00a0\u00bb4.24.2&Prime; _module_preset=\u00a0\u00bbdefault\u00a0\u00bb width=\u00a0\u00bb50%\u00a0\u00bb width_tablet=\u00a0\u00bb50%\u00a0\u00bb width_phone=\u00a0\u00bb45%\u00a0\u00bb width_last_edited=\u00a0\u00bbon|phone\u00a0\u00bb animation_style=\u00a0\u00bbslide\u00a0\u00bb animation_direction=\u00a0\u00bbtop\u00a0\u00bb animation_intensity_slide=\u00a0\u00bb3%\u00a0\u00bb hover_enabled=\u00a0\u00bb0&Prime; global_colors_info=\u00a0\u00bb{}\u00a0\u00bb sticky_enabled=\u00a0\u00bb0&Prime;][\/et_pb_image][et_pb_text _builder_version=\u00a0\u00bb4.24.2&Prime; _module_preset=\u00a0\u00bbdefault\u00a0\u00bb text_font=\u00a0\u00bb|600|||||||\u00a0\u00bb text_font_size=\u00a0\u00bb20px\u00a0\u00bb text_orientation=\u00a0\u00bbcenter\u00a0\u00bb animation_style=\u00a0\u00bbslide\u00a0\u00bb animation_direction=\u00a0\u00bbtop\u00a0\u00bb animation_intensity_slide=\u00a0\u00bb3%\u00a0\u00bb hover_enabled=\u00a0\u00bb0&Prime; global_colors_info=\u00a0\u00bb{}\u00a0\u00bb sticky_enabled=\u00a0\u00bb0&Prime;]<\/p>\n<p>Accompagner les personnes atteintes de la maladie de Parkinson ou maladies apparent\u00e9es<\/p>\n<p>[\/et_pb_text][\/et_pb_column][\/et_pb_row][\/et_pb_section][et_pb_section fb_built=\u00a0\u00bb1&Prime; prev_background_color=\u00a0\u00bb#ffffff\u00a0\u00bb next_background_color=\u00a0\u00bb#ffffff\u00a0\u00bb _builder_version=\u00a0\u00bb4.24.2&Prime; _module_preset=\u00a0\u00bbdefault\u00a0\u00bb background_color=\u00a0\u00bb#ffce89&Prime; top_divider_style=\u00a0\u00bbwave\u00a0\u00bb top_divider_height=\u00a0\u00bb50px\u00a0\u00bb top_divider_height_tablet=\u00a0\u00bb50px\u00a0\u00bb top_divider_height_phone=\u00a0\u00bb30px\u00a0\u00bb top_divider_height_last_edited=\u00a0\u00bbon|phone\u00a0\u00bb bottom_divider_style=\u00a0\u00bbcurve\u00a0\u00bb bottom_divider_height=\u00a0\u00bb50px\u00a0\u00bb bottom_divider_height_tablet=\u00a0\u00bb50px\u00a0\u00bb bottom_divider_height_phone=\u00a0\u00bb30px\u00a0\u00bb bottom_divider_height_last_edited=\u00a0\u00bbon|phone\u00a0\u00bb global_colors_info=\u00a0\u00bb{}\u00a0\u00bb][et_pb_row _builder_version=\u00a0\u00bb4.24.2&Prime; _module_preset=\u00a0\u00bbdefault\u00a0\u00bb global_colors_info=\u00a0\u00bb{}\u00a0\u00bb][et_pb_column type=\u00a0\u00bb4_4&Prime; _builder_version=\u00a0\u00bb4.24.2&Prime; _module_preset=\u00a0\u00bbdefault\u00a0\u00bb global_colors_info=\u00a0\u00bb{}\u00a0\u00bb][et_pb_text module_id=\u00a0\u00bbprestationslaurence\u00a0\u00bb _builder_version=\u00a0\u00bb4.24.2&Prime; _module_preset=\u00a0\u00bbdefault\u00a0\u00bb text_font_size=\u00a0\u00bb20px\u00a0\u00bb header_font=\u00a0\u00bbABeeZee|700|||||||\u00a0\u00bb header_font_size=\u00a0\u00bb45px\u00a0\u00bb header_2_font=\u00a0\u00bbABeeZee|700|||||||\u00a0\u00bb header_2_font_size=\u00a0\u00bb40px\u00a0\u00bb animation_style=\u00a0\u00bbslide\u00a0\u00bb animation_direction=\u00a0\u00bbtop\u00a0\u00bb animation_intensity_slide=\u00a0\u00bb3%\u00a0\u00bb text_font_size_tablet=\u00a0\u00bb20px\u00a0\u00bb text_font_size_phone=\u00a0\u00bb20px\u00a0\u00bb text_font_size_last_edited=\u00a0\u00bbon|phone\u00a0\u00bb header_font_size_tablet=\u00a0\u00bb45px\u00a0\u00bb header_font_size_phone=\u00a0\u00bb30px\u00a0\u00bb header_font_size_last_edited=\u00a0\u00bbon|phone\u00a0\u00bb header_2_font_size_tablet=\u00a0\u00bb40px\u00a0\u00bb header_2_font_size_phone=\u00a0\u00bb30px\u00a0\u00bb header_2_font_size_last_edited=\u00a0\u00bbon|desktop\u00a0\u00bb global_colors_info=\u00a0\u00bb{}\u00a0\u00bb]<\/p>\n<h2 style=\"text-align: center;\">Mes prestations<\/h2>\n<p class=\"cvGsUA direction-ltr align-start para-style-body\" style=\"text-align: center;\"><span class=\"OYPEnA font-feature-liga-off font-feature-clig-off font-feature-calt-off text-decoration-none text-strikethrough-none\"><\/span><\/p>\n<p class=\"cvGsUA direction-ltr align-start para-style-body\" style=\"text-align: center;\">Je r\u00e9alise \u00e0 votre domicile les prestations suivantes :<\/p>\n<p>[\/et_pb_text][\/et_pb_column][\/et_pb_row][et_pb_row column_structure=\u00a0\u00bb1_3,1_3,1_3&Prime; _builder_version=\u00a0\u00bb4.24.2&Prime; _module_preset=\u00a0\u00bbdefault\u00a0\u00bb animation_style=\u00a0\u00bbslide\u00a0\u00bb animation_direction=\u00a0\u00bbleft\u00a0\u00bb animation_intensity_slide=\u00a0\u00bb3%\u00a0\u00bb global_colors_info=\u00a0\u00bb{}\u00a0\u00bb][et_pb_column type=\u00a0\u00bb1_3&Prime; _builder_version=\u00a0\u00bb4.24.2&Prime; _module_preset=\u00a0\u00bbdefault\u00a0\u00bb global_colors_info=\u00a0\u00bb{}\u00a0\u00bb][et_pb_icon font_icon=\u00a0\u00bb&#xf2e7;||fa||900&Prime; icon_color=\u00a0\u00bb#ff9500&Prime; _builder_version=\u00a0\u00bb4.24.2&Prime; _module_preset=\u00a0\u00bbdefault\u00a0\u00bb global_colors_info=\u00a0\u00bb{}\u00a0\u00bb][\/et_pb_icon][et_pb_text _builder_version=\u00a0\u00bb4.24.2&Prime; _module_preset=\u00a0\u00bbdefault\u00a0\u00bb text_font=\u00a0\u00bb|700|||||||\u00a0\u00bb text_font_size=\u00a0\u00bb20px\u00a0\u00bb text_orientation=\u00a0\u00bbcenter\u00a0\u00bb global_colors_info=\u00a0\u00bb{}\u00a0\u00bb]<\/p>\n<p>Pr\u00e9paration des repas<\/p>\n<p>[\/et_pb_text][\/et_pb_column][et_pb_column type=\u00a0\u00bb1_3&Prime; _builder_version=\u00a0\u00bb4.24.2&Prime; _module_preset=\u00a0\u00bbdefault\u00a0\u00bb global_colors_info=\u00a0\u00bb{}\u00a0\u00bb][et_pb_icon font_icon=\u00a0\u00bb&#xf5de;||fa||900&Prime; icon_color=\u00a0\u00bb#ff9500&Prime; _builder_version=\u00a0\u00bb4.24.2&Prime; _module_preset=\u00a0\u00bbdefault\u00a0\u00bb global_colors_info=\u00a0\u00bb{}\u00a0\u00bb][\/et_pb_icon][et_pb_text _builder_version=\u00a0\u00bb4.24.2&Prime; _module_preset=\u00a0\u00bbdefault\u00a0\u00bb text_font=\u00a0\u00bb|700|||||||\u00a0\u00bb text_font_size=\u00a0\u00bb20px\u00a0\u00bb text_orientation=\u00a0\u00bbcenter\u00a0\u00bb global_colors_info=\u00a0\u00bb{}\u00a0\u00bb]<\/p>\n<p>Accompagnement dans les d\u00e9placements<\/p>\n<p>[\/et_pb_text][\/et_pb_column][et_pb_column type=\u00a0\u00bb1_3&Prime; _builder_version=\u00a0\u00bb4.24.2&Prime; _module_preset=\u00a0\u00bbdefault\u00a0\u00bb global_colors_info=\u00a0\u00bb{}\u00a0\u00bb][et_pb_icon font_icon=\u00a0\u00bb&#xf0c5;||fa||900&Prime; icon_color=\u00a0\u00bb#ff9500&Prime; _builder_version=\u00a0\u00bb4.24.2&Prime; _module_preset=\u00a0\u00bbdefault\u00a0\u00bb global_colors_info=\u00a0\u00bb{}\u00a0\u00bb][\/et_pb_icon][et_pb_text _builder_version=\u00a0\u00bb4.24.2&Prime; _module_preset=\u00a0\u00bbdefault\u00a0\u00bb text_font=\u00a0\u00bb|700|||||||\u00a0\u00bb text_font_size=\u00a0\u00bb20px\u00a0\u00bb text_orientation=\u00a0\u00bbcenter\u00a0\u00bb global_colors_info=\u00a0\u00bb{}\u00a0\u00bb]<\/p>\n<p>Aide aux d\u00e9marches administratives<\/p>\n<p>[\/et_pb_text][\/et_pb_column][\/et_pb_row][et_pb_row column_structure=\u00a0\u00bb1_3,1_3,1_3&Prime; _builder_version=\u00a0\u00bb4.24.2&Prime; _module_preset=\u00a0\u00bbdefault\u00a0\u00bb animation_style=\u00a0\u00bbslide\u00a0\u00bb animation_direction=\u00a0\u00bbright\u00a0\u00bb animation_intensity_slide=\u00a0\u00bb3%\u00a0\u00bb global_colors_info=\u00a0\u00bb{}\u00a0\u00bb][et_pb_column type=\u00a0\u00bb1_3&Prime; _builder_version=\u00a0\u00bb4.24.2&Prime; _module_preset=\u00a0\u00bbdefault\u00a0\u00bb global_colors_info=\u00a0\u00bb{}\u00a0\u00bb][et_pb_icon font_icon=\u00a0\u00bb&#xf553;||fa||900&Prime; icon_color=\u00a0\u00bb#ff9500&Prime; _builder_version=\u00a0\u00bb4.24.2&Prime; _module_preset=\u00a0\u00bbdefault\u00a0\u00bb global_colors_info=\u00a0\u00bb{}\u00a0\u00bb][\/et_pb_icon][et_pb_text _builder_version=\u00a0\u00bb4.24.2&Prime; _module_preset=\u00a0\u00bbdefault\u00a0\u00bb text_font=\u00a0\u00bb|700|||||||\u00a0\u00bb text_font_size=\u00a0\u00bb20px\u00a0\u00bb text_orientation=\u00a0\u00bbcenter\u00a0\u00bb global_colors_info=\u00a0\u00bb{}\u00a0\u00bb]<\/p>\n<p>Entretien du linge<\/p>\n<p>[\/et_pb_text][\/et_pb_column][et_pb_column type=\u00a0\u00bb1_3&Prime; _builder_version=\u00a0\u00bb4.24.2&Prime; _module_preset=\u00a0\u00bbdefault\u00a0\u00bb global_colors_info=\u00a0\u00bb{}\u00a0\u00bb][et_pb_icon font_icon=\u00a0\u00bb&#xe05d;||fa||900&Prime; icon_color=\u00a0\u00bb#ff9500&Prime; _builder_version=\u00a0\u00bb4.24.2&Prime; _module_preset=\u00a0\u00bbdefault\u00a0\u00bb global_colors_info=\u00a0\u00bb{}\u00a0\u00bb][\/et_pb_icon][et_pb_text _builder_version=\u00a0\u00bb4.24.2&Prime; _module_preset=\u00a0\u00bbdefault\u00a0\u00bb text_font=\u00a0\u00bb|700|||||||\u00a0\u00bb text_font_size=\u00a0\u00bb20px\u00a0\u00bb text_orientation=\u00a0\u00bbcenter\u00a0\u00bb global_colors_info=\u00a0\u00bb{}\u00a0\u00bb]<\/p>\n<p>Entretien du logement<\/p>\n<p>[\/et_pb_text][\/et_pb_column][et_pb_column type=\u00a0\u00bb1_3&Prime; _builder_version=\u00a0\u00bb4.24.2&Prime; _module_preset=\u00a0\u00bbdefault\u00a0\u00bb global_colors_info=\u00a0\u00bb{}\u00a0\u00bb][et_pb_icon font_icon=\u00a0\u00bb&#xf291;||fa||900&Prime; icon_color=\u00a0\u00bb#ff9500&Prime; _builder_version=\u00a0\u00bb4.24.2&Prime; _module_preset=\u00a0\u00bbdefault\u00a0\u00bb global_colors_info=\u00a0\u00bb{}\u00a0\u00bb][\/et_pb_icon][et_pb_text _builder_version=\u00a0\u00bb4.24.2&Prime; _module_preset=\u00a0\u00bbdefault\u00a0\u00bb text_font=\u00a0\u00bb|700|||||||\u00a0\u00bb text_font_size=\u00a0\u00bb20px\u00a0\u00bb text_orientation=\u00a0\u00bbcenter\u00a0\u00bb global_colors_info=\u00a0\u00bb{}\u00a0\u00bb]<\/p>\n<p>Aide aux courses<\/p>\n<p>[\/et_pb_text][\/et_pb_column][\/et_pb_row][et_pb_row column_structure=\u00a0\u00bb1_3,1_3,1_3&Prime; _builder_version=\u00a0\u00bb4.24.2&Prime; _module_preset=\u00a0\u00bbdefault\u00a0\u00bb animation_style=\u00a0\u00bbslide\u00a0\u00bb animation_direction=\u00a0\u00bbright\u00a0\u00bb animation_intensity_slide=\u00a0\u00bb3%\u00a0\u00bb global_colors_info=\u00a0\u00bb{}\u00a0\u00bb][et_pb_column type=\u00a0\u00bb1_3&Prime; _builder_version=\u00a0\u00bb4.24.2&Prime; _module_preset=\u00a0\u00bbdefault\u00a0\u00bb global_colors_info=\u00a0\u00bb{}\u00a0\u00bb][et_pb_icon font_icon=\u00a0\u00bb&#xe066;||divi||400&Prime; icon_color=\u00a0\u00bb#ff9500&Prime; _builder_version=\u00a0\u00bb4.24.2&Prime; _module_preset=\u00a0\u00bbdefault\u00a0\u00bb global_colors_info=\u00a0\u00bb{}\u00a0\u00bb][\/et_pb_icon][et_pb_text _builder_version=\u00a0\u00bb4.24.2&Prime; _module_preset=\u00a0\u00bbdefault\u00a0\u00bb text_font=\u00a0\u00bb|700|||||||\u00a0\u00bb text_font_size=\u00a0\u00bb20px\u00a0\u00bb text_orientation=\u00a0\u00bbcenter\u00a0\u00bb global_colors_info=\u00a0\u00bb{}\u00a0\u00bb]<\/p>\n<p>Activit\u00e9s sociales<\/p>\n<p>[\/et_pb_text][\/et_pb_column][et_pb_column type=\u00a0\u00bb1_3&Prime; _builder_version=\u00a0\u00bb4.24.2&Prime; _module_preset=\u00a0\u00bbdefault\u00a0\u00bb global_colors_info=\u00a0\u00bb{}\u00a0\u00bb][et_pb_icon font_icon=\u00a0\u00bb&#xf554;||fa||900&Prime; icon_color=\u00a0\u00bb#ff9500&Prime; _builder_version=\u00a0\u00bb4.24.2&Prime; _module_preset=\u00a0\u00bbdefault\u00a0\u00bb global_colors_info=\u00a0\u00bb{}\u00a0\u00bb][\/et_pb_icon][et_pb_text _builder_version=\u00a0\u00bb4.24.2&Prime; _module_preset=\u00a0\u00bbdefault\u00a0\u00bb text_font=\u00a0\u00bb|700|||||||\u00a0\u00bb text_font_size=\u00a0\u00bb20px\u00a0\u00bb text_orientation=\u00a0\u00bbcenter\u00a0\u00bb global_colors_info=\u00a0\u00bb{}\u00a0\u00bb]<\/p>\n<p>Balade<\/p>\n<p>[\/et_pb_text][\/et_pb_column][et_pb_column type=\u00a0\u00bb1_3&Prime; _builder_version=\u00a0\u00bb4.24.2&Prime; _module_preset=\u00a0\u00bbdefault\u00a0\u00bb global_colors_info=\u00a0\u00bb{}\u00a0\u00bb][et_pb_icon font_icon=\u00a0\u00bb&#xf5bb;||fa||900&Prime; icon_color=\u00a0\u00bb#ff9500&Prime; _builder_version=\u00a0\u00bb4.24.2&Prime; _module_preset=\u00a0\u00bbdefault\u00a0\u00bb global_colors_info=\u00a0\u00bb{}\u00a0\u00bb][\/et_pb_icon][et_pb_text _builder_version=\u00a0\u00bb4.24.2&Prime; _module_preset=\u00a0\u00bbdefault\u00a0\u00bb text_font=\u00a0\u00bb|700|||||||\u00a0\u00bb text_font_size=\u00a0\u00bb20px\u00a0\u00bb text_orientation=\u00a0\u00bbcenter\u00a0\u00bb global_colors_info=\u00a0\u00bb{}\u00a0\u00bb]<\/p>\n<p>Massages<\/p>\n<p>[\/et_pb_text][\/et_pb_column][\/et_pb_row][et_pb_row _builder_version=\u00a0\u00bb4.24.2&Prime; _module_preset=\u00a0\u00bbdefault\u00a0\u00bb global_colors_info=\u00a0\u00bb{}\u00a0\u00bb][et_pb_column type=\u00a0\u00bb4_4&Prime; _builder_version=\u00a0\u00bb4.24.2&Prime; _module_preset=\u00a0\u00bbdefault\u00a0\u00bb global_colors_info=\u00a0\u00bb{}\u00a0\u00bb][et_pb_button button_url=\u00a0\u00bb#et_pb_contact_form_0&Prime; button_text=\u00a0\u00bbMe contacter\u00a0\u00bb button_alignment=\u00a0\u00bbright\u00a0\u00bb button_alignment_tablet=\u00a0\u00bbright\u00a0\u00bb button_alignment_phone=\u00a0\u00bbcenter\u00a0\u00bb button_alignment_last_edited=\u00a0\u00bbon|desktop\u00a0\u00bb _builder_version=\u00a0\u00bb4.24.2&Prime; _module_preset=\u00a0\u00bbdefault\u00a0\u00bb custom_button=\u00a0\u00bbon\u00a0\u00bb button_bg_color=\u00a0\u00bb#ffffff\u00a0\u00bb button_border_color=\u00a0\u00bbRGBA(255,255,255,0)\u00a0\u00bb button_border_radius=\u00a0\u00bb100px\u00a0\u00bb button_font=\u00a0\u00bbABeeZee|700|||||||\u00a0\u00bb button_icon=\u00a0\u00bb&#x35;||divi||400&Prime; button_on_hover=\u00a0\u00bboff\u00a0\u00bb animation_style=\u00a0\u00bbslide\u00a0\u00bb animation_intensity_slide=\u00a0\u00bb3%\u00a0\u00bb box_shadow_style=\u00a0\u00bbpreset3&Prime; global_colors_info=\u00a0\u00bb{}\u00a0\u00bb][\/et_pb_button][\/et_pb_column][\/et_pb_row][\/et_pb_section][et_pb_section fb_built=\u00a0\u00bb1&Prime; _builder_version=\u00a0\u00bb4.24.2&Prime; _module_preset=\u00a0\u00bbdefault\u00a0\u00bb global_colors_info=\u00a0\u00bb{}\u00a0\u00bb][et_pb_row _builder_version=\u00a0\u00bb4.24.2&Prime; _module_preset=\u00a0\u00bbdefault\u00a0\u00bb global_colors_info=\u00a0\u00bb{}\u00a0\u00bb][et_pb_column type=\u00a0\u00bb4_4&Prime; _builder_version=\u00a0\u00bb4.24.2&Prime; _module_preset=\u00a0\u00bbdefault\u00a0\u00bb global_colors_info=\u00a0\u00bb{}\u00a0\u00bb][et_pb_text module_id=\u00a0\u00bbrecommandationslaurence\u00a0\u00bb _builder_version=\u00a0\u00bb4.24.2&Prime; _module_preset=\u00a0\u00bbdefault\u00a0\u00bb text_font_size=\u00a0\u00bb20px\u00a0\u00bb header_2_font=\u00a0\u00bbABeeZee|700|||||||\u00a0\u00bb header_2_font_size=\u00a0\u00bb40px\u00a0\u00bb header_3_font=\u00a0\u00bbABeeZee|700|||||||\u00a0\u00bb header_3_font_size=\u00a0\u00bb28px\u00a0\u00bb animation_style=\u00a0\u00bbslide\u00a0\u00bb animation_direction=\u00a0\u00bbtop\u00a0\u00bb animation_intensity_slide=\u00a0\u00bb3%\u00a0\u00bb header_2_font_size_tablet=\u00a0\u00bb40px\u00a0\u00bb header_2_font_size_phone=\u00a0\u00bb30px\u00a0\u00bb header_2_font_size_last_edited=\u00a0\u00bbon|phone\u00a0\u00bb header_3_font_size_tablet=\u00a0\u00bb28px\u00a0\u00bb header_3_font_size_phone=\u00a0\u00bb25px\u00a0\u00bb header_3_font_size_last_edited=\u00a0\u00bbon|phone\u00a0\u00bb global_colors_info=\u00a0\u00bb{}\u00a0\u00bb]<\/p>\n<h2 style=\"text-align: center;\">Mes recommandations \u2705<\/h2>\n<p>[\/et_pb_text][\/et_pb_column][\/et_pb_row][et_pb_row _builder_version=\u00a0\u00bb4.24.2&Prime; _module_preset=\u00a0\u00bbdefault\u00a0\u00bb animation_direction=\u00a0\u00bbleft\u00a0\u00bb global_colors_info=\u00a0\u00bb{}\u00a0\u00bb][et_pb_column type=\u00a0\u00bb4_4&Prime; _builder_version=\u00a0\u00bb4.24.2&Prime; _module_preset=\u00a0\u00bbdefault\u00a0\u00bb global_colors_info=\u00a0\u00bb{}\u00a0\u00bb][et_pb_text _builder_version=\u00a0\u00bb4.24.2&Prime; _module_preset=\u00a0\u00bbdefault\u00a0\u00bb text_font_size=\u00a0\u00bb20px\u00a0\u00bb header_font=\u00a0\u00bbABeeZee|700|||||||\u00a0\u00bb header_3_font=\u00a0\u00bbABeeZee|700|||||||\u00a0\u00bb header_3_font_size=\u00a0\u00bb28px\u00a0\u00bb animation_style=\u00a0\u00bbslide\u00a0\u00bb animation_direction=\u00a0\u00bbleft\u00a0\u00bb animation_intensity_slide=\u00a0\u00bb3%\u00a0\u00bb header_3_font_size_tablet=\u00a0\u00bb28px\u00a0\u00bb header_3_font_size_phone=\u00a0\u00bb25px\u00a0\u00bb header_3_font_size_last_edited=\u00a0\u00bbon|desktop\u00a0\u00bb global_colors_info=\u00a0\u00bb{}\u00a0\u00bb]<\/p>\n<h3><span>B. O, 3 ans et demi<\/span>.<span class=\"OYPEnA font-feature-liga-off font-feature-clig-off font-feature-calt-off text-decoration-none text-strikethrough-none\"><\/span><\/h3>\n<p>[\/et_pb_text][et_pb_text _builder_version=\u00a0\u00bb4.24.2&Prime; _module_preset=\u00a0\u00bbdefault\u00a0\u00bb text_font_size=\u00a0\u00bb20px\u00a0\u00bb header_font=\u00a0\u00bbABeeZee|700|||||||\u00a0\u00bb header_3_font=\u00a0\u00bbABeeZee|700|||||||\u00a0\u00bb header_3_font_size=\u00a0\u00bb28px\u00a0\u00bb animation_style=\u00a0\u00bbslide\u00a0\u00bb animation_direction=\u00a0\u00bbleft\u00a0\u00bb animation_intensity_slide=\u00a0\u00bb3%\u00a0\u00bb header_3_font_size_tablet=\u00a0\u00bb28px\u00a0\u00bb header_3_font_size_phone=\u00a0\u00bb25px\u00a0\u00bb header_3_font_size_last_edited=\u00a0\u00bbon|desktop\u00a0\u00bb global_colors_info=\u00a0\u00bb{}\u00a0\u00bb]<\/p>\n<p><span>\u00ab\u00a0J<\/span><span>&lsquo;ai beaucoup de chance d&rsquo;avoir rencontr\u00e9 Laurence.\u00a0\u00bb<\/span><\/p>\n<p>[\/et_pb_text][\/et_pb_column][\/et_pb_row][et_pb_row _builder_version=\u00a0\u00bb4.24.2&Prime; _module_preset=\u00a0\u00bbdefault\u00a0\u00bb animation_direction=\u00a0\u00bbleft\u00a0\u00bb global_colors_info=\u00a0\u00bb{}\u00a0\u00bb][et_pb_column type=\u00a0\u00bb4_4&Prime; _builder_version=\u00a0\u00bb4.24.2&Prime; _module_preset=\u00a0\u00bbdefault\u00a0\u00bb global_colors_info=\u00a0\u00bb{}\u00a0\u00bb][et_pb_text _builder_version=\u00a0\u00bb4.24.2&Prime; _module_preset=\u00a0\u00bbdefault\u00a0\u00bb text_font_size=\u00a0\u00bb20px\u00a0\u00bb header_font=\u00a0\u00bbABeeZee|700|||||||\u00a0\u00bb header_3_font=\u00a0\u00bbABeeZee|700|||||||\u00a0\u00bb header_3_font_size=\u00a0\u00bb28px\u00a0\u00bb animation_style=\u00a0\u00bbslide\u00a0\u00bb animation_direction=\u00a0\u00bbleft\u00a0\u00bb animation_intensity_slide=\u00a0\u00bb3%\u00a0\u00bb header_3_font_size_tablet=\u00a0\u00bb28px\u00a0\u00bb header_3_font_size_phone=\u00a0\u00bb25px\u00a0\u00bb header_3_font_size_last_edited=\u00a0\u00bbon|desktop\u00a0\u00bb global_colors_info=\u00a0\u00bb{}\u00a0\u00bb]<\/p>\n<h3><span>O. L, 1 an et demi (remplacement lors de cong\u00e9s)<\/span>.<span class=\"OYPEnA font-feature-liga-off font-feature-clig-off font-feature-calt-off text-decoration-none text-strikethrough-none\"><\/span><\/h3>\n<p>[\/et_pb_text][et_pb_text _builder_version=\u00a0\u00bb4.24.2&Prime; _module_preset=\u00a0\u00bbdefault\u00a0\u00bb text_font_size=\u00a0\u00bb20px\u00a0\u00bb header_font=\u00a0\u00bbABeeZee|700|||||||\u00a0\u00bb header_3_font=\u00a0\u00bbABeeZee|700|||||||\u00a0\u00bb header_3_font_size=\u00a0\u00bb28px\u00a0\u00bb animation_style=\u00a0\u00bbslide\u00a0\u00bb animation_direction=\u00a0\u00bbleft\u00a0\u00bb animation_intensity_slide=\u00a0\u00bb3%\u00a0\u00bb header_3_font_size_tablet=\u00a0\u00bb28px\u00a0\u00bb header_3_font_size_phone=\u00a0\u00bb25px\u00a0\u00bb header_3_font_size_last_edited=\u00a0\u00bbon|desktop\u00a0\u00bb global_colors_info=\u00a0\u00bb{}\u00a0\u00bb]<\/p>\n<p><span>\u00ab\u00a0Ma petite Laurence, vous m&rsquo;avez manqu\u00e9<\/span><span>.\u00a0\u00bb<\/span><\/p>\n<p>[\/et_pb_text][\/et_pb_column][\/et_pb_row][et_pb_row _builder_version=\u00a0\u00bb4.24.2&Prime; _module_preset=\u00a0\u00bbdefault\u00a0\u00bb animation_direction=\u00a0\u00bbleft\u00a0\u00bb global_colors_info=\u00a0\u00bb{}\u00a0\u00bb][et_pb_column type=\u00a0\u00bb4_4&Prime; _builder_version=\u00a0\u00bb4.24.2&Prime; _module_preset=\u00a0\u00bbdefault\u00a0\u00bb global_colors_info=\u00a0\u00bb{}\u00a0\u00bb][et_pb_text _builder_version=\u00a0\u00bb4.24.2&Prime; _module_preset=\u00a0\u00bbdefault\u00a0\u00bb text_font_size=\u00a0\u00bb20px\u00a0\u00bb header_font=\u00a0\u00bbABeeZee|700|||||||\u00a0\u00bb header_3_font=\u00a0\u00bbABeeZee|700|||||||\u00a0\u00bb header_3_font_size=\u00a0\u00bb28px\u00a0\u00bb animation_style=\u00a0\u00bbslide\u00a0\u00bb animation_direction=\u00a0\u00bbleft\u00a0\u00bb animation_intensity_slide=\u00a0\u00bb3%\u00a0\u00bb header_3_font_size_tablet=\u00a0\u00bb28px\u00a0\u00bb header_3_font_size_phone=\u00a0\u00bb25px\u00a0\u00bb header_3_font_size_last_edited=\u00a0\u00bbon|desktop\u00a0\u00bb global_colors_info=\u00a0\u00bb{}\u00a0\u00bb]<\/p>\n<h3><span>Fille de R. D, 1 mois (R. D, 100 ans, EHPAD)<\/span>.<span class=\"OYPEnA font-feature-liga-off font-feature-clig-off font-feature-calt-off text-decoration-none text-strikethrough-none\"><\/span><\/h3>\n<p>[\/et_pb_text][et_pb_text _builder_version=\u00a0\u00bb4.24.2&Prime; _module_preset=\u00a0\u00bbdefault\u00a0\u00bb text_font_size=\u00a0\u00bb20px\u00a0\u00bb header_font=\u00a0\u00bbABeeZee|700|||||||\u00a0\u00bb header_3_font=\u00a0\u00bbABeeZee|700|||||||\u00a0\u00bb header_3_font_size=\u00a0\u00bb28px\u00a0\u00bb animation_style=\u00a0\u00bbslide\u00a0\u00bb animation_direction=\u00a0\u00bbleft\u00a0\u00bb animation_intensity_slide=\u00a0\u00bb3%\u00a0\u00bb header_3_font_size_tablet=\u00a0\u00bb28px\u00a0\u00bb header_3_font_size_phone=\u00a0\u00bb25px\u00a0\u00bb header_3_font_size_last_edited=\u00a0\u00bbon|desktop\u00a0\u00bb global_colors_info=\u00a0\u00bb{}\u00a0\u00bb]<\/p>\n<p><span>\u00ab\u00a0Parfait. \u00ab\u00a0You are perfect\u00a0\u00bb.<\/span><span>\u00ab\u00a0<\/span><\/p>\n<p>[\/et_pb_text][\/et_pb_column][\/et_pb_row][et_pb_row _builder_version=\u00a0\u00bb4.24.2&Prime; _module_preset=\u00a0\u00bbdefault\u00a0\u00bb animation_direction=\u00a0\u00bbleft\u00a0\u00bb global_colors_info=\u00a0\u00bb{}\u00a0\u00bb][et_pb_column type=\u00a0\u00bb4_4&Prime; _builder_version=\u00a0\u00bb4.24.2&Prime; _module_preset=\u00a0\u00bbdefault\u00a0\u00bb global_colors_info=\u00a0\u00bb{}\u00a0\u00bb][et_pb_text _builder_version=\u00a0\u00bb4.24.2&Prime; _module_preset=\u00a0\u00bbdefault\u00a0\u00bb text_font_size=\u00a0\u00bb20px\u00a0\u00bb header_font=\u00a0\u00bbABeeZee|700|||||||\u00a0\u00bb header_3_font=\u00a0\u00bbABeeZee|700|||||||\u00a0\u00bb header_3_font_size=\u00a0\u00bb28px\u00a0\u00bb animation_style=\u00a0\u00bbslide\u00a0\u00bb animation_direction=\u00a0\u00bbleft\u00a0\u00bb animation_intensity_slide=\u00a0\u00bb3%\u00a0\u00bb header_3_font_size_tablet=\u00a0\u00bb28px\u00a0\u00bb header_3_font_size_phone=\u00a0\u00bb25px\u00a0\u00bb header_3_font_size_last_edited=\u00a0\u00bbon|desktop\u00a0\u00bb global_colors_info=\u00a0\u00bb{}\u00a0\u00bb]<\/p>\n<h3><span>M. D, 1 an (suite au d\u00e9c\u00e8s de son \u00e9pouse)<\/span>.<span class=\"OYPEnA font-feature-liga-off font-feature-clig-off font-feature-calt-off text-decoration-none text-strikethrough-none\"><\/span><\/h3>\n<p>[\/et_pb_text][et_pb_text _builder_version=\u00a0\u00bb4.24.2&Prime; _module_preset=\u00a0\u00bbdefault\u00a0\u00bb text_font_size=\u00a0\u00bb20px\u00a0\u00bb header_font=\u00a0\u00bbABeeZee|700|||||||\u00a0\u00bb header_3_font=\u00a0\u00bbABeeZee|700|||||||\u00a0\u00bb header_3_font_size=\u00a0\u00bb28px\u00a0\u00bb animation_style=\u00a0\u00bbslide\u00a0\u00bb animation_direction=\u00a0\u00bbleft\u00a0\u00bb animation_intensity_slide=\u00a0\u00bb3%\u00a0\u00bb header_3_font_size_tablet=\u00a0\u00bb28px\u00a0\u00bb header_3_font_size_phone=\u00a0\u00bb25px\u00a0\u00bb header_3_font_size_last_edited=\u00a0\u00bbon|desktop\u00a0\u00bb global_colors_info=\u00a0\u00bb{}\u00a0\u00bb]<\/p>\n<p><span>\u00ab\u00a0Comment je ferais sans vous&#8230;<\/span><span>\u00ab\u00a0<\/span><\/p>\n<p>[\/et_pb_text][\/et_pb_column][\/et_pb_row][et_pb_row _builder_version=\u00a0\u00bb4.24.2&Prime; _module_preset=\u00a0\u00bbdefault\u00a0\u00bb animation_direction=\u00a0\u00bbleft\u00a0\u00bb global_colors_info=\u00a0\u00bb{}\u00a0\u00bb][et_pb_column type=\u00a0\u00bb4_4&Prime; _builder_version=\u00a0\u00bb4.24.2&Prime; _module_preset=\u00a0\u00bbdefault\u00a0\u00bb global_colors_info=\u00a0\u00bb{}\u00a0\u00bb][et_pb_text _builder_version=\u00a0\u00bb4.24.2&Prime; _module_preset=\u00a0\u00bbdefault\u00a0\u00bb text_font_size=\u00a0\u00bb20px\u00a0\u00bb header_font=\u00a0\u00bbABeeZee|700|||||||\u00a0\u00bb header_3_font=\u00a0\u00bbABeeZee|700|||||||\u00a0\u00bb header_3_font_size=\u00a0\u00bb28px\u00a0\u00bb animation_style=\u00a0\u00bbslide\u00a0\u00bb animation_direction=\u00a0\u00bbleft\u00a0\u00bb animation_intensity_slide=\u00a0\u00bb3%\u00a0\u00bb header_3_font_size_tablet=\u00a0\u00bb28px\u00a0\u00bb header_3_font_size_phone=\u00a0\u00bb25px\u00a0\u00bb header_3_font_size_last_edited=\u00a0\u00bbon|desktop\u00a0\u00bb global_colors_info=\u00a0\u00bb{}\u00a0\u00bb]<\/p>\n<h3><span>H. SB, 1 an<\/span>.<span class=\"OYPEnA font-feature-liga-off font-feature-clig-off font-feature-calt-off text-decoration-none text-strikethrough-none\"><\/span><\/h3>\n<p>[\/et_pb_text][et_pb_text _builder_version=\u00a0\u00bb4.24.2&Prime; _module_preset=\u00a0\u00bbdefault\u00a0\u00bb text_font_size=\u00a0\u00bb20px\u00a0\u00bb header_font=\u00a0\u00bbABeeZee|700|||||||\u00a0\u00bb header_3_font=\u00a0\u00bbABeeZee|700|||||||\u00a0\u00bb header_3_font_size=\u00a0\u00bb28px\u00a0\u00bb animation_style=\u00a0\u00bbslide\u00a0\u00bb animation_direction=\u00a0\u00bbleft\u00a0\u00bb animation_intensity_slide=\u00a0\u00bb3%\u00a0\u00bb header_3_font_size_tablet=\u00a0\u00bb28px\u00a0\u00bb header_3_font_size_phone=\u00a0\u00bb25px\u00a0\u00bb header_3_font_size_last_edited=\u00a0\u00bbon|desktop\u00a0\u00bb global_colors_info=\u00a0\u00bb{}\u00a0\u00bb]<\/p>\n<p><span>\u00ab\u00a0Vous \u00eates ma providence.<\/span><span>\u00ab\u00a0<\/span><\/p>\n<p>[\/et_pb_text][et_pb_button button_url=\u00a0\u00bb#et_pb_contact_form_0&Prime; button_text=\u00a0\u00bbMe contacter\u00a0\u00bb button_alignment=\u00a0\u00bbright\u00a0\u00bb button_alignment_tablet=\u00a0\u00bbright\u00a0\u00bb button_alignment_phone=\u00a0\u00bbcenter\u00a0\u00bb button_alignment_last_edited=\u00a0\u00bbon|desktop\u00a0\u00bb _builder_version=\u00a0\u00bb4.24.2&Prime; _module_preset=\u00a0\u00bbdefault\u00a0\u00bb custom_button=\u00a0\u00bbon\u00a0\u00bb button_bg_color=\u00a0\u00bb#ffce89&Prime; button_border_color=\u00a0\u00bbRGBA(255,255,255,0)\u00a0\u00bb button_border_radius=\u00a0\u00bb100px\u00a0\u00bb button_font=\u00a0\u00bbABeeZee|700|||||||\u00a0\u00bb button_icon=\u00a0\u00bb&#x35;||divi||400&Prime; button_on_hover=\u00a0\u00bboff\u00a0\u00bb animation_style=\u00a0\u00bbslide\u00a0\u00bb animation_intensity_slide=\u00a0\u00bb3%\u00a0\u00bb box_shadow_style=\u00a0\u00bbpreset3&Prime; global_colors_info=\u00a0\u00bb{}\u00a0\u00bb][\/et_pb_button][\/et_pb_column][\/et_pb_row][\/et_pb_section][et_pb_section fb_built=\u00a0\u00bb1&Prime; prev_background_color=\u00a0\u00bb#ffffff\u00a0\u00bb _builder_version=\u00a0\u00bb4.24.2&Prime; _module_preset=\u00a0\u00bbdefault\u00a0\u00bb background_color=\u00a0\u00bb#ffce89&Prime; top_divider_style=\u00a0\u00bbwave\u00a0\u00bb top_divider_height=\u00a0\u00bb50px\u00a0\u00bb top_divider_height_tablet=\u00a0\u00bb50px\u00a0\u00bb top_divider_height_phone=\u00a0\u00bb30px\u00a0\u00bb top_divider_height_last_edited=\u00a0\u00bbon|phone\u00a0\u00bb global_colors_info=\u00a0\u00bb{}\u00a0\u00bb][et_pb_row _builder_version=\u00a0\u00bb4.24.2&Prime; _module_preset=\u00a0\u00bbdefault\u00a0\u00bb global_colors_info=\u00a0\u00bb{}\u00a0\u00bb][et_pb_column type=\u00a0\u00bb4_4&Prime; _builder_version=\u00a0\u00bb4.24.2&Prime; _module_preset=\u00a0\u00bbdefault\u00a0\u00bb global_colors_info=\u00a0\u00bb{}\u00a0\u00bb][et_pb_text _builder_version=\u00a0\u00bb4.24.2&Prime; _module_preset=\u00a0\u00bbdefault\u00a0\u00bb text_font_size=\u00a0\u00bb20px\u00a0\u00bb header_2_font=\u00a0\u00bbABeeZee|700|||||||\u00a0\u00bb header_2_font_size=\u00a0\u00bb40px\u00a0\u00bb header_3_font=\u00a0\u00bbABeeZee|700|||||||\u00a0\u00bb header_3_font_size=\u00a0\u00bb28px\u00a0\u00bb animation_style=\u00a0\u00bbslide\u00a0\u00bb animation_direction=\u00a0\u00bbleft\u00a0\u00bb animation_intensity_slide=\u00a0\u00bb3%\u00a0\u00bb header_2_font_size_tablet=\u00a0\u00bb40px\u00a0\u00bb header_2_font_size_phone=\u00a0\u00bb30px\u00a0\u00bb header_2_font_size_last_edited=\u00a0\u00bbon|phone\u00a0\u00bb header_3_font_size_tablet=\u00a0\u00bb28px\u00a0\u00bb header_3_font_size_phone=\u00a0\u00bb25px\u00a0\u00bb header_3_font_size_last_edited=\u00a0\u00bbon|phone\u00a0\u00bb global_colors_info=\u00a0\u00bb{}\u00a0\u00bb]<\/p>\n<h2 style=\"text-align: center;\"><span class=\"OYPEnA font-feature-liga-off font-feature-clig-off font-feature-calt-off text-decoration-none text-strikethrough-none\">Le Cesu comment \u00e7a marche ?<\/span><\/h2>\n<p style=\"text-align: left;\"><span class=\"OYPEnA font-feature-liga-off font-feature-clig-off font-feature-calt-off text-decoration-none text-strikethrough-none\"><\/span><\/p>\n<p style=\"text-align: left;\"><span class=\"OYPEnA font-feature-liga-off font-feature-clig-off font-feature-calt-off text-decoration-none text-strikethrough-none\"><\/span><\/p>\n<p class=\"cvGsUA direction-ltr align-start para-style-body\"><strong><span class=\"OYPEnA font-feature-liga-off font-feature-clig-off font-feature-calt-off text-decoration-none text-strikethrough-none\">Je travaille en Cesu et b\u00e9n\u00e9ficie d\u2019une assistance administrative, pour simplifier vos d\u00e9marches.<\/span><\/strong><span class=\"OYPEnA font-feature-liga-off font-feature-clig-off font-feature-calt-off text-decoration-none text-strikethrough-none white-space-prewrap\"> <\/span><\/p>\n<p class=\"cvGsUA direction-ltr align-start para-style-body\"><strong><span class=\"OYPEnA font-feature-liga-off font-feature-clig-off font-feature-calt-off text-decoration-none text-strikethrough-none\">Le <\/span><span class=\"OYPEnA font-feature-liga-off font-feature-clig-off font-feature-calt-off text-decoration-none text-strikethrough-none\">Cesu <\/span><\/strong><span class=\"OYPEnA font-feature-liga-off font-feature-clig-off font-feature-calt-off text-decoration-none text-strikethrough-none\">est tr\u00e8s facile \u00e0 mettre en place, et <\/span><span class=\"OYPEnA font-feature-liga-off font-feature-clig-off font-feature-calt-off text-decoration-none text-strikethrough-none\"><strong>vous permet de b\u00e9n\u00e9ficier de 50% de cr\u00e9dit d\u2019imp\u00f4t.<\/strong><\/span><span class=\"OYPEnA font-feature-liga-off font-feature-clig-off font-feature-calt-off text-decoration-none text-strikethrough-none white-space-prewrap\"> <\/span><\/p>\n<p class=\"cvGsUA direction-ltr align-start para-style-body\"><em><span class=\"OYPEnA font-feature-liga-off font-feature-clig-off font-feature-calt-off text-decoration-none text-strikethrough-none\">Pour trouver plus d\u2019informations sur le Cesu, <strong>consultez ma <\/strong><\/span><strong><span style=\"text-decoration: underline;\"><span style=\"color: #000000;\"><a href=\"https:\/\/flavi.fr\/index.php\/faq\/\" style=\"color: #000000;\"><span class=\"OYPEnA font-feature-liga-off font-feature-clig-off font-feature-calt-off text-strikethrough-none text-decoration-underline\">FAQ<\/span><\/a><\/span><\/span><span class=\"OYPEnA font-feature-liga-off font-feature-clig-off font-feature-calt-off text-strikethrough-none text-decoration-none\">.<\/span><\/strong><\/em><\/p>\n<p>[\/et_pb_text][et_pb_button button_url=\u00a0\u00bbhttps:\/\/flavi.fr\/index.php\/faq\/\u00a0\u00bb button_text=\u00a0\u00bbConsulter ma FAQ\u00a0\u00bb button_alignment=\u00a0\u00bbright\u00a0\u00bb button_alignment_tablet=\u00a0\u00bbright\u00a0\u00bb button_alignment_phone=\u00a0\u00bbcenter\u00a0\u00bb button_alignment_last_edited=\u00a0\u00bbon|desktop\u00a0\u00bb _builder_version=\u00a0\u00bb4.24.2&Prime; _module_preset=\u00a0\u00bbdefault\u00a0\u00bb custom_button=\u00a0\u00bbon\u00a0\u00bb button_bg_color=\u00a0\u00bb#ffffff\u00a0\u00bb button_border_color=\u00a0\u00bbRGBA(255,255,255,0)\u00a0\u00bb button_border_radius=\u00a0\u00bb100px\u00a0\u00bb button_font=\u00a0\u00bbABeeZee|700|||||||\u00a0\u00bb button_icon=\u00a0\u00bb&#x35;||divi||400&Prime; button_on_hover=\u00a0\u00bboff\u00a0\u00bb animation_style=\u00a0\u00bbslide\u00a0\u00bb animation_intensity_slide=\u00a0\u00bb3%\u00a0\u00bb box_shadow_style=\u00a0\u00bbpreset3&Prime; global_colors_info=\u00a0\u00bb{}\u00a0\u00bb][\/et_pb_button][\/et_pb_column][\/et_pb_row][\/et_pb_section][et_pb_section fb_built=\u00a0\u00bb1&Prime; prev_background_color=\u00a0\u00bb#ffce89&Prime; _builder_version=\u00a0\u00bb4.24.2&Prime; _module_preset=\u00a0\u00bbdefault\u00a0\u00bb top_divider_style=\u00a0\u00bbwave\u00a0\u00bb top_divider_height=\u00a0\u00bb50px\u00a0\u00bb top_divider_height_tablet=\u00a0\u00bb50px\u00a0\u00bb top_divider_height_phone=\u00a0\u00bb30px\u00a0\u00bb top_divider_height_last_edited=\u00a0\u00bbon|phone\u00a0\u00bb global_colors_info=\u00a0\u00bb{}\u00a0\u00bb][et_pb_row _builder_version=\u00a0\u00bb4.24.2&Prime; _module_preset=\u00a0\u00bbdefault\u00a0\u00bb global_colors_info=\u00a0\u00bb{}\u00a0\u00bb][et_pb_column type=\u00a0\u00bb4_4&Prime; _builder_version=\u00a0\u00bb4.24.2&Prime; _module_preset=\u00a0\u00bbdefault\u00a0\u00bb global_colors_info=\u00a0\u00bb{}\u00a0\u00bb][et_pb_text _builder_version=\u00a0\u00bb4.24.2&Prime; _module_preset=\u00a0\u00bbdefault\u00a0\u00bb text_font_size=\u00a0\u00bb20px\u00a0\u00bb header_2_font=\u00a0\u00bbABeeZee|700|||||||\u00a0\u00bb header_2_font_size=\u00a0\u00bb40px\u00a0\u00bb header_3_font=\u00a0\u00bbABeeZee|700|||||||\u00a0\u00bb header_3_font_size=\u00a0\u00bb28px\u00a0\u00bb animation_style=\u00a0\u00bbslide\u00a0\u00bb animation_direction=\u00a0\u00bbleft\u00a0\u00bb animation_intensity_slide=\u00a0\u00bb3%\u00a0\u00bb header_2_font_size_tablet=\u00a0\u00bb40px\u00a0\u00bb header_2_font_size_phone=\u00a0\u00bb30px\u00a0\u00bb header_2_font_size_last_edited=\u00a0\u00bbon|phone\u00a0\u00bb header_3_font_size_tablet=\u00a0\u00bb28px\u00a0\u00bb header_3_font_size_phone=\u00a0\u00bb25px\u00a0\u00bb header_3_font_size_last_edited=\u00a0\u00bbon|phone\u00a0\u00bb global_colors_info=\u00a0\u00bb{}\u00a0\u00bb]<\/p>\n<h2 style=\"text-align: center;\">Le taux horaire<\/h2>\n<p style=\"text-align: left;\"><span class=\"OYPEnA font-feature-liga-off font-feature-clig-off font-feature-calt-off text-decoration-none text-strikethrough-none\"><\/span><\/p>\n<p style=\"text-align: left;\"><span class=\"OYPEnA font-feature-liga-off font-feature-clig-off font-feature-calt-off text-decoration-none text-strikethrough-none\"><\/span><\/p>\n<p class=\"cvGsUA direction-ltr align-start para-style-body\" style=\"text-align: center;\"><span class=\"OYPEnA font-feature-liga-off font-feature-clig-off font-feature-calt-off text-decoration-none text-strikethrough-none\">Mon taux horaire est de <strong>15 euros<\/strong><b>.<\/b><\/span><span class=\"OYPEnA font-feature-liga-off font-feature-clig-off font-feature-calt-off text-decoration-none text-strikethrough-none white-space-prewrap\"> <\/span><\/p>\n<p>[\/et_pb_text][\/et_pb_column][\/et_pb_row][\/et_pb_section][et_pb_section fb_built=\u00a0\u00bb1&Prime; prev_background_color=\u00a0\u00bb#ffffff\u00a0\u00bb disabled_on=\u00a0\u00bboff|off|off\u00a0\u00bb _builder_version=\u00a0\u00bb4.24.2&Prime; _module_preset=\u00a0\u00bbdefault\u00a0\u00bb background_color=\u00a0\u00bb#ffce89&Prime; top_divider_style=\u00a0\u00bbwave\u00a0\u00bb top_divider_height=\u00a0\u00bb50px\u00a0\u00bb top_divider_height_tablet=\u00a0\u00bb50px\u00a0\u00bb top_divider_height_phone=\u00a0\u00bb30px\u00a0\u00bb top_divider_height_last_edited=\u00a0\u00bbon|phone\u00a0\u00bb global_colors_info=\u00a0\u00bb{}\u00a0\u00bb][et_pb_row _builder_version=\u00a0\u00bb4.24.2&Prime; _module_preset=\u00a0\u00bbdefault\u00a0\u00bb global_colors_info=\u00a0\u00bb{}\u00a0\u00bb][et_pb_column type=\u00a0\u00bb4_4&Prime; _builder_version=\u00a0\u00bb4.24.2&Prime; _module_preset=\u00a0\u00bbdefault\u00a0\u00bb global_colors_info=\u00a0\u00bb{}\u00a0\u00bb][et_pb_contact_form email=\u00a0\u00bblolotte.bene@orange.fr\u00a0\u00bb title=\u00a0\u00bbMe contacter\u00a0\u00bb custom_message=\u00a0\u00bbBonjour Laurence,||et_pb_line_break_holder||||et_pb_line_break_holder||Un employeur est int\u00e9ress\u00e9 par vos services ! ||et_pb_line_break_holder||||et_pb_line_break_holder||Il aurait besoin de : %%Besoins%%||et_pb_line_break_holder||||et_pb_line_break_holder||Vous trouverez ci-dessous toutes ses informations : ||et_pb_line_break_holder||Nom et pr\u00e9nom : %%Name%%||et_pb_line_break_holder||Num\u00e9ro de t\u00e9l\u00e9phone : %%Phone%%||et_pb_line_break_holder||Type de contrat : %%Contrat%%||et_pb_line_break_holder||La personne aid\u00e9e a-t-elle un handicap ? : %%Handicap%%\u00a0\u00bb success_message=\u00a0\u00bbJe reviendrai vers vous dans les plus brefs d\u00e9lais afin d&rsquo;\u00e9changer en d\u00e9tails de vos besoins. \u00c0 tr\u00e8s vite !\u00a0\u00bb submit_button_text=\u00a0\u00bbMe contacter\u00a0\u00bb _builder_version=\u00a0\u00bb4.24.2&Prime; _module_preset=\u00a0\u00bbdefault\u00a0\u00bb _unique_id=\u00a0\u00bb8527ac5f-aa99-4933-8254-59144f8eb03a\u00a0\u00bb form_field_background_color=\u00a0\u00bb#ffffff\u00a0\u00bb title_level=\u00a0\u00bbh2&Prime; title_font=\u00a0\u00bbABeeZee|700|||||||\u00a0\u00bb title_text_align=\u00a0\u00bbcenter\u00a0\u00bb title_font_size=\u00a0\u00bb40px\u00a0\u00bb custom_button=\u00a0\u00bbon\u00a0\u00bb button_bg_color=\u00a0\u00bb#ffffff\u00a0\u00bb button_border_color=\u00a0\u00bb#ffffff\u00a0\u00bb button_font=\u00a0\u00bbABeeZee|700|||||||\u00a0\u00bb animation_style=\u00a0\u00bbslide\u00a0\u00bb animation_direction=\u00a0\u00bbleft\u00a0\u00bb animation_intensity_slide=\u00a0\u00bb3%\u00a0\u00bb title_font_size_tablet=\u00a0\u00bb40px\u00a0\u00bb title_font_size_phone=\u00a0\u00bb30px\u00a0\u00bb title_font_size_last_edited=\u00a0\u00bbon|phone\u00a0\u00bb box_shadow_style_button=\u00a0\u00bbpreset3&Prime; global_colors_info=\u00a0\u00bb{}\u00a0\u00bb][et_pb_contact_field field_id=\u00a0\u00bbName\u00a0\u00bb field_title=\u00a0\u00bbVotre nom et pr\u00e9nom\u00a0\u00bb _builder_version=\u00a0\u00bb4.24.2&Prime; form_field_background_color=\u00a0\u00bb#ffffff\u00a0\u00bb global_colors_info=\u00a0\u00bb{}\u00a0\u00bb button_text_size__hover_enabled=\u00a0\u00bboff\u00a0\u00bb button_one_text_size__hover_enabled=\u00a0\u00bboff\u00a0\u00bb button_two_text_size__hover_enabled=\u00a0\u00bboff\u00a0\u00bb button_text_color__hover_enabled=\u00a0\u00bboff\u00a0\u00bb button_one_text_color__hover_enabled=\u00a0\u00bboff\u00a0\u00bb button_two_text_color__hover_enabled=\u00a0\u00bboff\u00a0\u00bb button_border_width__hover_enabled=\u00a0\u00bboff\u00a0\u00bb button_one_border_width__hover_enabled=\u00a0\u00bboff\u00a0\u00bb button_two_border_width__hover_enabled=\u00a0\u00bboff\u00a0\u00bb button_border_color__hover_enabled=\u00a0\u00bboff\u00a0\u00bb button_one_border_color__hover_enabled=\u00a0\u00bboff\u00a0\u00bb button_two_border_color__hover_enabled=\u00a0\u00bboff\u00a0\u00bb button_border_radius__hover_enabled=\u00a0\u00bboff\u00a0\u00bb button_one_border_radius__hover_enabled=\u00a0\u00bboff\u00a0\u00bb button_two_border_radius__hover_enabled=\u00a0\u00bboff\u00a0\u00bb button_letter_spacing__hover_enabled=\u00a0\u00bboff\u00a0\u00bb button_one_letter_spacing__hover_enabled=\u00a0\u00bboff\u00a0\u00bb button_two_letter_spacing__hover_enabled=\u00a0\u00bboff\u00a0\u00bb button_bg_color__hover_enabled=\u00a0\u00bboff\u00a0\u00bb button_one_bg_color__hover_enabled=\u00a0\u00bboff\u00a0\u00bb button_two_bg_color__hover_enabled=\u00a0\u00bboff\u00a0\u00bb][\/et_pb_contact_field][et_pb_contact_field field_id=\u00a0\u00bbPhone\u00a0\u00bb field_title=\u00a0\u00bbVotre num\u00e9ro de t\u00e9l\u00e9phone\u00a0\u00bb min_length=\u00a0\u00bb10&Prime; allowed_symbols=\u00a0\u00bbnumbers\u00a0\u00bb _builder_version=\u00a0\u00bb4.24.2&Prime; global_colors_info=\u00a0\u00bb{}\u00a0\u00bb button_text_size__hover_enabled=\u00a0\u00bboff\u00a0\u00bb button_one_text_size__hover_enabled=\u00a0\u00bboff\u00a0\u00bb button_two_text_size__hover_enabled=\u00a0\u00bboff\u00a0\u00bb button_text_color__hover_enabled=\u00a0\u00bboff\u00a0\u00bb button_one_text_color__hover_enabled=\u00a0\u00bboff\u00a0\u00bb button_two_text_color__hover_enabled=\u00a0\u00bboff\u00a0\u00bb button_border_width__hover_enabled=\u00a0\u00bboff\u00a0\u00bb button_one_border_width__hover_enabled=\u00a0\u00bboff\u00a0\u00bb button_two_border_width__hover_enabled=\u00a0\u00bboff\u00a0\u00bb button_border_color__hover_enabled=\u00a0\u00bboff\u00a0\u00bb button_one_border_color__hover_enabled=\u00a0\u00bboff\u00a0\u00bb button_two_border_color__hover_enabled=\u00a0\u00bboff\u00a0\u00bb button_border_radius__hover_enabled=\u00a0\u00bboff\u00a0\u00bb button_one_border_radius__hover_enabled=\u00a0\u00bboff\u00a0\u00bb button_two_border_radius__hover_enabled=\u00a0\u00bboff\u00a0\u00bb button_letter_spacing__hover_enabled=\u00a0\u00bboff\u00a0\u00bb button_one_letter_spacing__hover_enabled=\u00a0\u00bboff\u00a0\u00bb button_two_letter_spacing__hover_enabled=\u00a0\u00bboff\u00a0\u00bb button_bg_color__hover_enabled=\u00a0\u00bboff\u00a0\u00bb button_one_bg_color__hover_enabled=\u00a0\u00bboff\u00a0\u00bb button_two_bg_color__hover_enabled=\u00a0\u00bboff\u00a0\u00bb][\/et_pb_contact_field][et_pb_contact_field field_id=\u00a0\u00bbBesoins\u00a0\u00bb field_title=\u00a0\u00bbQuels sont vos besoins ? (missions, horaires, taux horaire&#8230;)\u00a0\u00bb field_type=\u00a0\u00bbtext\u00a0\u00bb fullwidth_field=\u00a0\u00bbon\u00a0\u00bb _builder_version=\u00a0\u00bb4.24.2&Prime; global_colors_info=\u00a0\u00bb{}\u00a0\u00bb button_text_size__hover_enabled=\u00a0\u00bboff\u00a0\u00bb button_one_text_size__hover_enabled=\u00a0\u00bboff\u00a0\u00bb button_two_text_size__hover_enabled=\u00a0\u00bboff\u00a0\u00bb button_text_color__hover_enabled=\u00a0\u00bboff\u00a0\u00bb button_one_text_color__hover_enabled=\u00a0\u00bboff\u00a0\u00bb button_two_text_color__hover_enabled=\u00a0\u00bboff\u00a0\u00bb button_border_width__hover_enabled=\u00a0\u00bboff\u00a0\u00bb button_one_border_width__hover_enabled=\u00a0\u00bboff\u00a0\u00bb button_two_border_width__hover_enabled=\u00a0\u00bboff\u00a0\u00bb button_border_color__hover_enabled=\u00a0\u00bboff\u00a0\u00bb button_one_border_color__hover_enabled=\u00a0\u00bboff\u00a0\u00bb button_two_border_color__hover_enabled=\u00a0\u00bboff\u00a0\u00bb button_border_radius__hover_enabled=\u00a0\u00bboff\u00a0\u00bb button_one_border_radius__hover_enabled=\u00a0\u00bboff\u00a0\u00bb button_two_border_radius__hover_enabled=\u00a0\u00bboff\u00a0\u00bb button_letter_spacing__hover_enabled=\u00a0\u00bboff\u00a0\u00bb button_one_letter_spacing__hover_enabled=\u00a0\u00bboff\u00a0\u00bb button_two_letter_spacing__hover_enabled=\u00a0\u00bboff\u00a0\u00bb button_bg_color__hover_enabled=\u00a0\u00bboff\u00a0\u00bb button_one_bg_color__hover_enabled=\u00a0\u00bboff\u00a0\u00bb button_two_bg_color__hover_enabled=\u00a0\u00bboff\u00a0\u00bb][\/et_pb_contact_field][et_pb_contact_field field_id=\u00a0\u00bbContrat\u00a0\u00bb field_title=\u00a0\u00bbDe quel type de contrat s&rsquo;agit-il ?\u00a0\u00bb field_type=\u00a0\u00bbcheckbox\u00a0\u00bb checkbox_options=\u00a0\u00bb%91{%22value%22:%22CDI%22,%22checked%22:0,%22dragID%22:-1},{%22value%22:%22CDD%22,%22checked%22:0,%22dragID%22:0},{%22value%22:%22Autre%22,%22checked%22:0,%22dragID%22:1}%93&Prime; _builder_version=\u00a0\u00bb4.24.2&Prime; _module_preset=\u00a0\u00bbdefault\u00a0\u00bb global_colors_info=\u00a0\u00bb{}\u00a0\u00bb][\/et_pb_contact_field][et_pb_contact_field field_id=\u00a0\u00bbHandicap\u00a0\u00bb field_title=\u00a0\u00bbLa personne aid\u00e9e a-t-elle un handicap ?\u00a0\u00bb field_type=\u00a0\u00bbcheckbox\u00a0\u00bb checkbox_options=\u00a0\u00bb%91{%22value%22:%22Oui%22,%22checked%22:0,%22dragID%22:-1},{%22value%22:%22Non%22,%22checked%22:0,%22dragID%22:0}%93&Prime; _builder_version=\u00a0\u00bb4.24.2&Prime; _module_preset=\u00a0\u00bbdefault\u00a0\u00bb global_colors_info=\u00a0\u00bb{}\u00a0\u00bb][\/et_pb_contact_field][et_pb_contact_field field_id=\u00a0\u00bbRGPD\u00a0\u00bb field_title=\u00a0\u00bbRGPD\u00a0\u00bb field_type=\u00a0\u00bbcheckbox\u00a0\u00bb checkbox_options=\u00a0\u00bb%91{%22value%22:%22En cochant cette case et en validant le formulaire de contact, j&rsquo;accepte que Laurence collecte les donn\u00e9es renseign\u00e9es afin de me recontacter et de m&rsquo;apporter les meilleurs soins possibles.%22,%22checked%22:1,%22dragID%22:-1}%93&Prime; fullwidth_field=\u00a0\u00bbon\u00a0\u00bb _builder_version=\u00a0\u00bb4.24.2&Prime; _module_preset=\u00a0\u00bbdefault\u00a0\u00bb global_colors_info=\u00a0\u00bb{}\u00a0\u00bb][\/et_pb_contact_field][\/et_pb_contact_form][\/et_pb_column][\/et_pb_row][\/et_pb_section][et_pb_section fb_built=\u00a0\u00bb1&Prime; prev_background_color=\u00a0\u00bb#ffce89&Prime; disabled_on=\u00a0\u00bbon|on|on\u00a0\u00bb _builder_version=\u00a0\u00bb4.24.2&Prime; _module_preset=\u00a0\u00bbdefault\u00a0\u00bb background_color=\u00a0\u00bb#a2d2ff\u00a0\u00bb top_divider_style=\u00a0\u00bbwave\u00a0\u00bb top_divider_height=\u00a0\u00bb50px\u00a0\u00bb top_divider_height_tablet=\u00a0\u00bb50px\u00a0\u00bb top_divider_height_phone=\u00a0\u00bb30px\u00a0\u00bb top_divider_height_last_edited=\u00a0\u00bbon|phone\u00a0\u00bb disabled=\u00a0\u00bbon\u00a0\u00bb global_colors_info=\u00a0\u00bb{}\u00a0\u00bb][et_pb_row _builder_version=\u00a0\u00bb4.24.2&Prime; _module_preset=\u00a0\u00bbdefault\u00a0\u00bb global_colors_info=\u00a0\u00bb{}\u00a0\u00bb][et_pb_column type=\u00a0\u00bb4_4&Prime; _builder_version=\u00a0\u00bb4.24.2&Prime; _module_preset=\u00a0\u00bbdefault\u00a0\u00bb global_colors_info=\u00a0\u00bb{}\u00a0\u00bb][et_pb_text module_id=\u00a0\u00bbcontacterlaurence\u00a0\u00bb _builder_version=\u00a0\u00bb4.24.2&Prime; _module_preset=\u00a0\u00bbdefault\u00a0\u00bb text_font_size=\u00a0\u00bb20px\u00a0\u00bb header_2_font=\u00a0\u00bbABeeZee|700|||||||\u00a0\u00bb header_2_text_align=\u00a0\u00bbcenter\u00a0\u00bb header_2_font_size=\u00a0\u00bb40px\u00a0\u00bb animation_style=\u00a0\u00bbslide\u00a0\u00bb animation_direction=\u00a0\u00bbleft\u00a0\u00bb animation_intensity_slide=\u00a0\u00bb3%\u00a0\u00bb header_2_font_size_tablet=\u00a0\u00bb40px\u00a0\u00bb header_2_font_size_phone=\u00a0\u00bb30px\u00a0\u00bb header_2_font_size_last_edited=\u00a0\u00bbon|phone\u00a0\u00bb global_colors_info=\u00a0\u00bb{}\u00a0\u00bb]<\/p>\n<h2>Me contacter<\/h2>\n<p>&nbsp;<\/p>\n<p style=\"text-align: center;\">Vous pouvez me contacter au<\/p>\n<p>[\/et_pb_text][et_pb_text _builder_version=\u00a0\u00bb4.24.2&Prime; _module_preset=\u00a0\u00bbdefault\u00a0\u00bb text_font=\u00a0\u00bbABeeZee|700|||||||\u00a0\u00bb text_font_size=\u00a0\u00bb30px\u00a0\u00bb animation_style=\u00a0\u00bbslide\u00a0\u00bb animation_intensity_slide=\u00a0\u00bb5%\u00a0\u00bb global_colors_info=\u00a0\u00bb{}\u00a0\u00bb]<\/p>\n<p style=\"text-align: center;\"><strong> \ud83d\udcde 0604074265 \ud83d\udcde<\/strong><\/p>\n<p>[\/et_pb_text][et_pb_button button_url=\u00a0\u00bbtel:%220604074265%22&Prime; button_text=\u00a0\u00bbT\u00e9l\u00e9phoner \u00e0 Catherine\u00a0\u00bb button_alignment=\u00a0\u00bbright\u00a0\u00bb button_alignment_tablet=\u00a0\u00bbright\u00a0\u00bb button_alignment_phone=\u00a0\u00bbcenter\u00a0\u00bb button_alignment_last_edited=\u00a0\u00bbon|phone\u00a0\u00bb _builder_version=\u00a0\u00bb4.24.2&Prime; _module_preset=\u00a0\u00bbdefault\u00a0\u00bb custom_button=\u00a0\u00bbon\u00a0\u00bb button_bg_color=\u00a0\u00bb#ffffff\u00a0\u00bb button_border_color=\u00a0\u00bbRGBA(255,255,255,0)\u00a0\u00bb button_border_radius=\u00a0\u00bb100px\u00a0\u00bb button_font=\u00a0\u00bb|600|||||||\u00a0\u00bb button_icon=\u00a0\u00bb&#x35;||divi||400&Prime; button_on_hover=\u00a0\u00bboff\u00a0\u00bb animation_style=\u00a0\u00bbslide\u00a0\u00bb animation_direction=\u00a0\u00bbleft\u00a0\u00bb animation_intensity_slide=\u00a0\u00bb3%\u00a0\u00bb box_shadow_style=\u00a0\u00bbpreset3&Prime; global_colors_info=\u00a0\u00bb{}\u00a0\u00bb][\/et_pb_button][\/et_pb_column][\/et_pb_row][\/et_pb_section]<\/p>\n","protected":false},"excerpt":{"rendered":"<p>Laurence, auxiliaire de vie en CESU Je me pr\u00e9nomme Laurence et je suis auxiliaire de vie depuis 3 ans. Infirmi\u00e8re lib\u00e9rale aupr\u00e8s de personnes \u00e2g\u00e9es puis t\u00e9trapl\u00e9giques, je me suis reconvertie \u00e0 l&rsquo;accompagnement de nos a\u00een\u00e9s(\u00e9es) . \ud83d\udccd J\u2019interviens sur les communes de Prades Le lez, Saint Gely du Fesc, Saint Cl\u00e9ment de Rivi\u00e8re, Saint [&hellip;]<\/p>\n","protected":false},"author":1,"featured_media":0,"parent":0,"menu_order":0,"comment_status":"closed","ping_status":"closed","template":"","meta":{"_et_pb_use_builder":"on","_et_pb_old_content":"","_et_gb_content_width":"","_lmt_disableupdate":"","_lmt_disable":"","_monsterinsights_skip_tracking":false,"_monsterinsights_sitenote_active":false,"_monsterinsights_sitenote_note":"","_monsterinsights_sitenote_category":0,"footnotes":""},"class_list":["post-8157","page","type-page","status-publish","hentry"],"yoast_head":"<!-- This site is optimized with the Yoast SEO plugin v27.5 - https:\/\/yoast.com\/product\/yoast-seo-wordpress\/ -->\n<title>Laurence - Auxiliaire de vie CESU Prades Le lez - Flavi<\/title>\n<meta name=\"robots\" content=\"index, follow, max-snippet:-1, max-image-preview:large, max-video-preview:-1\" \/>\n<link rel=\"canonical\" href=\"https:\/\/flavi.fr\/index.php\/laurence-auxiliaire-de-vie-cesu\/\" \/>\n<meta property=\"og:locale\" content=\"fr_FR\" \/>\n<meta property=\"og:type\" content=\"article\" \/>\n<meta property=\"og:title\" content=\"Laurence - Auxiliaire de vie CESU Prades Le lez - Flavi\" \/>\n<meta property=\"og:description\" content=\"Laurence, auxiliaire de vie en CESU Je me pr\u00e9nomme Laurence et je suis auxiliaire de vie depuis 3 ans. Infirmi\u00e8re lib\u00e9rale aupr\u00e8s de personnes \u00e2g\u00e9es puis t\u00e9trapl\u00e9giques, je me suis reconvertie \u00e0 l&#039;accompagnement de nos a\u00een\u00e9s(\u00e9es) . \ud83d\udccd J\u2019interviens sur les communes de Prades Le lez, Saint Gely du Fesc, Saint Cl\u00e9ment de Rivi\u00e8re, Saint [&hellip;]\" \/>\n<meta property=\"og:url\" content=\"https:\/\/flavi.fr\/index.php\/laurence-auxiliaire-de-vie-cesu\/\" \/>\n<meta property=\"og:site_name\" content=\"Flavi\" \/>\n<meta property=\"article:modified_time\" content=\"2025-03-19T07:06:45+00:00\" \/>\n<meta name=\"twitter:card\" content=\"summary_large_image\" \/>\n<meta name=\"twitter:label1\" content=\"Dur\u00e9e de lecture estim\u00e9e\" \/>\n\t<meta name=\"twitter:data1\" content=\"3 minutes\" \/>\n<script type=\"application\/ld+json\" class=\"yoast-schema-graph\">{\"@context\":\"https:\\\/\\\/schema.org\",\"@graph\":[{\"@type\":\"WebPage\",\"@id\":\"https:\\\/\\\/flavi.fr\\\/index.php\\\/laurence-auxiliaire-de-vie-cesu\\\/\",\"url\":\"https:\\\/\\\/flavi.fr\\\/index.php\\\/laurence-auxiliaire-de-vie-cesu\\\/\",\"name\":\"Laurence - Auxiliaire de vie CESU Prades Le lez - Flavi\",\"isPartOf\":{\"@id\":\"https:\\\/\\\/flavi.fr\\\/#website\"},\"datePublished\":\"2024-11-20T14:17:09+00:00\",\"dateModified\":\"2025-03-19T07:06:45+00:00\",\"breadcrumb\":{\"@id\":\"https:\\\/\\\/flavi.fr\\\/index.php\\\/laurence-auxiliaire-de-vie-cesu\\\/#breadcrumb\"},\"inLanguage\":\"fr-FR\",\"potentialAction\":[{\"@type\":\"ReadAction\",\"target\":[\"https:\\\/\\\/flavi.fr\\\/index.php\\\/laurence-auxiliaire-de-vie-cesu\\\/\"]}]},{\"@type\":\"BreadcrumbList\",\"@id\":\"https:\\\/\\\/flavi.fr\\\/index.php\\\/laurence-auxiliaire-de-vie-cesu\\\/#breadcrumb\",\"itemListElement\":[{\"@type\":\"ListItem\",\"position\":1,\"name\":\"Accueil\",\"item\":\"https:\\\/\\\/flavi.fr\\\/\"},{\"@type\":\"ListItem\",\"position\":2,\"name\":\"Laurence &#8211; Auxiliaire de vie CESU Prades Le lez\"}]},{\"@type\":\"WebSite\",\"@id\":\"https:\\\/\\\/flavi.fr\\\/#website\",\"url\":\"https:\\\/\\\/flavi.fr\\\/\",\"name\":\"Flavi\",\"description\":\"auxiliaires de vie ind\u00e9pendantes\",\"potentialAction\":[{\"@type\":\"SearchAction\",\"target\":{\"@type\":\"EntryPoint\",\"urlTemplate\":\"https:\\\/\\\/flavi.fr\\\/?s={search_term_string}\"},\"query-input\":{\"@type\":\"PropertyValueSpecification\",\"valueRequired\":true,\"valueName\":\"search_term_string\"}}],\"inLanguage\":\"fr-FR\"}]}<\/script>\n<!-- \/ Yoast SEO plugin. -->","yoast_head_json":{"title":"Laurence - Auxiliaire de vie CESU Prades Le lez - Flavi","robots":{"index":"index","follow":"follow","max-snippet":"max-snippet:-1","max-image-preview":"max-image-preview:large","max-video-preview":"max-video-preview:-1"},"canonical":"https:\/\/flavi.fr\/index.php\/laurence-auxiliaire-de-vie-cesu\/","og_locale":"fr_FR","og_type":"article","og_title":"Laurence - Auxiliaire de vie CESU Prades Le lez - Flavi","og_description":"Laurence, auxiliaire de vie en CESU Je me pr\u00e9nomme Laurence et je suis auxiliaire de vie depuis 3 ans. Infirmi\u00e8re lib\u00e9rale aupr\u00e8s de personnes \u00e2g\u00e9es puis t\u00e9trapl\u00e9giques, je me suis reconvertie \u00e0 l'accompagnement de nos a\u00een\u00e9s(\u00e9es) . \ud83d\udccd J\u2019interviens sur les communes de Prades Le lez, Saint Gely du Fesc, Saint Cl\u00e9ment de Rivi\u00e8re, Saint [&hellip;]","og_url":"https:\/\/flavi.fr\/index.php\/laurence-auxiliaire-de-vie-cesu\/","og_site_name":"Flavi","article_modified_time":"2025-03-19T07:06:45+00:00","twitter_card":"summary_large_image","twitter_misc":{"Dur\u00e9e de lecture estim\u00e9e":"3 minutes"},"schema":{"@context":"https:\/\/schema.org","@graph":[{"@type":"WebPage","@id":"https:\/\/flavi.fr\/index.php\/laurence-auxiliaire-de-vie-cesu\/","url":"https:\/\/flavi.fr\/index.php\/laurence-auxiliaire-de-vie-cesu\/","name":"Laurence - Auxiliaire de vie CESU Prades Le lez - Flavi","isPartOf":{"@id":"https:\/\/flavi.fr\/#website"},"datePublished":"2024-11-20T14:17:09+00:00","dateModified":"2025-03-19T07:06:45+00:00","breadcrumb":{"@id":"https:\/\/flavi.fr\/index.php\/laurence-auxiliaire-de-vie-cesu\/#breadcrumb"},"inLanguage":"fr-FR","potentialAction":[{"@type":"ReadAction","target":["https:\/\/flavi.fr\/index.php\/laurence-auxiliaire-de-vie-cesu\/"]}]},{"@type":"BreadcrumbList","@id":"https:\/\/flavi.fr\/index.php\/laurence-auxiliaire-de-vie-cesu\/#breadcrumb","itemListElement":[{"@type":"ListItem","position":1,"name":"Accueil","item":"https:\/\/flavi.fr\/"},{"@type":"ListItem","position":2,"name":"Laurence &#8211; Auxiliaire de vie CESU Prades Le lez"}]},{"@type":"WebSite","@id":"https:\/\/flavi.fr\/#website","url":"https:\/\/flavi.fr\/","name":"Flavi","description":"auxiliaires de vie ind\u00e9pendantes","potentialAction":[{"@type":"SearchAction","target":{"@type":"EntryPoint","urlTemplate":"https:\/\/flavi.fr\/?s={search_term_string}"},"query-input":{"@type":"PropertyValueSpecification","valueRequired":true,"valueName":"search_term_string"}}],"inLanguage":"fr-FR"}]}},"_links":{"self":[{"href":"https:\/\/flavi.fr\/index.php\/wp-json\/wp\/v2\/pages\/8157","targetHints":{"allow":["GET"]}}],"collection":[{"href":"https:\/\/flavi.fr\/index.php\/wp-json\/wp\/v2\/pages"}],"about":[{"href":"https:\/\/flavi.fr\/index.php\/wp-json\/wp\/v2\/types\/page"}],"author":[{"embeddable":true,"href":"https:\/\/flavi.fr\/index.php\/wp-json\/wp\/v2\/users\/1"}],"replies":[{"embeddable":true,"href":"https:\/\/flavi.fr\/index.php\/wp-json\/wp\/v2\/comments?post=8157"}],"version-history":[{"count":0,"href":"https:\/\/flavi.fr\/index.php\/wp-json\/wp\/v2\/pages\/8157\/revisions"}],"wp:attachment":[{"href":"https:\/\/flavi.fr\/index.php\/wp-json\/wp\/v2\/media?parent=8157"}],"curies":[{"name":"wp","href":"https:\/\/api.w.org\/{rel}","templated":true}]}}