{"id":5829,"date":"2024-02-29T11:24:42","date_gmt":"2024-02-29T10:24:42","guid":{"rendered":"https:\/\/flavi.fr\/?page_id=5829"},"modified":"2025-07-01T10:42:19","modified_gmt":"2025-07-01T08:42:19","slug":"qui-sommes-nous","status":"publish","type":"page","link":"https:\/\/flavi.fr\/index.php\/qui-sommes-nous\/","title":{"rendered":"Qui sommes-nous ?"},"content":{"rendered":"<p>[et_pb_section fb_built=\u00a0\u00bb1&Prime; _builder_version=\u00a0\u00bb4.24.0&Prime; _module_preset=\u00a0\u00bbdefault\u00a0\u00bb background_color=\u00a0\u00bb#e8e0ff\u00a0\u00bb bottom_divider_style=\u00a0\u00bbcurve\u00a0\u00bb bottom_divider_color=\u00a0\u00bb#ffffff\u00a0\u00bb bottom_divider_height=\u00a0\u00bb50px\u00a0\u00bb global_colors_info=\u00a0\u00bb{}\u00a0\u00bb][et_pb_row _builder_version=\u00a0\u00bb4.24.0&Prime; _module_preset=\u00a0\u00bbdefault\u00a0\u00bb global_colors_info=\u00a0\u00bb{}\u00a0\u00bb][et_pb_column type=\u00a0\u00bb4_4&Prime; _builder_version=\u00a0\u00bb4.24.0&Prime; _module_preset=\u00a0\u00bbdefault\u00a0\u00bb global_colors_info=\u00a0\u00bb{}\u00a0\u00bb][et_pb_text _builder_version=\u00a0\u00bb4.24.2&Prime; _module_preset=\u00a0\u00bbdefault\u00a0\u00bb text_font=\u00a0\u00bb|600|||||||\u00a0\u00bb text_font_size=\u00a0\u00bb25px\u00a0\u00bb header_font=\u00a0\u00bbABeeZee|700|||||||\u00a0\u00bb header_text_color=\u00a0\u00bb#5800a6&Prime; header_font_size=\u00a0\u00bb45px\u00a0\u00bb text_font_size_tablet=\u00a0\u00bb25px\u00a0\u00bb text_font_size_phone=\u00a0\u00bb20px\u00a0\u00bb text_font_size_last_edited=\u00a0\u00bbon|desktop\u00a0\u00bb header_font_size_tablet=\u00a0\u00bb45px\u00a0\u00bb header_font_size_phone=\u00a0\u00bb30px\u00a0\u00bb header_font_size_last_edited=\u00a0\u00bbon|desktop\u00a0\u00bb global_colors_info=\u00a0\u00bb{}\u00a0\u00bb]<\/p>\n<h1 style=\"text-align: center;\"><strong>Notre mission chez Flavi ?<\/strong><\/h1>\n<p style=\"text-align: center;\"><span><\/span><\/p>\n<p style=\"text-align: center;\"><span>Valoriser le m\u00e9tier d&rsquo;aide \u00e0 domicile, et s\u00e9curiser les parcours des aidants.<\/span><\/p>\n<p style=\"text-align: center;\"><span>\u00a0Il est urgent de reconsid\u00e9rer le statut des aidants.<\/span><\/p>\n<p style=\"text-align: center;\"><span><\/span><\/p>\n<p>[\/et_pb_text][\/et_pb_column][\/et_pb_row][et_pb_row column_structure=\u00a0\u00bb1_2,1_2&Prime; _builder_version=\u00a0\u00bb4.24.0&Prime; _module_preset=\u00a0\u00bbdefault\u00a0\u00bb background_color=\u00a0\u00bbrgba(252,252,252,0.89)\u00a0\u00bb border_radii=\u00a0\u00bbon|30px|30px|30px|30px\u00a0\u00bb global_colors_info=\u00a0\u00bb{}\u00a0\u00bb][et_pb_column type=\u00a0\u00bb1_2&Prime; _builder_version=\u00a0\u00bb4.24.0&Prime; _module_preset=\u00a0\u00bbdefault\u00a0\u00bb global_colors_info=\u00a0\u00bb{}\u00a0\u00bb][et_pb_number_counter title=\u00a0\u00bbDes personnes \u00e2g\u00e9es souhaitent viellir \u00e0 domicile.\u00a0\u00bb number=\u00a0\u00bb87&Prime; _builder_version=\u00a0\u00bb4.24.2&Prime; _module_preset=\u00a0\u00bbdefault\u00a0\u00bb title_font=\u00a0\u00bb|600|||||||\u00a0\u00bb title_text_color=\u00a0\u00bb#1A1A1A\u00a0\u00bb title_font_size=\u00a0\u00bb20px\u00a0\u00bb title_letter_spacing=\u00a0\u00bb1px\u00a0\u00bb number_font=\u00a0\u00bb|800|||||||\u00a0\u00bb number_text_color=\u00a0\u00bb#5800a6&Prime; number_font_size=\u00a0\u00bb80px\u00a0\u00bb global_colors_info=\u00a0\u00bb{}\u00a0\u00bb][\/et_pb_number_counter][\/et_pb_column][et_pb_column type=\u00a0\u00bb1_2&Prime; _builder_version=\u00a0\u00bb4.24.0&Prime; _module_preset=\u00a0\u00bbdefault\u00a0\u00bb global_colors_info=\u00a0\u00bb{}\u00a0\u00bb][et_pb_number_counter title=\u00a0\u00bbProfessionnels manquent sur le terrain.\u00a0\u00bb number=\u00a0\u00bb250 000&Prime; percent_sign=\u00a0\u00bboff\u00a0\u00bb _builder_version=\u00a0\u00bb4.24.2&Prime; _module_preset=\u00a0\u00bbdefault\u00a0\u00bb title_font=\u00a0\u00bb|600|||||||\u00a0\u00bb title_text_color=\u00a0\u00bb#1A1A1A\u00a0\u00bb title_font_size=\u00a0\u00bb20px\u00a0\u00bb title_letter_spacing=\u00a0\u00bb1px\u00a0\u00bb number_font=\u00a0\u00bb|800|||||||\u00a0\u00bb number_text_color=\u00a0\u00bb#5800a6&Prime; number_font_size=\u00a0\u00bb80px\u00a0\u00bb global_colors_info=\u00a0\u00bb{}\u00a0\u00bb][\/et_pb_number_counter][\/et_pb_column][\/et_pb_row][et_pb_row _builder_version=\u00a0\u00bb4.24.0&Prime; _module_preset=\u00a0\u00bbdefault\u00a0\u00bb global_colors_info=\u00a0\u00bb{}\u00a0\u00bb][et_pb_column type=\u00a0\u00bb4_4&Prime; _builder_version=\u00a0\u00bb4.24.0&Prime; _module_preset=\u00a0\u00bbdefault\u00a0\u00bb global_colors_info=\u00a0\u00bb{}\u00a0\u00bb][et_pb_button button_url=\u00a0\u00bbhttps:\/\/www.facebook.com\/groups\/532516138546331&Prime; button_text=\u00a0\u00bbRejoindre la communaut\u00e9 Flavi\u00a0\u00bb button_alignment=\u00a0\u00bbright\u00a0\u00bb button_alignment_tablet=\u00a0\u00bbcenter\u00a0\u00bb button_alignment_phone=\u00a0\u00bbcenter\u00a0\u00bb button_alignment_last_edited=\u00a0\u00bbon|phone\u00a0\u00bb _builder_version=\u00a0\u00bb4.24.2&Prime; _module_preset=\u00a0\u00bbdefault\u00a0\u00bb custom_button=\u00a0\u00bbon\u00a0\u00bb button_bg_color=\u00a0\u00bb#ffffff\u00a0\u00bb button_border_color=\u00a0\u00bbRGBA(255,255,255,0)\u00a0\u00bb button_border_radius=\u00a0\u00bb100px\u00a0\u00bb button_font=\u00a0\u00bb|600|||||||\u00a0\u00bb button_on_hover=\u00a0\u00bboff\u00a0\u00bb button_text_size_tablet=\u00a0\u00bb\u00a0\u00bb button_text_size_phone=\u00a0\u00bb18px\u00a0\u00bb button_text_size_last_edited=\u00a0\u00bbon|phone\u00a0\u00bb box_shadow_style=\u00a0\u00bbpreset3&Prime; global_colors_info=\u00a0\u00bb{}\u00a0\u00bb][\/et_pb_button][\/et_pb_column][\/et_pb_row][\/et_pb_section][et_pb_section fb_built=\u00a0\u00bb1&Prime; _builder_version=\u00a0\u00bb4.24.0&Prime; _module_preset=\u00a0\u00bbdefault\u00a0\u00bb top_divider_height=\u00a0\u00bb75px\u00a0\u00bb top_divider_flip=\u00a0\u00bbhorizontal\u00a0\u00bb global_colors_info=\u00a0\u00bb{}\u00a0\u00bb][et_pb_row _builder_version=\u00a0\u00bb4.17.4&Prime; _module_preset=\u00a0\u00bbdefault\u00a0\u00bb global_colors_info=\u00a0\u00bb{}\u00a0\u00bb][et_pb_column type=\u00a0\u00bb4_4&Prime; _builder_version=\u00a0\u00bb4.17.4&Prime; _module_preset=\u00a0\u00bbdefault\u00a0\u00bb global_colors_info=\u00a0\u00bb{}\u00a0\u00bb][et_pb_text _builder_version=\u00a0\u00bb4.24.2&Prime; _module_preset=\u00a0\u00bbdefault\u00a0\u00bb header_2_font=\u00a0\u00bbABeeZee|700|||||||\u00a0\u00bb header_2_text_align=\u00a0\u00bbcenter\u00a0\u00bb header_2_font_size=\u00a0\u00bb40px\u00a0\u00bb header_2_font_size_tablet=\u00a0\u00bb40px\u00a0\u00bb header_2_font_size_phone=\u00a0\u00bb30px\u00a0\u00bb header_2_font_size_last_edited=\u00a0\u00bbon|phone\u00a0\u00bb global_colors_info=\u00a0\u00bb{}\u00a0\u00bb]<\/p>\n<h2>L&rsquo;histoire de Flavi<\/h2>\n<p>[\/et_pb_text][\/et_pb_column][\/et_pb_row][et_pb_row column_structure=\u00a0\u00bb3_5,2_5&Prime; _builder_version=\u00a0\u00bb4.24.0&Prime; _module_preset=\u00a0\u00bbdefault\u00a0\u00bb animation_style=\u00a0\u00bbslide\u00a0\u00bb animation_direction=\u00a0\u00bbleft\u00a0\u00bb animation_intensity_slide=\u00a0\u00bb2%\u00a0\u00bb global_colors_info=\u00a0\u00bb{}\u00a0\u00bb][et_pb_column type=\u00a0\u00bb3_5&Prime; _builder_version=\u00a0\u00bb4.17.4&Prime; _module_preset=\u00a0\u00bbdefault\u00a0\u00bb global_colors_info=\u00a0\u00bb{}\u00a0\u00bb][et_pb_text content_tablet=\u00a0\u00bb<\/p>\n<h3><strong>Une histoire personnelle<\/strong><\/h3>\n<p>Flavi est n\u00e9e du sentiment d\u2019impuissance de sa fondatrice. En effet, Eva, enseignante, \u00e9tait le t\u00e9moin des tourments de sa maman, aidante de sa grand m\u00e8re, en perte soudaine d\u2019autonomie.<\/p>\n<p>Alors qu&rsquo;\u00e0 55 ans, sa maman pensait avoir du temps pour profiter de la vie, la voici constamment sur les 4 chemins pour aider sa grand-m\u00e8re. C\u2019est m\u00eame devenu sa pr\u00e9occupation premi\u00e8re. <strong>La voici confront\u00e9e au burn-out de l\u2019aidant.<\/strong><\/p>\n<p>\u00a0\u00bb content_phone=\u00a0\u00bb<\/p>\n<h3><strong>Une histoire personnelle<\/strong><\/h3>\n<p><strong><\/strong><\/p>\n<p>Flavi est n\u00e9e du sentiment d\u2019impuissance de sa fondatrice. En effet, Eva, enseignante, \u00e9tait le t\u00e9moin des tourments de sa maman, aidante de sa grand m\u00e8re, en perte soudaine d\u2019autonomie.<\/p>\n<p>Alors qu&rsquo;\u00e0 55 ans, sa maman pensait avoir du temps pour profiter de la vie, la voici constamment sur les 4 chemins pour aider sa grand-m\u00e8re. C\u2019est m\u00eame devenu sa pr\u00e9occupation premi\u00e8re. <strong>La voici confront\u00e9e au burn-out de l\u2019aidant.<\/strong><\/p>\n<p>\u00a0\u00bb content_last_edited=\u00a0\u00bbon|phone\u00a0\u00bb _builder_version=\u00a0\u00bb4.27.4&Prime; _module_preset=\u00a0\u00bbdefault\u00a0\u00bb text_font_size=\u00a0\u00bb20px\u00a0\u00bb header_3_font=\u00a0\u00bbABeeZee|700|||||||\u00a0\u00bb header_3_text_color=\u00a0\u00bb#5800a6&Prime; header_3_font_size=\u00a0\u00bb28px\u00a0\u00bb header_3_font_size_tablet=\u00a0\u00bb28px\u00a0\u00bb header_3_font_size_phone=\u00a0\u00bb25px\u00a0\u00bb header_3_font_size_last_edited=\u00a0\u00bbon|phone\u00a0\u00bb global_colors_info=\u00a0\u00bb{}\u00a0\u00bb]<\/p>\n<h3><strong>Une histoire personnelle<\/strong><\/h3>\n<p>Flavi est n\u00e9e du sentiment d\u2019impuissance de sa fondatrice. En effet, Eva, enseignante, \u00e9tait le t\u00e9moin des tourments de sa maman, aidante de sa grand m\u00e8re, en perte soudaine d\u2019autonomie.<\/p>\n<p>Alors qu&rsquo;\u00e0 55 ans, sa maman pensait avoir du temps pour profiter de la vie, la voici constamment sur les 4 chemins pour aider sa grand-m\u00e8re. C\u2019est m\u00eame devenu sa pr\u00e9occupation premi\u00e8re. <strong>La voici confront\u00e9e au burn-out de l\u2019aidant.<\/strong><\/p>\n<p>[\/et_pb_text][\/et_pb_column][et_pb_column type=\u00a0\u00bb2_5&Prime; _builder_version=\u00a0\u00bb4.17.4&Prime; _module_preset=\u00a0\u00bbdefault\u00a0\u00bb global_colors_info=\u00a0\u00bb{}\u00a0\u00bb][et_pb_image src=\u00a0\u00bbhttps:\/\/flavi.fr\/wp-content\/uploads\/2024\/03\/burn-out-aidant-familial-1.webp\u00a0\u00bb title_text=\u00a0\u00bbburn out aidant familial\u00a0\u00bb align_tablet=\u00a0\u00bb\u00a0\u00bb align_phone=\u00a0\u00bbcenter\u00a0\u00bb align_last_edited=\u00a0\u00bbon|phone\u00a0\u00bb _builder_version=\u00a0\u00bb4.24.2&Prime; _module_preset=\u00a0\u00bbdefault\u00a0\u00bb transform_scale_tablet=\u00a0\u00bb70%|70%\u00a0\u00bb transform_scale_phone=\u00a0\u00bb100%|100%\u00a0\u00bb transform_scale_last_edited=\u00a0\u00bbon|tablet\u00a0\u00bb transform_translate_tablet=\u00a0\u00bb\u00a0\u00bb transform_translate_phone=\u00a0\u00bb\u00a0\u00bb transform_translate_last_edited=\u00a0\u00bbon|tablet\u00a0\u00bb transform_rotate_tablet=\u00a0\u00bb\u00a0\u00bb transform_rotate_phone=\u00a0\u00bb\u00a0\u00bb transform_rotate_last_edited=\u00a0\u00bbon|tablet\u00a0\u00bb transform_skew_tablet=\u00a0\u00bb\u00a0\u00bb transform_skew_phone=\u00a0\u00bb\u00a0\u00bb transform_skew_last_edited=\u00a0\u00bbon|tablet\u00a0\u00bb transform_origin_tablet=\u00a0\u00bb\u00a0\u00bb transform_origin_phone=\u00a0\u00bb\u00a0\u00bb transform_origin_last_edited=\u00a0\u00bbon|tablet\u00a0\u00bb transform_styles_last_edited=\u00a0\u00bbon|tablet\u00a0\u00bb transform_styles_tablet=\u00a0\u00bb\u00a0\u00bb transform_styles_phone=\u00a0\u00bb\u00a0\u00bb global_colors_info=\u00a0\u00bb{}\u00a0\u00bb][\/et_pb_image][\/et_pb_column][\/et_pb_row][et_pb_row column_structure=\u00a0\u00bb2_5,3_5&Prime; _builder_version=\u00a0\u00bb4.24.0&Prime; _module_preset=\u00a0\u00bbdefault\u00a0\u00bb animation_style=\u00a0\u00bbslide\u00a0\u00bb animation_direction=\u00a0\u00bbright\u00a0\u00bb animation_intensity_slide=\u00a0\u00bb2%\u00a0\u00bb global_colors_info=\u00a0\u00bb{}\u00a0\u00bb][et_pb_column type=\u00a0\u00bb2_5&Prime; _builder_version=\u00a0\u00bb4.17.4&Prime; _module_preset=\u00a0\u00bbdefault\u00a0\u00bb global_colors_info=\u00a0\u00bb{}\u00a0\u00bb][et_pb_image src=\u00a0\u00bbhttps:\/\/flavi.fr\/wp-content\/uploads\/2024\/02\/recherche-de-solutions.webp\u00a0\u00bb alt=\u00a0\u00bbFlavi : une plateforme de mise en relations entre aides \u00e0 domicile en CESU et particuliers employeurs.\u00a0\u00bb title_text=\u00a0\u00bbrecherche de solutions\u00a0\u00bb align=\u00a0\u00bbcenter\u00a0\u00bb disabled_on=\u00a0\u00bbon|on|off\u00a0\u00bb _builder_version=\u00a0\u00bb4.24.2&Prime; _module_preset=\u00a0\u00bbdefault\u00a0\u00bb width=\u00a0\u00bb95%\u00a0\u00bb global_colors_info=\u00a0\u00bb{}\u00a0\u00bb][\/et_pb_image][\/et_pb_column][et_pb_column type=\u00a0\u00bb3_5&Prime; _builder_version=\u00a0\u00bb4.17.4&Prime; _module_preset=\u00a0\u00bbdefault\u00a0\u00bb global_colors_info=\u00a0\u00bb{}\u00a0\u00bb][et_pb_text content_tablet=\u00a0\u00bb<\/p>\n<h3>Un secteur en tension<\/h3>\n<p><span>Dans sa recherche de solutions, Eva comprend vite qu\u2019il est devenu difficile de trouver des assistantes de vie qualifi\u00e9es et stables dans leur emploi. Elle d\u00e9cide donc de s\u2019immerger dans le quotidien des auxiliaires de vie afin de mieux comprendre la situation. <\/span><\/p>\n<p><span>Et c\u2019est ainsi qu\u2019elle d\u00e9couvre un secteur pr\u00e9caire : cadences \u00e9lev\u00e9es, r\u00e9mun\u00e9rations faibles, stress important, absence de reconnaissance, accidents du travail nombreux\u2026. Pas \u00e9tonnant qu\u2019il soit difficile d\u2019attirer et fid\u00e9liser les professionnels !<\/span><\/p>\n<p>\u00a0\u00bb content_phone=\u00a0\u00bb<\/p>\n<h3>Un secteur en tension<\/h3>\n<p><span><\/span><\/p>\n<p><span>Dans sa recherche de solutions, Eva comprend vite qu\u2019il est devenu difficile de trouver des assistantes de vie qualifi\u00e9es et stables dans leur emploi. Elle d\u00e9cide donc de s\u2019immerger dans le quotidien des auxiliaires de vie afin de mieux comprendre la situation. <\/span><\/p>\n<p><span>Et c\u2019est ainsi qu\u2019elle d\u00e9couvre un secteur pr\u00e9caire : cadences \u00e9lev\u00e9es, r\u00e9mun\u00e9rations faibles, stress important, absence de reconnaissance, accidents du travail nombreux\u2026. Pas \u00e9tonnant qu\u2019il soit difficile d\u2019attirer et fid\u00e9liser les professionnels !<\/span><\/p>\n<p>\u00a0\u00bb content_last_edited=\u00a0\u00bbon|phone\u00a0\u00bb _builder_version=\u00a0\u00bb4.27.4&Prime; _module_preset=\u00a0\u00bbdefault\u00a0\u00bb text_font_size=\u00a0\u00bb20px\u00a0\u00bb header_3_font=\u00a0\u00bbABeeZee|700|||||||\u00a0\u00bb header_3_text_color=\u00a0\u00bb#5800a6&Prime; header_3_font_size=\u00a0\u00bb28px\u00a0\u00bb header_3_font_size_tablet=\u00a0\u00bb28px\u00a0\u00bb header_3_font_size_phone=\u00a0\u00bb25px\u00a0\u00bb header_3_font_size_last_edited=\u00a0\u00bbon|phone\u00a0\u00bb global_colors_info=\u00a0\u00bb{}\u00a0\u00bb]<\/p>\n<h3>Un secteur en tension<\/h3>\n<p><span>Dans sa recherche de solutions, Eva comprend vite qu\u2019il est devenu difficile de trouver des aides \u00e0 domicile qualifi\u00e9es et stables dans leur emploi. Elle d\u00e9cide donc de s\u2019immerger dans le quotidien des auxiliaires de vie afin de mieux comprendre la situation. <\/span><\/p>\n<p><span>Et c\u2019est ainsi qu\u2019elle d\u00e9couvre un secteur pr\u00e9caire : cadences \u00e9lev\u00e9es, r\u00e9mun\u00e9rations faibles, stress important, absence de reconnaissance, accidents du travail nombreux\u2026. Pas \u00e9tonnant qu\u2019il soit difficile d\u2019attirer et fid\u00e9liser les professionnels !<\/span><\/p>\n<p>[\/et_pb_text][et_pb_image src=\u00a0\u00bbhttps:\/\/flavi.fr\/wp-content\/uploads\/2024\/02\/recherche-de-solutions.webp\u00a0\u00bb title_text=\u00a0\u00bbrecherche de solutions\u00a0\u00bb disabled_on=\u00a0\u00bboff|off|on\u00a0\u00bb _builder_version=\u00a0\u00bb4.24.2&Prime; _module_preset=\u00a0\u00bbdefault\u00a0\u00bb transform_scale_tablet=\u00a0\u00bb70%|70%\u00a0\u00bb transform_scale_phone=\u00a0\u00bb100%|100%\u00a0\u00bb transform_scale_last_edited=\u00a0\u00bbon|tablet\u00a0\u00bb transform_translate_tablet=\u00a0\u00bb\u00a0\u00bb transform_translate_phone=\u00a0\u00bb\u00a0\u00bb transform_translate_last_edited=\u00a0\u00bbon|tablet\u00a0\u00bb transform_rotate_tablet=\u00a0\u00bb\u00a0\u00bb transform_rotate_phone=\u00a0\u00bb\u00a0\u00bb transform_rotate_last_edited=\u00a0\u00bbon|tablet\u00a0\u00bb transform_skew_tablet=\u00a0\u00bb\u00a0\u00bb transform_skew_phone=\u00a0\u00bb\u00a0\u00bb transform_skew_last_edited=\u00a0\u00bbon|tablet\u00a0\u00bb transform_origin_tablet=\u00a0\u00bb\u00a0\u00bb transform_origin_phone=\u00a0\u00bb\u00a0\u00bb transform_origin_last_edited=\u00a0\u00bbon|tablet\u00a0\u00bb transform_styles_last_edited=\u00a0\u00bbon|tablet\u00a0\u00bb transform_styles_tablet=\u00a0\u00bb\u00a0\u00bb transform_styles_phone=\u00a0\u00bb\u00a0\u00bb global_colors_info=\u00a0\u00bb{}\u00a0\u00bb][\/et_pb_image][\/et_pb_column][\/et_pb_row][et_pb_row column_structure=\u00a0\u00bb3_5,2_5&Prime; _builder_version=\u00a0\u00bb4.24.0&Prime; _module_preset=\u00a0\u00bbdefault\u00a0\u00bb animation_style=\u00a0\u00bbslide\u00a0\u00bb animation_direction=\u00a0\u00bbleft\u00a0\u00bb animation_intensity_slide=\u00a0\u00bb2%\u00a0\u00bb global_colors_info=\u00a0\u00bb{}\u00a0\u00bb][et_pb_column type=\u00a0\u00bb3_5&Prime; _builder_version=\u00a0\u00bb4.24.0&Prime; _module_preset=\u00a0\u00bbdefault\u00a0\u00bb global_colors_info=\u00a0\u00bb{}\u00a0\u00bb][et_pb_text content_tablet=\u00a0\u00bb<\/p>\n<h3>Une rencontre d\u00e9terminante<\/h3>\n<p style=%22text-align: left;%22>Eva cherche alors une solution pour valoriser les professionnels du secteur et s\u00e9curiser les familles. Sur son chemin, elle rencontre Flavie. En emploi direct depuis 15 ans, Flavie est form\u00e9e, passionn\u00e9e et d\u00e9vou\u00e9e. V\u00e9ritable pilier pour les familles qu\u2019elle accompagne, elle s\u2019est entour\u00e9e d\u2019une \u00e9quipe pour assurer la continuit\u00e9 de service.<\/p>\n<p style=%22text-align: left;%22>C\u2019est la formule gagnante pour les familles et les professionnels. Et c\u2019est ainsi qu\u2019a germ\u00e9 l\u2019id\u00e9e d\u2019un nouveau mod\u00e8le, bas\u00e9 sur l\u2019organisation de Flavie et de son \u00e9quipe autonome en emploi direct.<\/p>\n<p>\u00a0\u00bb content_phone=\u00a0\u00bb<\/p>\n<h3>Une rencontre d\u00e9terminante<\/h3>\n<p style=%22text-align: left;%22>\n<p style=%22text-align: left;%22>Eva cherche alors une solution pour valoriser les professionnels du secteur et s\u00e9curiser les familles. Sur son chemin, elle rencontre Flavie. En emploi direct depuis 15 ans, Flavie est form\u00e9e, passionn\u00e9e et d\u00e9vou\u00e9e. V\u00e9ritable pilier pour les familles qu\u2019elle accompagne, elle s\u2019est entour\u00e9e d\u2019une \u00e9quipe pour assurer la continuit\u00e9 de service.<\/p>\n<p style=%22text-align: left;%22>C\u2019est la formule gagnante pour les familles et les professionnels. Et c\u2019est ainsi qu\u2019a germ\u00e9 l\u2019id\u00e9e d\u2019un nouveau mod\u00e8le, bas\u00e9 sur l\u2019organisation de Flavie et de son \u00e9quipe autonome en emploi direct.<\/p>\n<p>\u00a0\u00bb content_last_edited=\u00a0\u00bbon|phone\u00a0\u00bb _builder_version=\u00a0\u00bb4.24.2&Prime; _module_preset=\u00a0\u00bbdefault\u00a0\u00bb text_font_size=\u00a0\u00bb20px\u00a0\u00bb header_3_font=\u00a0\u00bbABeeZee|700|||||||\u00a0\u00bb header_3_text_color=\u00a0\u00bb#5800a6&Prime; header_3_font_size=\u00a0\u00bb28px\u00a0\u00bb header_3_font_size_tablet=\u00a0\u00bb28px\u00a0\u00bb header_3_font_size_phone=\u00a0\u00bb25px\u00a0\u00bb header_3_font_size_last_edited=\u00a0\u00bbon|phone\u00a0\u00bb global_colors_info=\u00a0\u00bb{}\u00a0\u00bb]<\/p>\n<h3>Une rencontre d\u00e9terminante<\/h3>\n<p style=\"text-align: left;\">Eva cherche alors une solution pour valoriser les professionnels du secteur de l&rsquo;aide \u00e0 domicile et s\u00e9curiser les familles. Sur son chemin, elle rencontre Flavie. En emploi direct (CESU) depuis 15 ans, Flavie est une auxiliaire de vie form\u00e9e, passionn\u00e9e et d\u00e9vou\u00e9e. V\u00e9ritable pilier pour les familles qu\u2019elle accompagne, elle s\u2019est entour\u00e9e d\u2019une \u00e9quipe pour assurer la continuit\u00e9 de service.<\/p>\n<p style=\"text-align: left;\">C\u2019est la formule gagnante pour les familles et les professionnels. Et c\u2019est ainsi qu\u2019a germ\u00e9 l\u2019id\u00e9e d\u2019un nouveau mod\u00e8le, bas\u00e9 sur l\u2019organisation de Flavie et de son \u00e9quipe autonome en emploi direct.<\/p>\n<p>[\/et_pb_text][\/et_pb_column][et_pb_column type=\u00a0\u00bb2_5&Prime; _builder_version=\u00a0\u00bb4.17.4&Prime; _module_preset=\u00a0\u00bbdefault\u00a0\u00bb global_colors_info=\u00a0\u00bb{}\u00a0\u00bb][et_pb_image src=\u00a0\u00bbhttps:\/\/flavi.fr\/wp-content\/uploads\/2024\/01\/Eva-Flavie.png\u00a0\u00bb title_text=\u00a0\u00bbEva &#038; Flavie\u00a0\u00bb align_tablet=\u00a0\u00bbcenter\u00a0\u00bb align_phone=\u00a0\u00bbcenter\u00a0\u00bb align_last_edited=\u00a0\u00bbon|tablet\u00a0\u00bb _builder_version=\u00a0\u00bb4.24.2&Prime; _module_preset=\u00a0\u00bbdefault\u00a0\u00bb transform_scale_tablet=\u00a0\u00bb80%|80%\u00a0\u00bb transform_scale_phone=\u00a0\u00bb100%|100%\u00a0\u00bb transform_scale_last_edited=\u00a0\u00bbon|tablet\u00a0\u00bb transform_translate_tablet=\u00a0\u00bb\u00a0\u00bb transform_translate_phone=\u00a0\u00bb\u00a0\u00bb transform_translate_last_edited=\u00a0\u00bbon|tablet\u00a0\u00bb transform_rotate_tablet=\u00a0\u00bb\u00a0\u00bb transform_rotate_phone=\u00a0\u00bb\u00a0\u00bb transform_rotate_last_edited=\u00a0\u00bbon|tablet\u00a0\u00bb transform_skew_tablet=\u00a0\u00bb\u00a0\u00bb transform_skew_phone=\u00a0\u00bb\u00a0\u00bb transform_skew_last_edited=\u00a0\u00bbon|tablet\u00a0\u00bb transform_origin_tablet=\u00a0\u00bb\u00a0\u00bb transform_origin_phone=\u00a0\u00bb\u00a0\u00bb transform_origin_last_edited=\u00a0\u00bbon|tablet\u00a0\u00bb transform_styles_last_edited=\u00a0\u00bbon|tablet\u00a0\u00bb transform_styles_tablet=\u00a0\u00bb\u00a0\u00bb transform_styles_phone=\u00a0\u00bb\u00a0\u00bb border_radii=\u00a0\u00bbon|25px|25px|25px|25px\u00a0\u00bb box_shadow_style=\u00a0\u00bbpreset2&Prime; box_shadow_horizontal=\u00a0\u00bb-6px\u00a0\u00bb global_colors_info=\u00a0\u00bb{}\u00a0\u00bb][\/et_pb_image][\/et_pb_column][\/et_pb_row][et_pb_row column_structure=\u00a0\u00bb2_5,3_5&Prime; _builder_version=\u00a0\u00bb4.24.0&Prime; _module_preset=\u00a0\u00bbdefault\u00a0\u00bb animation_style=\u00a0\u00bbslide\u00a0\u00bb animation_direction=\u00a0\u00bbright\u00a0\u00bb animation_intensity_slide=\u00a0\u00bb2%\u00a0\u00bb global_colors_info=\u00a0\u00bb{}\u00a0\u00bb][et_pb_column type=\u00a0\u00bb2_5&Prime; _builder_version=\u00a0\u00bb4.17.4&Prime; _module_preset=\u00a0\u00bbdefault\u00a0\u00bb global_colors_info=\u00a0\u00bb{}\u00a0\u00bb][et_pb_image src=\u00a0\u00bbhttps:\/\/flavi.fr\/wp-content\/uploads\/2024\/03\/Site-web-1.png\u00a0\u00bb alt=\u00a0\u00bbFlavi : une plateforme de mise en relations entre aides \u00e0 domicile en CESU et particuliers employeurs.\u00a0\u00bb title_text=\u00a0\u00bbSite web (1)\u00a0\u00bb align=\u00a0\u00bbcenter\u00a0\u00bb disabled_on=\u00a0\u00bbon|on|off\u00a0\u00bb _builder_version=\u00a0\u00bb4.24.2&Prime; _module_preset=\u00a0\u00bbdefault\u00a0\u00bb width=\u00a0\u00bb100%\u00a0\u00bb global_colors_info=\u00a0\u00bb{}\u00a0\u00bb][\/et_pb_image][\/et_pb_column][et_pb_column type=\u00a0\u00bb3_5&Prime; _builder_version=\u00a0\u00bb4.17.4&Prime; _module_preset=\u00a0\u00bbdefault\u00a0\u00bb global_colors_info=\u00a0\u00bb{}\u00a0\u00bb][et_pb_text content_tablet=\u00a0\u00bb<\/p>\n<h3>Une solution qui allie digitale et formation<\/h3>\n<p><span style=%22font-weight: 400;%22>P<\/span><span style=%22font-weight: 400;%22><span>our s\u00e9curiser les parcours des aidants, et valoriser l\u2019expertise \u00e0 domicile, Eva, (enseignante, rappelez-vous!), et Flavie cr\u00e9ent un organisme de formation, coupl\u00e9 \u00e0 une <\/span><span style=%22color: #800080;%22><a href=%22https:\/\/app.flavi.fr\/login%22 title=%22\u200c%22 data-et-target-link=%22_blank%22 rel=%22nofollow noopener noreferrer ugc%22 style=%22color: #800080;%22><strong>plateforme de mise en relation<\/strong><\/a><\/span><span> ! <\/span><\/span><\/p>\n<p><span style=%22font-weight: 400;%22><span><strong>FLAVI EST N\u00c9E !<\/strong><\/span><\/span><\/p>\n<p><strong>2 ans apr\u00e8s sa cr\u00e9ation, ce sont d\u00e9j\u00e0 7.000 aides \u00e0 domicile et 900 familles qui ont rejoint le mouvement !<\/strong><\/p>\n<p>Et c\u2019est aussi un ancrage fort dans l&rsquo;\u00e9cosyst\u00e8me de l&rsquo;\u00e9conomie sociale et solidaire \u00e0 travers des actions men\u00e9es par <strong>l&rsquo;AG2R, KLESIA, la FEPEM, la CFTC, Edenred et l&rsquo;Union Europ\u00e9enne \u00e0 travers leur laboratoire de recherche ORIGAMI.<\/strong><\/p>\n<p>\u00a0\u00bb content_phone=\u00a0\u00bb<\/p>\n<h3>Une solution qui allie digitale et formation<\/h3>\n<p><span style=%22font-weight: 400;%22><\/span><\/p>\n<p><span style=%22font-weight: 400;%22>P<\/span><span style=%22font-weight: 400;%22><span>our s\u00e9curiser les parcours des aidants, et valoriser l\u2019expertise \u00e0 domicile, Eva, (enseignante, rappelez-vous!), et Flavie cr\u00e9ent un organisme de formation, coupl\u00e9 \u00e0 une <\/span><span style=%22color: #800080;%22><a href=%22https:\/\/app.flavi.fr\/login%22 title=%22\u200c%22 data-et-target-link=%22_blank%22 rel=%22nofollow noopener noreferrer ugc%22 style=%22color: #800080;%22><strong>plateforme de mise en relation<\/strong><\/a><\/span><span> ! <\/span><\/span><\/p>\n<p><span style=%22font-weight: 400;%22><span><strong>FLAVI EST N\u00c9E !<\/strong><\/span><\/span><\/p>\n<p><strong>2 ans apr\u00e8s sa cr\u00e9ation, ce sont d\u00e9j\u00e0 7.000 aides \u00e0 domicile et 900 familles qui ont rejoint le mouvement !<\/strong><\/p>\n<p>Et c\u2019est aussi un ancrage fort dans l&rsquo;\u00e9cosyst\u00e8me de l&rsquo;\u00e9conomie sociale et solidaire \u00e0 travers des actions men\u00e9es par <strong>l&rsquo;AG2R, KLESIA, la FEPEM, la CFTC, Edenred et l&rsquo;Union Europ\u00e9enne \u00e0 travers leur laboratoire de recherche ORIGAMI.<\/strong><\/p>\n<p>\u00a0\u00bb content_last_edited=\u00a0\u00bbon|phone\u00a0\u00bb _builder_version=\u00a0\u00bb4.24.2&Prime; _module_preset=\u00a0\u00bbdefault\u00a0\u00bb text_text_color=\u00a0\u00bb#1A1A1A\u00a0\u00bb text_font_size=\u00a0\u00bb20px\u00a0\u00bb header_3_font=\u00a0\u00bbABeeZee|700|||||||\u00a0\u00bb header_3_text_color=\u00a0\u00bb#5800a6&Prime; header_3_font_size=\u00a0\u00bb28px\u00a0\u00bb header_3_font_size_tablet=\u00a0\u00bb28px\u00a0\u00bb header_3_font_size_phone=\u00a0\u00bb25px\u00a0\u00bb header_3_font_size_last_edited=\u00a0\u00bbon|phone\u00a0\u00bb global_colors_info=\u00a0\u00bb{}\u00a0\u00bb]<\/p>\n<h3>Une solution qui allie digitale et formation<\/h3>\n<p><span style=\"font-weight: 400;\">P<\/span><span style=\"font-weight: 400;\"><span>our s\u00e9curiser les parcours des aidants, et valoriser le m\u00e9tier d&rsquo;aide \u00e0 domicile, Eva, (enseignante, rappelez-vous!), et Flavie cr\u00e9ent un organisme de formation, coupl\u00e9 \u00e0 une <\/span><span style=\"color: #800080;\"><a href=\"https:\/\/app.flavi.fr\/login\" title=\"\u200c\" target=\"_blank\" rel=\"nofollow noopener noreferrer ugc\" style=\"color: #800080;\"><strong>plateforme de mise en relation<\/strong><\/a><\/span><span>\u00a0! <\/span><\/span><\/p>\n<p><span style=\"font-weight: 400;\"><span><strong>FLAVI EST N\u00c9E !<\/strong><\/span><\/span><\/p>\n<p><strong>3 ans apr\u00e8s sa cr\u00e9ation, ce sont d\u00e9j\u00e0 9.000 aides \u00e0 domicile et 2000 familles qui ont rejoint le mouvement !<\/strong><\/p>\n<p>Et c\u2019est aussi un ancrage fort dans l&rsquo;\u00e9cosyst\u00e8me de l&rsquo;\u00e9conomie sociale et solidaire \u00e0 travers des actions men\u00e9es par <strong>l&rsquo;AG2R, KLESIA, la FEPEM, la CFTC, Edenred et l&rsquo;Union Europ\u00e9enne \u00e0 travers leur laboratoire de recherche ORIGAMI.<\/strong><\/p>\n<p>[\/et_pb_text][et_pb_image src=\u00a0\u00bbhttps:\/\/flavi.fr\/wp-content\/uploads\/2024\/03\/Site-web-1.png\u00a0\u00bb alt=\u00a0\u00bbFlavi : une plateforme de mise en relations entre aides \u00e0 domicile en CESU et particuliers employeurs.\u00a0\u00bb title_text=\u00a0\u00bbSite web (1)\u00a0\u00bb align=\u00a0\u00bbcenter\u00a0\u00bb disabled_on=\u00a0\u00bboff|off|on\u00a0\u00bb _builder_version=\u00a0\u00bb4.24.2&Prime; _module_preset=\u00a0\u00bbdefault\u00a0\u00bb transform_scale=\u00a0\u00bb70%|70%\u00a0\u00bb transform_scale_tablet=\u00a0\u00bb100%|100%\u00a0\u00bb transform_scale_phone=\u00a0\u00bb100%|100%\u00a0\u00bb transform_scale_last_edited=\u00a0\u00bbon|tablet\u00a0\u00bb transform_translate_tablet=\u00a0\u00bb\u00a0\u00bb transform_translate_phone=\u00a0\u00bb\u00a0\u00bb transform_translate_last_edited=\u00a0\u00bbon|tablet\u00a0\u00bb transform_rotate_tablet=\u00a0\u00bb\u00a0\u00bb transform_rotate_phone=\u00a0\u00bb\u00a0\u00bb transform_rotate_last_edited=\u00a0\u00bbon|tablet\u00a0\u00bb transform_skew_tablet=\u00a0\u00bb\u00a0\u00bb transform_skew_phone=\u00a0\u00bb\u00a0\u00bb transform_skew_last_edited=\u00a0\u00bbon|tablet\u00a0\u00bb transform_origin_tablet=\u00a0\u00bb\u00a0\u00bb transform_origin_phone=\u00a0\u00bb\u00a0\u00bb transform_origin_last_edited=\u00a0\u00bbon|tablet\u00a0\u00bb transform_styles_last_edited=\u00a0\u00bbon|tablet\u00a0\u00bb width=\u00a0\u00bb100%\u00a0\u00bb transform_styles_tablet=\u00a0\u00bb\u00a0\u00bb transform_styles_phone=\u00a0\u00bb\u00a0\u00bb global_colors_info=\u00a0\u00bb{}\u00a0\u00bb][\/et_pb_image][et_pb_button button_url=\u00a0\u00bbhttps:\/\/app.flavi.fr\/recherche-non-connecte\/\u00a0\u00bb button_text=\u00a0\u00bbJe trouve une aide \u00e0 domicile\u00a0\u00bb button_alignment=\u00a0\u00bbright\u00a0\u00bb button_alignment_tablet=\u00a0\u00bbcenter\u00a0\u00bb button_alignment_phone=\u00a0\u00bbcenter\u00a0\u00bb button_alignment_last_edited=\u00a0\u00bbon|phone\u00a0\u00bb _builder_version=\u00a0\u00bb4.24.2&Prime; _module_preset=\u00a0\u00bbdefault\u00a0\u00bb custom_button=\u00a0\u00bbon\u00a0\u00bb button_text_color=\u00a0\u00bb#ffffff\u00a0\u00bb button_bg_color=\u00a0\u00bb#5800a6&Prime; button_border_color=\u00a0\u00bbRGBA(255,255,255,0)\u00a0\u00bb button_border_radius=\u00a0\u00bb100px\u00a0\u00bb button_font=\u00a0\u00bb|600|||||||\u00a0\u00bb button_icon=\u00a0\u00bb&#x35;||divi||400&Prime; button_on_hover=\u00a0\u00bboff\u00a0\u00bb box_shadow_style=\u00a0\u00bbpreset3&Prime; global_colors_info=\u00a0\u00bb{}\u00a0\u00bb][\/et_pb_button][\/et_pb_column][\/et_pb_row][\/et_pb_section][et_pb_section fb_built=\u00a0\u00bb1&Prime; prev_background_color=\u00a0\u00bb#ffffff\u00a0\u00bb next_background_color=\u00a0\u00bb#ffffff\u00a0\u00bb disabled_on=\u00a0\u00bboff|off|off\u00a0\u00bb _builder_version=\u00a0\u00bb4.24.2&Prime; _module_preset=\u00a0\u00bbdefault\u00a0\u00bb background_color=\u00a0\u00bb#dacfff\u00a0\u00bb top_divider_style=\u00a0\u00bbwave\u00a0\u00bb top_divider_height=\u00a0\u00bb75px\u00a0\u00bb top_divider_height_tablet=\u00a0\u00bb75px\u00a0\u00bb top_divider_height_phone=\u00a0\u00bb50px\u00a0\u00bb top_divider_height_last_edited=\u00a0\u00bbon|phone\u00a0\u00bb bottom_divider_style=\u00a0\u00bbcurve\u00a0\u00bb bottom_divider_height=\u00a0\u00bb50px\u00a0\u00bb bottom_divider_height_tablet=\u00a0\u00bb50px\u00a0\u00bb bottom_divider_height_phone=\u00a0\u00bb25px\u00a0\u00bb bottom_divider_height_last_edited=\u00a0\u00bbon|phone\u00a0\u00bb global_colors_info=\u00a0\u00bb{}\u00a0\u00bb][et_pb_row _builder_version=\u00a0\u00bb4.17.4&Prime; _module_preset=\u00a0\u00bbdefault\u00a0\u00bb global_colors_info=\u00a0\u00bb{}\u00a0\u00bb][et_pb_column type=\u00a0\u00bb4_4&Prime; _builder_version=\u00a0\u00bb4.17.4&Prime; _module_preset=\u00a0\u00bbdefault\u00a0\u00bb global_colors_info=\u00a0\u00bb{}\u00a0\u00bb][et_pb_text _builder_version=\u00a0\u00bb4.24.2&Prime; _module_preset=\u00a0\u00bbdefault\u00a0\u00bb header_2_font=\u00a0\u00bbABeeZee|700|||||||\u00a0\u00bb header_2_text_align=\u00a0\u00bbcenter\u00a0\u00bb header_2_text_color=\u00a0\u00bb#5800a6&Prime; header_2_font_size=\u00a0\u00bb40px\u00a0\u00bb header_2_font_size_tablet=\u00a0\u00bb40px\u00a0\u00bb header_2_font_size_phone=\u00a0\u00bb30px\u00a0\u00bb header_2_font_size_last_edited=\u00a0\u00bbon|phone\u00a0\u00bb global_colors_info=\u00a0\u00bb{}\u00a0\u00bb]<\/p>\n<h2>L&rsquo;\u00e9quipe Flavi<\/h2>\n<p>[\/et_pb_text][\/et_pb_column][\/et_pb_row][et_pb_row column_structure=\u00a0\u00bb1_4,1_4,1_4,1_4&Prime; _builder_version=\u00a0\u00bb4.17.4&Prime; _module_preset=\u00a0\u00bbdefault\u00a0\u00bb global_colors_info=\u00a0\u00bb{}\u00a0\u00bb][et_pb_column type=\u00a0\u00bb1_4&Prime; _builder_version=\u00a0\u00bb4.17.4&Prime; _module_preset=\u00a0\u00bbdefault\u00a0\u00bb global_colors_info=\u00a0\u00bb{}\u00a0\u00bb][\/et_pb_column][et_pb_column type=\u00a0\u00bb1_4&Prime; _builder_version=\u00a0\u00bb4.17.4&Prime; _module_preset=\u00a0\u00bbdefault\u00a0\u00bb global_colors_info=\u00a0\u00bb{}\u00a0\u00bb][et_pb_image src=\u00a0\u00bbhttps:\/\/flavi.fr\/wp-content\/uploads\/2025\/01\/9-1.png\u00a0\u00bb alt=\u00a0\u00bbEva Fondatrice Entreprise Flavi\u00a0\u00bb title_text=\u00a0\u00bbEva Fondatrice Entreprise Flavi\u00a0\u00bb show_bottom_space=\u00a0\u00bboff\u00a0\u00bb align=\u00a0\u00bbcenter\u00a0\u00bb _builder_version=\u00a0\u00bb4.24.2&Prime; _module_preset=\u00a0\u00bbdefault\u00a0\u00bb width=\u00a0\u00bb100%\u00a0\u00bb global_colors_info=\u00a0\u00bb{}\u00a0\u00bb][\/et_pb_image][et_pb_text _builder_version=\u00a0\u00bb4.24.2&Prime; _module_preset=\u00a0\u00bbdefault\u00a0\u00bb text_font_size=\u00a0\u00bb20px\u00a0\u00bb header_3_font=\u00a0\u00bbABeeZee|700|||||||\u00a0\u00bb header_3_font_size=\u00a0\u00bb28px\u00a0\u00bb header_3_font_size_tablet=\u00a0\u00bb28px\u00a0\u00bb header_3_font_size_phone=\u00a0\u00bb25px\u00a0\u00bb header_3_font_size_last_edited=\u00a0\u00bbon|phone\u00a0\u00bb global_colors_info=\u00a0\u00bb{}\u00a0\u00bb]<\/p>\n<h3 style=\"text-align: center;\">Eva<\/h3>\n<p style=\"text-align: center;\">Fondatrice<\/p>\n<p>[\/et_pb_text][\/et_pb_column][et_pb_column type=\u00a0\u00bb1_4&Prime; _builder_version=\u00a0\u00bb4.17.4&Prime; _module_preset=\u00a0\u00bbdefault\u00a0\u00bb global_colors_info=\u00a0\u00bb{}\u00a0\u00bb][et_pb_image src=\u00a0\u00bbhttps:\/\/flavi.fr\/wp-content\/uploads\/2025\/01\/10-1.png\u00a0\u00bb alt=\u00a0\u00bbFlavie directrice des op\u00e9rations Entreprise Flavi\u00a0\u00bb title_text=\u00a0\u00bbFlavie directrice des op\u00e9rations Entreprise Flavi\u00a0\u00bb show_bottom_space=\u00a0\u00bboff\u00a0\u00bb align=\u00a0\u00bbcenter\u00a0\u00bb _builder_version=\u00a0\u00bb4.24.2&Prime; _module_preset=\u00a0\u00bbdefault\u00a0\u00bb width=\u00a0\u00bb100%\u00a0\u00bb global_colors_info=\u00a0\u00bb{}\u00a0\u00bb][\/et_pb_image][et_pb_text _builder_version=\u00a0\u00bb4.24.2&Prime; _module_preset=\u00a0\u00bbdefault\u00a0\u00bb text_font_size=\u00a0\u00bb20px\u00a0\u00bb header_3_font=\u00a0\u00bbABeeZee|700|||||||\u00a0\u00bb header_3_font_size=\u00a0\u00bb28px\u00a0\u00bb header_3_font_size_tablet=\u00a0\u00bb28px\u00a0\u00bb header_3_font_size_phone=\u00a0\u00bb25px\u00a0\u00bb header_3_font_size_last_edited=\u00a0\u00bbon|phone\u00a0\u00bb global_colors_info=\u00a0\u00bb{}\u00a0\u00bb]<\/p>\n<h3 style=\"text-align: center;\">Flavie<\/h3>\n<p style=\"text-align: center;\">Directrice des op\u00e9rations<\/p>\n<p>[\/et_pb_text][\/et_pb_column][et_pb_column type=\u00a0\u00bb1_4&Prime; _builder_version=\u00a0\u00bb4.17.4&Prime; _module_preset=\u00a0\u00bbdefault\u00a0\u00bb global_colors_info=\u00a0\u00bb{}\u00a0\u00bb][\/et_pb_column][\/et_pb_row][et_pb_row column_structure=\u00a0\u00bb1_4,1_4,1_4,1_4&Prime; _builder_version=\u00a0\u00bb4.17.4&Prime; _module_preset=\u00a0\u00bbdefault\u00a0\u00bb global_colors_info=\u00a0\u00bb{}\u00a0\u00bb][et_pb_column type=\u00a0\u00bb1_4&Prime; _builder_version=\u00a0\u00bb4.17.4&Prime; _module_preset=\u00a0\u00bbdefault\u00a0\u00bb global_colors_info=\u00a0\u00bb{}\u00a0\u00bb][et_pb_image src=\u00a0\u00bbhttps:\/\/flavi.fr\/wp-content\/uploads\/2025\/01\/11.png\u00a0\u00bb alt=\u00a0\u00bbAuriane Charg\u00e9e de communication institutionnelle Entreprise Flavi\u00a0\u00bb title_text=\u00a0\u00bbAuriane Charg\u00e9e de communication institutionnelle Entreprise Flavi\u00a0\u00bb show_bottom_space=\u00a0\u00bboff\u00a0\u00bb align=\u00a0\u00bbcenter\u00a0\u00bb _builder_version=\u00a0\u00bb4.24.2&Prime; _module_preset=\u00a0\u00bbdefault\u00a0\u00bb width=\u00a0\u00bb100%\u00a0\u00bb global_colors_info=\u00a0\u00bb{}\u00a0\u00bb][\/et_pb_image][et_pb_text _builder_version=\u00a0\u00bb4.24.2&Prime; _module_preset=\u00a0\u00bbdefault\u00a0\u00bb text_font_size=\u00a0\u00bb20px\u00a0\u00bb header_3_font=\u00a0\u00bbABeeZee|700|||||||\u00a0\u00bb header_3_font_size=\u00a0\u00bb28px\u00a0\u00bb header_3_font_size_tablet=\u00a0\u00bb28px\u00a0\u00bb header_3_font_size_phone=\u00a0\u00bb25px\u00a0\u00bb header_3_font_size_last_edited=\u00a0\u00bbon|phone\u00a0\u00bb global_colors_info=\u00a0\u00bb{}\u00a0\u00bb]<\/p>\n<h3 style=\"text-align: center;\">Auriane<\/h3>\n<p style=\"text-align: center;\">Charg\u00e9e de Communication<\/p>\n<p>[\/et_pb_text][\/et_pb_column][et_pb_column type=\u00a0\u00bb1_4&Prime; _builder_version=\u00a0\u00bb4.17.4&Prime; _module_preset=\u00a0\u00bbdefault\u00a0\u00bb global_colors_info=\u00a0\u00bb{}\u00a0\u00bb][et_pb_image src=\u00a0\u00bbhttps:\/\/flavi.fr\/wp-content\/uploads\/2025\/02\/cadres-site-web-1.png\u00a0\u00bb alt=\u00a0\u00bbMarion charg\u00e9e de marketing Entreprise Flavi\u00a0\u00bb title_text=\u00a0\u00bbMarion charg\u00e9e de marketing Entreprise Flavi\u00a0\u00bb show_bottom_space=\u00a0\u00bboff\u00a0\u00bb align=\u00a0\u00bbcenter\u00a0\u00bb _builder_version=\u00a0\u00bb4.24.2&Prime; _module_preset=\u00a0\u00bbdefault\u00a0\u00bb width=\u00a0\u00bb100%\u00a0\u00bb global_colors_info=\u00a0\u00bb{}\u00a0\u00bb][\/et_pb_image][et_pb_text _builder_version=\u00a0\u00bb4.24.2&Prime; _module_preset=\u00a0\u00bbdefault\u00a0\u00bb text_font_size=\u00a0\u00bb20px\u00a0\u00bb header_3_font=\u00a0\u00bbABeeZee|700|||||||\u00a0\u00bb header_3_font_size=\u00a0\u00bb28px\u00a0\u00bb header_3_font_size_tablet=\u00a0\u00bb28px\u00a0\u00bb header_3_font_size_phone=\u00a0\u00bb25px\u00a0\u00bb header_3_font_size_last_edited=\u00a0\u00bbon|phone\u00a0\u00bb global_colors_info=\u00a0\u00bb{}\u00a0\u00bb]<\/p>\n<h3 style=\"text-align: center;\">Marion<\/h3>\n<p style=\"text-align: center;\">Charg\u00e9e de marketing digital<\/p>\n<p>[\/et_pb_text][\/et_pb_column][et_pb_column type=\u00a0\u00bb1_4&Prime; _builder_version=\u00a0\u00bb4.17.4&Prime; _module_preset=\u00a0\u00bbdefault\u00a0\u00bb global_colors_info=\u00a0\u00bb{}\u00a0\u00bb][et_pb_image src=\u00a0\u00bbhttps:\/\/flavi.fr\/wp-content\/uploads\/2025\/01\/12-1.png\u00a0\u00bb alt=\u00a0\u00bbFat\u00e9ma responsable formations Entreprise Flavi\u00a0\u00bb title_text=\u00a0\u00bbFat\u00e9ma responsable formations Entreprise Flavi\u00a0\u00bb show_bottom_space=\u00a0\u00bboff\u00a0\u00bb align=\u00a0\u00bbcenter\u00a0\u00bb _builder_version=\u00a0\u00bb4.24.2&Prime; _module_preset=\u00a0\u00bbdefault\u00a0\u00bb width=\u00a0\u00bb100%\u00a0\u00bb global_colors_info=\u00a0\u00bb{}\u00a0\u00bb][\/et_pb_image][et_pb_text _builder_version=\u00a0\u00bb4.24.2&Prime; _module_preset=\u00a0\u00bbdefault\u00a0\u00bb text_font_size=\u00a0\u00bb20px\u00a0\u00bb header_3_font=\u00a0\u00bbABeeZee|700|||||||\u00a0\u00bb header_3_font_size=\u00a0\u00bb28px\u00a0\u00bb header_3_font_size_tablet=\u00a0\u00bb28px\u00a0\u00bb header_3_font_size_phone=\u00a0\u00bb25px\u00a0\u00bb header_3_font_size_last_edited=\u00a0\u00bbon|phone\u00a0\u00bb global_colors_info=\u00a0\u00bb{}\u00a0\u00bb]<\/p>\n<h3 style=\"text-align: center;\">Fatema<\/h3>\n<p style=\"text-align: center;\">Responsable formations<\/p>\n<p>[\/et_pb_text][\/et_pb_column][et_pb_column type=\u00a0\u00bb1_4&Prime; _builder_version=\u00a0\u00bb4.17.4&Prime; _module_preset=\u00a0\u00bbdefault\u00a0\u00bb global_colors_info=\u00a0\u00bb{}\u00a0\u00bb][et_pb_image src=\u00a0\u00bbhttps:\/\/flavi.fr\/wp-content\/uploads\/2024\/02\/cadres-site-web-8.png\u00a0\u00bb alt=\u00a0\u00bbOc\u00e9ane Product Owner chez Flavi\u00a0\u00bb title_text=\u00a0\u00bbOc\u00e9ane Product Owner chez Flavi\u00a0\u00bb show_bottom_space=\u00a0\u00bboff\u00a0\u00bb align=\u00a0\u00bbcenter\u00a0\u00bb _builder_version=\u00a0\u00bb4.24.2&Prime; _module_preset=\u00a0\u00bbdefault\u00a0\u00bb width=\u00a0\u00bb100%\u00a0\u00bb global_colors_info=\u00a0\u00bb{}\u00a0\u00bb][\/et_pb_image][et_pb_text _builder_version=\u00a0\u00bb4.24.2&Prime; _module_preset=\u00a0\u00bbdefault\u00a0\u00bb text_font_size=\u00a0\u00bb20px\u00a0\u00bb header_3_font=\u00a0\u00bbABeeZee|700|||||||\u00a0\u00bb header_3_font_size=\u00a0\u00bb28px\u00a0\u00bb header_3_font_size_tablet=\u00a0\u00bb28px\u00a0\u00bb header_3_font_size_phone=\u00a0\u00bb25px\u00a0\u00bb header_3_font_size_last_edited=\u00a0\u00bbon|phone\u00a0\u00bb global_colors_info=\u00a0\u00bb{}\u00a0\u00bb]<\/p>\n<h3 style=\"text-align: center;\">Oc\u00e9ane<\/h3>\n<p style=\"text-align: center;\">Product Owner<\/p>\n<p>[\/et_pb_text][\/et_pb_column][\/et_pb_row][\/et_pb_section][et_pb_section fb_built=\u00a0\u00bb1&Prime; disabled_on=\u00a0\u00bboff|off|off\u00a0\u00bb _builder_version=\u00a0\u00bb4.24.2&Prime; _module_preset=\u00a0\u00bbdefault\u00a0\u00bb global_colors_info=\u00a0\u00bb{}\u00a0\u00bb][et_pb_row _builder_version=\u00a0\u00bb4.24.0&Prime; _module_preset=\u00a0\u00bbdefault\u00a0\u00bb global_colors_info=\u00a0\u00bb{}\u00a0\u00bb][et_pb_column type=\u00a0\u00bb4_4&Prime; _builder_version=\u00a0\u00bb4.24.0&Prime; _module_preset=\u00a0\u00bbdefault\u00a0\u00bb global_colors_info=\u00a0\u00bb{}\u00a0\u00bb][et_pb_text _builder_version=\u00a0\u00bb4.24.2&Prime; _module_preset=\u00a0\u00bbdefault\u00a0\u00bb header_2_font=\u00a0\u00bbABeeZee|700|||||||\u00a0\u00bb header_2_font_size=\u00a0\u00bb40px\u00a0\u00bb header_2_font_size_tablet=\u00a0\u00bb40px\u00a0\u00bb header_2_font_size_phone=\u00a0\u00bb30px\u00a0\u00bb header_2_font_size_last_edited=\u00a0\u00bbon|desktop\u00a0\u00bb global_colors_info=\u00a0\u00bb{}\u00a0\u00bb]<\/p>\n<h2>Ils nous font confiance<\/h2>\n<p>[\/et_pb_text][\/et_pb_column][\/et_pb_row][et_pb_row disabled_on=\u00a0\u00bbon|on|off\u00a0\u00bb _builder_version=\u00a0\u00bb4.24.2&Prime; _module_preset=\u00a0\u00bbdefault\u00a0\u00bb global_colors_info=\u00a0\u00bb{}\u00a0\u00bb][et_pb_column type=\u00a0\u00bb4_4&Prime; _builder_version=\u00a0\u00bb4.24.0&Prime; _module_preset=\u00a0\u00bbdefault\u00a0\u00bb global_colors_info=\u00a0\u00bb{}\u00a0\u00bb][et_pb_image src=\u00a0\u00bbhttps:\/\/flavi.fr\/wp-content\/uploads\/2024\/09\/Bandeau-qualiopi-certification-icpf-et-cofrac-scaled.webp\u00a0\u00bb alt=\u00a0\u00bbBandeau qualiopi certification icpf et cofrac\u00a0\u00bb title_text=\u00a0\u00bbBandeau qualiopi certification icpf et cofrac\u00a0\u00bb disabled_on=\u00a0\u00bboff|off|off\u00a0\u00bb _builder_version=\u00a0\u00bb4.24.2&Prime; _module_preset=\u00a0\u00bbdefault\u00a0\u00bb global_colors_info=\u00a0\u00bb{}\u00a0\u00bb][\/et_pb_image][\/et_pb_column][\/et_pb_row][et_pb_row column_structure=\u00a0\u00bb1_3,1_3,1_3&Prime; disabled_on=\u00a0\u00bboff|off|on\u00a0\u00bb _builder_version=\u00a0\u00bb4.24.2&Prime; _module_preset=\u00a0\u00bbdefault\u00a0\u00bb global_colors_info=\u00a0\u00bb{}\u00a0\u00bb][et_pb_column type=\u00a0\u00bb1_3&Prime; _builder_version=\u00a0\u00bb4.24.0&Prime; _module_preset=\u00a0\u00bbdefault\u00a0\u00bb global_colors_info=\u00a0\u00bb{}\u00a0\u00bb][et_pb_image src=\u00a0\u00bbhttps:\/\/flavi.fr\/wp-content\/uploads\/2024\/09\/Logo-Qualiopi-formations-certifiees.webp\u00a0\u00bb alt=\u00a0\u00bbLogo Qualiopi formations certifi\u00e9es\u00a0\u00bb title_text=\u00a0\u00bbLogo Qualiopi formations certifi\u00e9es\u00a0\u00bb align=\u00a0\u00bbcenter\u00a0\u00bb _builder_version=\u00a0\u00bb4.24.2&Prime; _module_preset=\u00a0\u00bbdefault\u00a0\u00bb global_colors_info=\u00a0\u00bb{}\u00a0\u00bb][\/et_pb_image][\/et_pb_column][et_pb_column type=\u00a0\u00bb1_3&Prime; _builder_version=\u00a0\u00bb4.24.0&Prime; _module_preset=\u00a0\u00bbdefault\u00a0\u00bb global_colors_info=\u00a0\u00bb{}\u00a0\u00bb][et_pb_image src=\u00a0\u00bbhttps:\/\/flavi.fr\/wp-content\/uploads\/2024\/09\/Logo-ICPF-Formations-certification-qualite.webp\u00a0\u00bb alt=\u00a0\u00bbLogo ICPF Formations certification qualit\u00e9\u00a0\u00bb title_text=\u00a0\u00bbLogo ICPF Formations certification qualit\u00e9\u00a0\u00bb align=\u00a0\u00bbcenter\u00a0\u00bb _builder_version=\u00a0\u00bb4.24.2&Prime; _module_preset=\u00a0\u00bbdefault\u00a0\u00bb transform_scale=\u00a0\u00bb80%|80%\u00a0\u00bb global_colors_info=\u00a0\u00bb{}\u00a0\u00bb][\/et_pb_image][\/et_pb_column][et_pb_column type=\u00a0\u00bb1_3&Prime; _builder_version=\u00a0\u00bb4.24.0&Prime; _module_preset=\u00a0\u00bbdefault\u00a0\u00bb global_colors_info=\u00a0\u00bb{}\u00a0\u00bb][et_pb_image src=\u00a0\u00bbhttps:\/\/flavi.fr\/wp-content\/uploads\/2024\/09\/Logo-Cofrac-certification-de-produits-et-services-formations.webp\u00a0\u00bb alt=\u00a0\u00bbLogo Cofrac certification de produits et services formations\u00a0\u00bb title_text=\u00a0\u00bbLogo Cofrac certification de produits et services formations\u00a0\u00bb align=\u00a0\u00bbcenter\u00a0\u00bb _builder_version=\u00a0\u00bb4.24.2&Prime; _module_preset=\u00a0\u00bbdefault\u00a0\u00bb global_colors_info=\u00a0\u00bb{}\u00a0\u00bb][\/et_pb_image][\/et_pb_column][\/et_pb_row][et_pb_row column_structure=\u00a0\u00bb1_3,1_3,1_3&Prime; _builder_version=\u00a0\u00bb4.24.0&Prime; _module_preset=\u00a0\u00bbdefault\u00a0\u00bb global_colors_info=\u00a0\u00bb{}\u00a0\u00bb][et_pb_column type=\u00a0\u00bb1_3&Prime; _builder_version=\u00a0\u00bb4.24.0&Prime; _module_preset=\u00a0\u00bbdefault\u00a0\u00bb global_colors_info=\u00a0\u00bb{}\u00a0\u00bb][et_pb_image src=\u00a0\u00bbhttps:\/\/flavi.fr\/wp-content\/uploads\/2024\/09\/Logo-entreprise-Edenred-1.png\u00a0\u00bb alt=\u00a0\u00bbLogo entreprise Edenred\u00a0\u00bb title_text=\u00a0\u00bbLogo entreprise Edenred\u00a0\u00bb align_tablet=\u00a0\u00bbcenter\u00a0\u00bb align_phone=\u00a0\u00bbcenter\u00a0\u00bb align_last_edited=\u00a0\u00bbon|tablet\u00a0\u00bb _builder_version=\u00a0\u00bb4.24.2&Prime; _module_preset=\u00a0\u00bbdefault\u00a0\u00bb transform_scale=\u00a0\u00bb80%|80%\u00a0\u00bb transform_scale_tablet=\u00a0\u00bb50%|50%\u00a0\u00bb transform_scale_phone=\u00a0\u00bb60%|60%\u00a0\u00bb transform_scale_last_edited=\u00a0\u00bbon|phone\u00a0\u00bb transform_translate_tablet=\u00a0\u00bb\u00a0\u00bb transform_translate_phone=\u00a0\u00bb\u00a0\u00bb transform_translate_last_edited=\u00a0\u00bbon|phone\u00a0\u00bb transform_rotate_tablet=\u00a0\u00bb\u00a0\u00bb transform_rotate_phone=\u00a0\u00bb\u00a0\u00bb transform_rotate_last_edited=\u00a0\u00bbon|phone\u00a0\u00bb transform_skew_tablet=\u00a0\u00bb\u00a0\u00bb transform_skew_phone=\u00a0\u00bb\u00a0\u00bb transform_skew_last_edited=\u00a0\u00bbon|phone\u00a0\u00bb transform_origin_tablet=\u00a0\u00bb\u00a0\u00bb transform_origin_phone=\u00a0\u00bb\u00a0\u00bb transform_origin_last_edited=\u00a0\u00bbon|phone\u00a0\u00bb transform_styles_last_edited=\u00a0\u00bbon|phone\u00a0\u00bb hover_enabled=\u00a0\u00bb0&Prime; transform_styles_tablet=\u00a0\u00bb\u00a0\u00bb transform_styles_phone=\u00a0\u00bb\u00a0\u00bb global_colors_info=\u00a0\u00bb{}\u00a0\u00bb sticky_enabled=\u00a0\u00bb0&Prime;][\/et_pb_image][\/et_pb_column][et_pb_column type=\u00a0\u00bb1_3&Prime; _builder_version=\u00a0\u00bb4.24.0&Prime; _module_preset=\u00a0\u00bbdefault\u00a0\u00bb global_colors_info=\u00a0\u00bb{}\u00a0\u00bb][et_pb_image src=\u00a0\u00bbhttps:\/\/flavi.fr\/wp-content\/uploads\/2024\/03\/ag2r-logo.jpg\u00a0\u00bb title_text=\u00a0\u00bbag2r logo\u00a0\u00bb align_tablet=\u00a0\u00bbcenter\u00a0\u00bb align_phone=\u00a0\u00bbcenter\u00a0\u00bb align_last_edited=\u00a0\u00bbon|tablet\u00a0\u00bb _builder_version=\u00a0\u00bb4.24.2&Prime; _module_preset=\u00a0\u00bbdefault\u00a0\u00bb transform_scale_tablet=\u00a0\u00bb\u00a0\u00bb transform_scale_phone=\u00a0\u00bb80%|80%\u00a0\u00bb transform_scale_last_edited=\u00a0\u00bbon|phone\u00a0\u00bb transform_translate_tablet=\u00a0\u00bb\u00a0\u00bb transform_translate_phone=\u00a0\u00bb\u00a0\u00bb transform_translate_last_edited=\u00a0\u00bbon|phone\u00a0\u00bb transform_rotate_tablet=\u00a0\u00bb\u00a0\u00bb transform_rotate_phone=\u00a0\u00bb\u00a0\u00bb transform_rotate_last_edited=\u00a0\u00bbon|phone\u00a0\u00bb transform_skew_tablet=\u00a0\u00bb\u00a0\u00bb transform_skew_phone=\u00a0\u00bb\u00a0\u00bb transform_skew_last_edited=\u00a0\u00bbon|phone\u00a0\u00bb transform_origin_tablet=\u00a0\u00bb\u00a0\u00bb transform_origin_phone=\u00a0\u00bb\u00a0\u00bb transform_origin_last_edited=\u00a0\u00bbon|phone\u00a0\u00bb transform_styles_last_edited=\u00a0\u00bbon|phone\u00a0\u00bb transform_styles_tablet=\u00a0\u00bb\u00a0\u00bb transform_styles_phone=\u00a0\u00bb\u00a0\u00bb global_colors_info=\u00a0\u00bb{}\u00a0\u00bb][\/et_pb_image][\/et_pb_column][et_pb_column type=\u00a0\u00bb1_3&Prime; _builder_version=\u00a0\u00bb4.24.0&Prime; _module_preset=\u00a0\u00bbdefault\u00a0\u00bb global_colors_info=\u00a0\u00bb{}\u00a0\u00bb][et_pb_image src=\u00a0\u00bbhttps:\/\/flavi.fr\/wp-content\/uploads\/2025\/07\/Vignette-LiNote-2.png\u00a0\u00bb title_text=\u00a0\u00bbVignette LiNote (2)\u00a0\u00bb url=\u00a0\u00bbhttps:\/\/linote.fr\/\u00a0\u00bb _builder_version=\u00a0\u00bb4.27.4&Prime; _module_preset=\u00a0\u00bbdefault\u00a0\u00bb hover_enabled=\u00a0\u00bb0&Prime; global_colors_info=\u00a0\u00bb{}\u00a0\u00bb width=\u00a0\u00bb75%\u00a0\u00bb sticky_enabled=\u00a0\u00bb0&Prime; max_width=\u00a0\u00bb87%\u00a0\u00bb min_height=\u00a0\u00bb100px\u00a0\u00bb height=\u00a0\u00bb165px\u00a0\u00bb custom_margin=\u00a0\u00bb35px||||false|false\u00a0\u00bb][\/et_pb_image][\/et_pb_column][\/et_pb_row][\/et_pb_section]<\/p>\n","protected":false},"excerpt":{"rendered":"<p>Notre mission chez Flavi ? Valoriser le m\u00e9tier d&rsquo;aide \u00e0 domicile, et s\u00e9curiser les parcours des aidants. \u00a0Il est urgent de reconsid\u00e9rer le statut des aidants. L&rsquo;histoire de FlaviUne histoire personnelle Flavi est n\u00e9e du sentiment d\u2019impuissance de sa fondatrice. En effet, Eva, enseignante, \u00e9tait le t\u00e9moin des tourments de sa maman, aidante de sa [&hellip;]<\/p>\n","protected":false},"author":2,"featured_media":0,"parent":0,"menu_order":0,"comment_status":"closed","ping_status":"closed","template":"","meta":{"_et_pb_use_builder":"on","_et_pb_old_content":"[et_pb_section fb_built=\"1\" custom_padding_last_edited=\"off|desktop\" _builder_version=\"4.16\" use_background_color_gradient=\"on\" background_color_gradient_stops=\"#ffffff 0%|#F2F2FA 50%\" background_color_gradient_start=\"#ffffff\" background_color_gradient_end=\"#F2F2FA\" background_color_gradient_end_position=\"50%\" background_image=\"https:\/\/flavi.fr\/wp-content\/uploads\/2022\/03\/Sans-titre-2022-03-01T114731.378.png\" background_size=\"initial\" custom_margin=\"-5%||||false|false\" custom_padding=\"||||false|false\" custom_padding_tablet=\"0px||0px|0px\" custom_padding_phone=\"|||\" bottom_divider_color=\"#ffffff\" bottom_divider_height=\"250px\" bottom_divider_height_tablet=\"150px\" bottom_divider_height_phone=\"110px\" bottom_divider_height_last_edited=\"on|phone\" global_colors_info=\"{}\"][et_pb_row use_custom_gutter=\"on\" _builder_version=\"4.17.4\" _module_preset=\"default\" max_width=\"1186px\" custom_margin=\"51px||||false|false\" global_colors_info=\"{}\"][et_pb_column type=\"4_4\" _builder_version=\"4.17.4\" _module_preset=\"default\" global_colors_info=\"{}\"][et_pb_image src=\"https:\/\/flavi.fr\/wp-content\/uploads\/2022\/06\/logo-flavi-1.png\" title_text=\"logo-flavi\" align=\"center\" src_tablet=\"https:\/\/flavi.fr\/wp-content\/uploads\/2022\/06\/logo-flavi-1.png\" src_phone=\"https:\/\/flavi.fr\/wp-content\/uploads\/2022\/06\/logo-flavi-1.png\" src_last_edited=\"on|phone\" _builder_version=\"4.17.4\" _module_preset=\"default\" width=\"100%\" max_width=\"100%\" height=\"100px\" max_height=\"1000px\" global_colors_info=\"{}\"][\/et_pb_image][et_pb_menu menu_id=\"16\" active_link_color=\"#FF55AF\" _builder_version=\"4.17.4\" _module_preset=\"default\" menu_font=\"Lato|700|||||||\" menu_text_color=\"#1A1A1A\" menu_font_size=\"15px\" background_color=\"#fafafd\" custom_padding=\"||22px||false|false\" border_width_bottom=\"1px\" global_colors_info=\"{}\"][\/et_pb_menu][\/et_pb_column][\/et_pb_row][et_pb_row column_structure=\"1_2,1_2\" custom_padding_last_edited=\"on|phone\" _builder_version=\"4.17.4\" _module_preset=\"default\" custom_margin=\"5%||||false|false\" custom_padding_tablet=\"\" custom_padding_phone=\"40px||||false|false\" global_colors_info=\"{}\"][et_pb_column type=\"1_2\" _builder_version=\"4.16\" _module_preset=\"default\" global_colors_info=\"{}\"][et_pb_text _builder_version=\"4.17.4\" text_font=\"Pacifico||||||||\" text_text_color=\"#1A1A1A\" text_font_size=\"18px\" text_line_height=\"1.8em\" ul_font=\"||||||||\" header_font=\"Pacifico||||||||\" header_text_color=\"#FF55AF\" header_2_font=\"Pacifico|900|||||||\" header_2_text_align=\"left\" header_2_text_color=\"#FF55AF\" header_2_font_size=\"50px\" header_2_letter_spacing=\"3px\" header_2_line_height=\"1.4em\" header_3_font=\"Pacifico||||||||\" text_orientation=\"center\" max_width=\"800px\" max_width_last_edited=\"off|desktop\" module_alignment=\"center\" custom_margin=\"|||\" custom_padding=\"||||false|true\" header_2_font_size_tablet=\"35px\" header_2_font_size_phone=\"28px\" header_2_font_size_last_edited=\"on|desktop\" global_colors_info=\"{}\"]<h2>Qui est Flavi ?<\/h2>[\/et_pb_text][et_pb_text _builder_version=\"4.17.4\" text_font=\"Lato||||||||\" text_text_color=\"#1A1A1A\" text_font_size=\"18px\" text_line_height=\"1.8em\" ul_font=\"||||||||\" header_font=\"||||||||\" header_2_font=\"Lato|900|||||||\" header_2_text_color=\"#3E00F6\" header_2_font_size=\"35px\" header_2_line_height=\"1.4em\" header_3_font=\"||||||||\" text_orientation=\"center\" max_width=\"800px\" max_width_last_edited=\"off|desktop\" module_alignment=\"center\" custom_margin=\"||||false|false\" custom_padding=\"5px||||false|false\" text_font_size_tablet=\"16px\" text_font_size_phone=\"16px\" text_font_size_last_edited=\"on|phone\" header_2_font_size_tablet=\"35px\" header_2_font_size_phone=\"28px\" header_2_font_size_last_edited=\"on|phone\" global_colors_info=\"{}\"]<p class=\"font_8\" style=\"text-align: justify;\"><span><em><strong>Flavi<\/strong><\/em> est n\u00e9e d'une collaboration entre Flavie (auxiliaire de vie) et Eva (enseignante \u00e0 l'universit\u00e9).\u00a0<\/span><\/p>\n<p class=\"font_8\" style=\"text-align: justify;\"><span>Cette start up de l'\u00e9conomie sociale et solidaire a \u00e9t\u00e9 cr\u00e9\u00e9e pour permettre aux particuliers de trouver des auxiliaires de vie qualifi\u00e9es, tout en donnant la possibilit\u00e9 aux aides \u00e0 domicile de vivre sereinement de leur activit\u00e9. <\/span><\/p>\n<p class=\"font_8\" style=\"text-align: justify;\"><span><em><strong>Flavi<\/strong><\/em> propose donc une mise en relation, des conseils, des formations...\u00a0<\/span><\/p>\n<p class=\"font_8\" style=\"text-align: justify;\"><span><strong><em>Flavi<\/em><\/strong> est une soci\u00e9t\u00e9 de l'ESS, \u00e0 forte responsabilit\u00e9 sociale, fond\u00e9e par des professionnelles de la perte d'autonomie et des professionnelles de la formation.<\/span><\/p>[\/et_pb_text][et_pb_text _builder_version=\"4.17.4\" _module_preset=\"default\" text_font=\"Pacifico||||||||\" text_text_color=\"#FF55AF\" text_font_size=\"40px\" custom_margin_tablet=\"\" custom_margin_phone=\"50px||||false|false\" custom_margin_last_edited=\"on|phone\" text_font_size_tablet=\"30px\" text_font_size_phone=\"30px\" text_font_size_last_edited=\"on|phone\" global_colors_info=\"{}\"]<p>La petite histoire !<\/p>[\/et_pb_text][et_pb_text _builder_version=\"4.17.4\" _module_preset=\"f0cf31b9-b2e7-4752-a57c-6e2f73347b36\" text_font=\"Lato||||||||\" text_text_color=\"#1A1A1A\" text_font_size=\"18px\" text_line_height=\"1.6em\" link_font=\"||||on||||\" link_text_color=\"#442854\" text_font_size_tablet=\"16px\" text_font_size_phone=\"16px\" text_font_size_last_edited=\"on|tablet\" header_font_size_tablet=\"55px\" header_font_size_last_edited=\"off|desktop\" locked=\"off\" global_colors_info=\"{}\"]<p style=\"text-align: justify;\"><span><em><strong>Flavi<\/strong><\/em> est n\u00e9e quand Eva a voulu aider sa maman, aidante familiale. <\/span><span>En s'int\u00e9ressant aux solutions classiques de maintien \u00e0 domicile, elle a d\u00e9couvert les conditions de travail des auxiliaires et la p\u00e9nurie du secteur.<\/span><br \/><span><\/span><\/p>\n<p style=\"text-align: justify;\"><strong><span style=\"text-decoration: underline;\">Pourquoi Flavi<\/span> ? <\/strong><\/p>\n<p style=\"text-align: justify;\"><span>Dans sa recherche de solutions, Eva a rencontr\u00e9 Flavie, une auxiliaire de vie ind\u00e9pendante, extr\u00eamement professionnelle, et , bienveillante.<\/span><\/p>\n<p style=\"text-align: justify;\"><span>Elles ont alors collabor\u00e9, et c'est ainsi que <em><strong>Flavi<\/strong><\/em> est n\u00e9e.<\/span><span><\/span><\/p>[\/et_pb_text][et_pb_testimonial author=\"Eva\" job_title=\"Cofondatrice de Flavi\" portrait_url=\"https:\/\/flavi.fr\/wp-content\/uploads\/2022\/08\/Eva-flavi.jpg\" quote_icon_color=\"#FF55AF\" quote_icon_background_color=\"RGBA(255,255,255,0)\" _builder_version=\"4.17.4\" _module_preset=\"default\" body_font=\"Pacifico||||||||\" body_text_color=\"#848484\" author_font=\"|300|||||||\" author_font_size=\"23px\" custom_margin=\"1px||||false|false\" custom_padding=\"19px||2px||false|false\" box_shadow_style_image=\"preset1\" global_colors_info=\"{}\"]<p><span style=\"color: #333399;\">Flavie m'a inspir\u00e9e depuis le d\u00e9but. <\/span><\/p>\n<p><span style=\"color: #333399;\">Ensemble, <\/span><span style=\"color: #ff99cc;\">nous prenons soin <span style=\"color: #333399;\">des plus faibles en cr\u00e9ant une soci\u00e9t\u00e9 plus<span style=\"color: #ff99cc;\"> juste<\/span>.<\/span><\/span><span style=\"color: #333399;\"><\/span><\/p>[\/et_pb_testimonial][\/et_pb_column][et_pb_column type=\"1_2\" _builder_version=\"4.16\" _module_preset=\"default\" global_colors_info=\"{}\"][et_pb_image src=\"https:\/\/flavi.fr\/wp-content\/uploads\/2023\/01\/blog-flavi-organisation-1080-\u00d7-1920-px.png\" title_text=\"blog flavi organisation (1080 \u00d7 1920 px)\" _builder_version=\"4.17.4\" _module_preset=\"default\" width=\"65%\" width_tablet=\"40%\" width_phone=\"52%\" width_last_edited=\"on|phone\" module_alignment=\"right\" sticky_position=\"top\" sticky_limit_bottom=\"row\" module_alignment_tablet=\"right\" module_alignment_phone=\"center\" module_alignment_last_edited=\"on|phone\" sticky_limit_bottom_tablet=\"row\" sticky_limit_bottom_phone=\"row\" sticky_limit_bottom_last_edited=\"on|phone\" global_colors_info=\"{}\"][\/et_pb_image][\/et_pb_column][\/et_pb_row][\/et_pb_section][et_pb_section fb_built=\"1\" fullwidth=\"on\" disabled_on=\"on|off|off\" _builder_version=\"4.17.4\" _module_preset=\"default\" global_colors_info=\"{}\"][et_pb_fullwidth_image src=\"https:\/\/flavi.fr\/wp-content\/uploads\/2023\/03\/equipe-homepage.png\" title_text=\"equipe homepage\" _builder_version=\"4.17.4\" _module_preset=\"default\" global_colors_info=\"{}\"][\/et_pb_fullwidth_image][\/et_pb_section][et_pb_section fb_built=\"1\" fullwidth=\"on\" _builder_version=\"4.17.4\" _module_preset=\"default\" global_colors_info=\"{}\"][et_pb_fullwidth_image src=\"https:\/\/flavi.fr\/wp-content\/uploads\/2023\/03\/nouveau-site-fond-Fond-decran-de-telephone-1080-\u00d7-2000-px-4.png\" title_text=\"nouveau site fond (Fond d\u2019\u00e9cran de t\u00e9l\u00e9phone) (1080 \u00d7 2000 px) (4)\" disabled_on=\"off|on|on\" _builder_version=\"4.17.4\" _module_preset=\"default\" global_colors_info=\"{}\"][\/et_pb_fullwidth_image][\/et_pb_section][et_pb_section fb_built=\"1\" fullwidth=\"on\" _builder_version=\"4.17.4\" _module_preset=\"default\" global_colors_info=\"{}\"][\/et_pb_section][et_pb_section fb_built=\"1\" custom_padding_last_edited=\"off|desktop\" disabled_on=\"on|on|on\" admin_label=\"Services\" _builder_version=\"4.17.4\" background_color=\"#FFFFFF\" background_color_gradient_direction=\"130deg\" background_image=\"https:\/\/flavi.fr\/wp-content\/uploads\/2023\/01\/Illustration_sans_titre.png\" background_size=\"initial\" min_height=\"927px\" custom_padding=\"34px|||||\" custom_padding_tablet=\"|||\" custom_padding_phone=\"0px|20%|0px||true\" bottom_divider_color=\"#ffffff\" bottom_divider_height=\"118px\" bottom_divider_repeat=\"1x\" bottom_divider_flip=\"horizontal\" disabled=\"on\" global_colors_info=\"{}\"][et_pb_row _builder_version=\"4.16\" _module_preset=\"default\" global_colors_info=\"{}\"][et_pb_column type=\"4_4\" _builder_version=\"4.16\" _module_preset=\"default\" global_colors_info=\"{}\"][et_pb_text _builder_version=\"4.16\" _module_preset=\"default\" header_2_font=\"Lato|900|||||||\" header_2_text_align=\"center\" header_2_text_color=\"#FFFFFF\" header_2_font_size=\"63px\" custom_margin=\"||||false|false\" custom_padding=\"||0px|||\" header_2_text_shadow_style=\"preset2\" global_colors_info=\"{}\"]<h2>L'\u00e9quipe<\/h2>[\/et_pb_text][\/et_pb_column][\/et_pb_row][et_pb_row column_structure=\"1_3,1_3,1_3\" _builder_version=\"4.16\" _module_preset=\"default\" global_colors_info=\"{}\"][et_pb_column type=\"1_3\" _builder_version=\"4.16\" _module_preset=\"default\" global_colors_info=\"{}\"][et_pb_blurb title=\"Eva\" image_icon_background_color=\"#FFFFFF\" image_icon_width=\"164px\" _builder_version=\"4.17.4\" _module_preset=\"16be2477-f5af-41be-beac-3d8d90e298d8\" header_font=\"Lato|900|||||||\" header_text_color=\"#3E00F6\" header_font_size=\"22px\" header_line_height=\"1.2em\" body_font=\"Lato||||||||\" body_text_align=\"center\" body_text_color=\"#1A1A1A\" body_font_size=\"15px\" body_line_height=\"1.6em\" background_color=\"#FFFFFF\" text_orientation=\"center\" custom_margin=\"|||||true\" custom_margin_tablet=\"|100px||100px|false|true\" custom_margin_phone=\"|0px||0px|false|true\" custom_margin_last_edited=\"on|tablet\" custom_padding=\"20px|15px|40px|15px|false|true\" animation=\"off\" body_font_size_tablet=\"15px\" body_font_size_phone=\"14px\" body_font_size_last_edited=\"on|phone\" border_radii=\"off|100px|100px|10px|10px\" global_colors_info=\"{}\"]<h4 style=\"text-align: center;\">\u00a0Fondatrice<\/h4>\n<p>Enseignante \u00e0 l'universit\u00e9, Eva a pour seule ambition la justice sociale. Elle est fermement convaincue que les soci\u00e9t\u00e9s \u00e0 impact r\u00e9soudront efficacement les d\u00e9fis soci\u00e9taux.<\/p>[\/et_pb_blurb][\/et_pb_column][et_pb_column type=\"1_3\" _builder_version=\"4.16\" _module_preset=\"default\" global_colors_info=\"{}\"][et_pb_blurb title=\"Flavie\" image_icon_background_color=\"#FFFFFF\" image_icon_width=\"136px\" _builder_version=\"4.17.4\" _module_preset=\"16be2477-f5af-41be-beac-3d8d90e298d8\" header_font=\"Lato|900|||||||\" header_text_color=\"#3E00F6\" header_font_size=\"22px\" header_line_height=\"1.2em\" body_font=\"Lato||||||||\" body_text_align=\"center\" body_text_color=\"#1A1A1A\" body_font_size=\"15px\" body_line_height=\"1.6em\" background_color=\"#FFFFFF\" text_orientation=\"center\" custom_margin=\"|||||true\" custom_margin_tablet=\"|100px||100px|false|true\" custom_margin_phone=\"|0px||0px|false|true\" custom_margin_last_edited=\"on|tablet\" custom_padding=\"20px|15px|40px|15px|false|true\" animation=\"off\" body_font_size_tablet=\"15px\" body_font_size_phone=\"14px\" body_font_size_last_edited=\"on|phone\" border_radii=\"off|100px|100px|10px|10px\" global_colors_info=\"{}\"]<h4 style=\"text-align: center;\">Auxiliaire de vie \/ formatrice<\/h4>\n<p>Auxiliaire de vie en CESU et responsable de secteur, Flavie apporte son soutien \u00e0 la communaut\u00e9. Elle est \u00e9galement formatrice et partage sans compter ses bonnes pratiques.<\/p>[\/et_pb_blurb][\/et_pb_column][et_pb_column type=\"1_3\" _builder_version=\"4.16\" _module_preset=\"default\" global_colors_info=\"{}\"][et_pb_blurb title=\"Gaby\" image_icon_background_color=\"#FFFFFF\" image_icon_width=\"164px\" _builder_version=\"4.17.4\" _module_preset=\"16be2477-f5af-41be-beac-3d8d90e298d8\" header_font=\"Lato|900|||||||\" header_text_color=\"#3E00F6\" header_font_size=\"22px\" header_line_height=\"1.2em\" body_font=\"Lato||||||||\" body_text_align=\"center\" body_text_color=\"#1A1A1A\" body_font_size=\"15px\" body_line_height=\"1.6em\" background_color=\"#FFFFFF\" text_orientation=\"center\" custom_margin=\"|||||true\" custom_margin_tablet=\"|100px||100px|false|true\" custom_margin_phone=\"|0px||0px|false|true\" custom_margin_last_edited=\"on|tablet\" custom_padding=\"20px|15px|15px|15px|false|true\" animation=\"off\" body_font_size_tablet=\"15px\" body_font_size_phone=\"14px\" body_font_size_last_edited=\"on|phone\" border_radii=\"off|100px|100px|10px|10px\" global_colors_info=\"{}\"]<h4 style=\"text-align: center;\">Formatrice et conseill\u00e8re autonomie<\/h4>\n<p>Son exp\u00e9rience en tant que directrice adjointe de CCAS et sa formation en psychologie lui permettent d'encadrer l'Analyse de Pratiques Professionnelles. Elle transmet sa vision pour faire \u00e9voluer le m\u00e9tier du prendre soin.<\/p>[\/et_pb_blurb][\/et_pb_column][\/et_pb_row][et_pb_row column_structure=\"1_2,1_2\" _builder_version=\"4.16\" _module_preset=\"default\" global_colors_info=\"{}\"][et_pb_column type=\"1_2\" _builder_version=\"4.16\" _module_preset=\"default\" global_colors_info=\"{}\"][et_pb_blurb title=\"Leyla\" image_icon_background_color=\"#FFFFFF\" image_icon_width=\"189px\" _builder_version=\"4.17.4\" _module_preset=\"16be2477-f5af-41be-beac-3d8d90e298d8\" header_font=\"Lato|900|||||||\" header_text_color=\"#3E00F6\" header_font_size=\"22px\" header_line_height=\"1.2em\" body_font=\"Lato||||||||\" body_text_align=\"center\" body_text_color=\"#1A1A1A\" body_font_size=\"15px\" body_line_height=\"1.6em\" background_color=\"#FFFFFF\" text_orientation=\"center\" custom_margin=\"|70px||70px|false|true\" custom_margin_tablet=\"|80px||80px|false|true\" custom_margin_phone=\"|0px||0px|false|true\" custom_margin_last_edited=\"on|phone\" custom_padding=\"40px|10px|40px|10px|true|true\" custom_padding_tablet=\"40px|10px|40px|10px|true|true\" custom_padding_phone=\"40px|10px|40px|10px|true|true\" custom_padding_last_edited=\"on|phone\" animation=\"off\" body_font_size_tablet=\"15px\" body_font_size_phone=\"14px\" body_font_size_last_edited=\"on|phone\" border_radii=\"off|100px|100px|10px|10px\" global_colors_info=\"{}\"]<h4 style=\"text-align: center;\">Business developpement &amp; digital marketing<\/h4>\n<p>Leyla est allemande, elle a rejoint Flavi pour permettre au digital de r\u00e9pondre aux enjeux soci\u00e9taux. Elle se charge notamment du d\u00e9veloppement du r\u00e9seau, et de sa pr\u00e9sence en ligne.<\/p>[\/et_pb_blurb][\/et_pb_column][et_pb_column type=\"1_2\" _builder_version=\"4.16\" _module_preset=\"default\" global_colors_info=\"{}\"][et_pb_blurb title=\"Fanny\" image_icon_background_color=\"#FFFFFF\" image_icon_width=\"166px\" _builder_version=\"4.17.4\" _module_preset=\"16be2477-f5af-41be-beac-3d8d90e298d8\" header_font=\"Lato|900|||||||\" header_text_color=\"#3E00F6\" header_font_size=\"22px\" header_line_height=\"1.2em\" body_font=\"Lato||||||||\" body_text_align=\"center\" body_text_color=\"#1A1A1A\" body_font_size=\"15px\" body_line_height=\"1.6em\" background_color=\"#FFFFFF\" text_orientation=\"center\" custom_margin=\"|70px||70px|false|true\" custom_margin_tablet=\"|80px||80px|false|true\" custom_margin_phone=\"|0px||0px|false|true\" custom_margin_last_edited=\"on|phone\" custom_padding=\"40px|10px|40px|10px|true|true\" custom_padding_tablet=\"40px|10px|40px|10px|true|true\" custom_padding_phone=\"40px|10px|40px|10px|true|true\" custom_padding_last_edited=\"on|phone\" animation=\"off\" body_font_size_tablet=\"15px\" body_font_size_phone=\"14px\" body_font_size_last_edited=\"on|phone\" border_radii=\"off|100px|100px|10px|10px\" global_colors_info=\"{}\"]<h4 style=\"text-align: center;\">Assistante Sociale et web marketing<\/h4>\n<p>Son long parcours professionnel dans le travail social apporte une expertise \u00e0 l'\u00e9quipe, et un appui technique comme formatrice. Elle met \u00e9galement ses comp\u00e9tences dans le digital au service de Flavi.<span style=\"color: #0000ff;\"><br \/><\/span><\/p>[\/et_pb_blurb][\/et_pb_column][\/et_pb_row][\/et_pb_section][et_pb_section fb_built=\"1\" custom_padding_last_edited=\"on|desktop\" next_background_color=\"#ffffff\" admin_label=\"Header\" _builder_version=\"4.16\" background_enable_color=\"off\" background_color_gradient_direction=\"1deg\" background_color_gradient_start=\"#3e00f6\" background_color_gradient_end=\"#8686FF\" background_image=\"https:\/\/flavi.fr\/wp-content\/uploads\/2022\/03\/Sans-titre-2022-03-03T105454.304.png\" parallax=\"on\" custom_margin=\"50px||50px||false|false\" custom_margin_tablet=\"50px||50px||false|false\" custom_margin_phone=\"0px||0px||false|false\" custom_margin_last_edited=\"on|phone\" custom_padding_tablet=\"100px||100px||true\" custom_padding_phone=\"40px||40px||false|false\" bottom_divider_style=\"wave2\" bottom_divider_height=\"80px\" bottom_divider_repeat=\"1x\" bottom_divider_arrangement=\"above_content\" saved_tabs=\"all\" global_colors_info=\"{}\"][et_pb_row _builder_version=\"4.16\" global_colors_info=\"{}\"][et_pb_column type=\"4_4\" _builder_version=\"4.16\" custom_padding=\"|||\" global_colors_info=\"{}\" custom_padding__hover=\"|||\"][et_pb_text disabled_on=\"off|off|off\" _builder_version=\"4.17.1\" text_font=\"Roboto||||||||\" text_line_height=\"1.8em\" header_font=\"Pacifico||||||||\" header_text_align=\"center\" header_text_color=\"#3E00F6\" header_font_size=\"47px\" header_line_height=\"1.2em\" header_3_font=\"Pacifico||||||||\" header_3_text_align=\"center\" header_3_text_color=\"#1A1A1A\" header_3_font_size=\"40px\" header_3_line_height=\"1.4em\" text_orientation=\"center\" background_layout=\"dark\" module_alignment=\"center\" text_font_size_last_edited=\"off|desktop\" header_font_size_tablet=\"40px\" header_font_size_phone=\"32px\" header_font_size_last_edited=\"on|phone\" header_3_font_size_tablet=\"30px\" header_3_font_size_phone=\"22px\" header_3_font_size_last_edited=\"on|phone\" header_3_letter_spacing_tablet=\"0px\" header_3_letter_spacing_phone=\"0px\" header_3_letter_spacing_last_edited=\"on|tablet\" global_colors_info=\"{}\"]<h3>Tendre la main \u00e0 des auxiliaires pour qu\u2019elles puissent rayonner sur les autres !<!-- --><\/h3>[\/et_pb_text][et_pb_text _builder_version=\"4.16\" text_font=\"Lato|700|||||||\" text_text_color=\"#1A1A1A\" text_font_size=\"24px\" text_line_height=\"1em\" header_font=\"Lato|900|||||||\" header_text_align=\"center\" header_font_size=\"40px\" header_line_height=\"1.2em\" header_2_font=\"Lato|700|||||||\" header_3_font=\"Roboto|700||on|||||\" header_3_text_align=\"center\" header_3_text_color=\"#ffffff\" header_3_font_size=\"24px\" header_3_letter_spacing=\"10px\" header_3_line_height=\"2em\" text_orientation=\"center\" background_layout=\"dark\" module_alignment=\"center\" custom_padding_tablet=\"\" custom_padding_phone=\"|0px||0px|false|true\" custom_padding_last_edited=\"on|phone\" text_font_size_tablet=\"24px\" text_font_size_phone=\"16px\" text_font_size_last_edited=\"on|phone\" header_font_size_tablet=\"40px\" header_font_size_phone=\"32px\" header_font_size_last_edited=\"on|phone\" header_3_font_size_tablet=\"16px\" header_3_font_size_phone=\"14px\" header_3_font_size_last_edited=\"on|phone\" header_3_letter_spacing_tablet=\"5px\" header_3_letter_spacing_phone=\"\" header_3_letter_spacing_last_edited=\"on|tablet\" global_colors_info=\"{}\"]<p>Flavi est une entreprise \u00e0 d\u00e9marche sociale.<\/p>[\/et_pb_text][\/et_pb_column][\/et_pb_row][et_pb_row _builder_version=\"4.16\" _module_preset=\"default\" custom_padding=\"||||false|false\" global_colors_info=\"{}\"][et_pb_column type=\"4_4\" _builder_version=\"4.16\" _module_preset=\"default\" global_colors_info=\"{}\"][et_pb_button button_url=\"https:\/\/flavi.fr\/index.php\/je-suis-une-auxiliaire\/\" url_new_window=\"on\" button_text=\"Nos offres pour les auxiliaires de vie\" button_alignment=\"center\" _builder_version=\"4.17.4\" _module_preset=\"default\" custom_button=\"on\" button_text_size=\"20px\" button_text_color=\"#FFFFFF\" button_bg_color=\"#FF55AF\" button_border_width=\"1px\" button_border_color=\"#FF55AF\" button_border_radius=\"24px\" button_font=\"Lato|900|||||||\" button_text_size_tablet=\"20px\" button_text_size_phone=\"14px\" button_text_size_last_edited=\"on|phone\" global_colors_info=\"{}\"][\/et_pb_button][\/et_pb_column][\/et_pb_row][\/et_pb_section][et_pb_section fb_built=\"1\" _builder_version=\"4.16\" _module_preset=\"default\" global_colors_info=\"{}\"][et_pb_row _builder_version=\"4.17.4\" _module_preset=\"default\" background_color=\"#987df5\" custom_margin=\"||||false|false\" custom_padding=\"||||false|true\" global_colors_info=\"{}\"][et_pb_column type=\"4_4\" _builder_version=\"4.16\" _module_preset=\"default\" global_colors_info=\"{}\"][et_pb_text _builder_version=\"4.16\" _module_preset=\"default\" header_3_font=\"Lato|900|||||||\" header_3_text_align=\"center\" header_3_text_color=\"#FFFFFF\" header_3_font_size=\"40px\" background_color=\"RGBA(255,255,255,0)\" header_3_font_size_tablet=\"45px\" header_3_font_size_phone=\"30px\" header_3_font_size_last_edited=\"on|desktop\" global_colors_info=\"{}\"]<h3>Nos partenaires<\/h3>[\/et_pb_text][\/et_pb_column][\/et_pb_row][\/et_pb_section][et_pb_section fb_built=\"1\" _builder_version=\"4.16\" _module_preset=\"default\" background_image=\"https:\/\/flavi.fr\/wp-content\/uploads\/2022\/03\/Sans-titre-2022-03-01T114520.436.png\" global_colors_info=\"{}\"][et_pb_row column_structure=\"3_5,2_5\" _builder_version=\"4.16\" _module_preset=\"default\" background_enable_image=\"off\" min_height=\"341.1px\" global_colors_info=\"{}\"][et_pb_column type=\"3_5\" _builder_version=\"4.16\" _module_preset=\"default\" global_colors_info=\"{}\"][et_pb_text _builder_version=\"4.17.4\" _module_preset=\"default\" text_font=\"Lato||||||||\" text_text_color=\"#1A1A1A\" text_font_size=\"18px\" text_line_height=\"1.4em\" custom_padding=\"||||false|false\" global_colors_info=\"{}\"]<p>Flavi propose un catalogue de formations <strong>certifiantes, prises en charge par la branche professionnelle et r\u00e9mun\u00e9r\u00e9es<\/strong> pour aider les auxilaires de vie sur diff\u00e9rentes th\u00e9matiques pour <span>valoriser leur m\u00e9tier et prendre leur autonomie.<\/span><\/p>[\/et_pb_text][et_pb_text _builder_version=\"4.16\" _module_preset=\"default\" text_font=\"Lato|900|||||||\" text_text_color=\"#3E00F6\" text_font_size=\"36px\" text_line_height=\"1.4em\" custom_padding=\"||||false|false\" text_font_size_tablet=\"36px\" text_font_size_phone=\"24px\" text_font_size_last_edited=\"on|phone\" global_colors_info=\"{}\"]<p>My Academie : notre partenaire pour les formations propos\u00e9es sur Flavi<\/p>[\/et_pb_text][et_pb_button button_url=\"https:\/\/flavi.fr\/index.php\/formations\/\" button_text=\"Les formations \" button_alignment_tablet=\"center\" button_alignment_phone=\"center\" button_alignment_last_edited=\"on|tablet\" _builder_version=\"4.17.4\" _module_preset=\"default\" custom_button=\"on\" button_text_color=\"#FFFFFF\" button_bg_color=\"#FF55AF\" button_border_radius=\"24px\" button_font=\"|700|||||||\" hover_enabled=\"0\" global_colors_info=\"{}\" button_alignment=\"right\" sticky_enabled=\"0\"][\/et_pb_button][et_pb_image src=\"https:\/\/flavi.fr\/wp-content\/uploads\/2023\/11\/Logo-MyAcademie-1.webp\" title_text=\"Logo MyAcad\u00e9mie\" disabled_on=\"off|off|on\" _builder_version=\"4.17.4\" _module_preset=\"default\" width_tablet=\"50%\" width_phone=\"45%\" width_last_edited=\"on|tablet\" module_alignment_tablet=\"center\" module_alignment_phone=\"center\" module_alignment_last_edited=\"on|tablet\" border_radii=\"on|5px|5px|5px|5px\" global_colors_info=\"{}\"][\/et_pb_image][\/et_pb_column][et_pb_column type=\"2_5\" _builder_version=\"4.16\" _module_preset=\"default\" global_colors_info=\"{}\"][et_pb_image src=\"https:\/\/flavi.fr\/wp-content\/uploads\/2023\/11\/Logo-MyAcademie-1.webp\" title_text=\"Logo MyAcad\u00e9mie\" disabled_on=\"on|on|off\" _builder_version=\"4.17.4\" _module_preset=\"default\" width_tablet=\"50%\" width_phone=\"50%\" width_last_edited=\"on|tablet\" hover_enabled=\"0\" module_alignment_tablet=\"center\" module_alignment_phone=\"center\" module_alignment_last_edited=\"on|tablet\" border_radii=\"on|5px|5px|5px|5px\" global_colors_info=\"{}\" custom_margin=\"-79px||||false|false\" sticky_enabled=\"0\"][\/et_pb_image][\/et_pb_column][\/et_pb_row][\/et_pb_section][et_pb_section fb_built=\"1\" disabled_on=\"on|on|on\" _builder_version=\"4.17.4\" _module_preset=\"default\" background_image=\"https:\/\/flavi.fr\/wp-content\/uploads\/2022\/03\/Sans-titre-2022-03-01T114520.436.png\" disabled=\"on\" global_colors_info=\"{}\"][et_pb_row column_structure=\"3_5,2_5\" _builder_version=\"4.16\" _module_preset=\"default\" background_enable_image=\"off\" min_height=\"341.1px\" global_colors_info=\"{}\"][et_pb_column type=\"3_5\" _builder_version=\"4.16\" _module_preset=\"default\" global_colors_info=\"{}\"][et_pb_text _builder_version=\"4.16\" _module_preset=\"default\" text_font=\"Lato|900|||||||\" text_text_color=\"#3E00F6\" text_font_size=\"36px\" text_line_height=\"1.4em\" custom_padding=\"||||false|false\" text_font_size_tablet=\"36px\" text_font_size_phone=\"24px\" text_font_size_last_edited=\"on|phone\" global_colors_info=\"{}\"]<p>Radis49, notre partenaire pour XXX<\/p>[\/et_pb_text][et_pb_text _builder_version=\"4.16\" _module_preset=\"default\" text_font=\"Lato||||||||\" text_text_color=\"#1A1A1A\" text_font_size=\"18px\" text_line_height=\"1.4em\" custom_padding=\"|50px|||false|false\" custom_padding_tablet=\"|50px|||false|false\" custom_padding_phone=\"|0px|||false|false\" custom_padding_last_edited=\"on|phone\" global_colors_info=\"{}\"]<p>Flavi propose un catalogue de formations <strong>certifiantes, gratuites et r\u00e9mun\u00e9r\u00e9es<\/strong> pour aider les auxilaires de vie sur diff\u00e9rentes th\u00e9matiques pour <span>valoriser leur m\u00e9tier et prendre leur autonomie.<\/span><\/p>[\/et_pb_text][\/et_pb_column][et_pb_column type=\"2_5\" _builder_version=\"4.16\" _module_preset=\"default\" global_colors_info=\"{}\"][et_pb_image src=\"https:\/\/flavi.fr\/wp-content\/uploads\/2022\/03\/Capture-de\u0301cran-2022-03-22-a\u0300-09.50.52.png\" title_text=\"Capture d\u2019e\u0301cran 2022-03-22 a\u0300 09.50.52\" _builder_version=\"4.16\" _module_preset=\"default\" width_tablet=\"26%\" width_phone=\"50%\" width_last_edited=\"on|tablet\" module_alignment_tablet=\"center\" module_alignment_phone=\"center\" module_alignment_last_edited=\"on|tablet\" border_radii=\"on|5px|5px|5px|5px\" global_colors_info=\"{}\"][\/et_pb_image][\/et_pb_column][\/et_pb_row][et_pb_row column_structure=\"1_3,1_3,1_3\" disabled_on=\"off|off|off\" _builder_version=\"4.16\" _module_preset=\"default\" global_colors_info=\"{}\"][et_pb_column type=\"1_3\" _builder_version=\"4.16\" _module_preset=\"default\" global_colors_info=\"{}\"][et_pb_image src=\"https:\/\/flavi.fr\/wp-content\/uploads\/2022\/02\/Sans-titre-500-\u00d7-200-px-1.png\" title_text=\"Sans titre (500 \u00d7 200 px) (1)\" disabled_on=\"on|on|off\" _builder_version=\"4.16\" _module_preset=\"default\" transform_rotate=\"0deg|0deg|33deg\" width=\"100%\" custom_margin=\"||||false|false\" global_colors_info=\"{}\"][\/et_pb_image][\/et_pb_column][et_pb_column type=\"1_3\" _builder_version=\"4.16\" _module_preset=\"default\" global_colors_info=\"{}\"][et_pb_button button_url=\"https:\/\/flavi.fr\/index.php\/formations\/\" button_text=\"Les formations\" button_alignment_tablet=\"center\" button_alignment_phone=\"center\" button_alignment_last_edited=\"on|tablet\" _builder_version=\"4.17.1\" _module_preset=\"default\" custom_button=\"on\" button_text_color=\"#FFFFFF\" button_bg_color=\"#3E00F6\" button_font=\"|700|||||||\" global_colors_info=\"{}\"][\/et_pb_button][\/et_pb_column][et_pb_column type=\"1_3\" _builder_version=\"4.16\" _module_preset=\"default\" global_colors_info=\"{}\"][\/et_pb_column][\/et_pb_row][\/et_pb_section][et_pb_section fb_built=\"1\" _builder_version=\"4.17.4\" _module_preset=\"default\" background_color=\"#987df5\" custom_padding=\"6px||2px|||\" global_colors_info=\"{}\"][et_pb_row column_structure=\"3_5,2_5\" _builder_version=\"4.17.4\" _module_preset=\"default\" custom_padding=\"21px||0px|||\" global_colors_info=\"{}\"][et_pb_column type=\"3_5\" _builder_version=\"4.17.4\" _module_preset=\"default\" global_colors_info=\"{}\"][et_pb_text _builder_version=\"4.17.4\" _module_preset=\"default\" text_font=\"|600|||||||\" text_text_color=\"#FFFFFF\" custom_margin_tablet=\"|||30%|false|false\" custom_margin_phone=\"|||15%|false|false\" custom_margin_last_edited=\"on|tablet\" custom_padding=\"10px||2px|||\" module_alignment_tablet=\"center\" module_alignment_phone=\"center\" module_alignment_last_edited=\"on|tablet\" global_colors_info=\"{}\"]<p><span style=\"color: #ffffff;\"><a href=\"https:\/\/flavi.bubbleapps.io\/version-live\/legal?tab=privacy\" target=\"_blank\" rel=\"noopener\" style=\"color: #ffffff;\">Politique de confidentialit\u00e9<\/a><\/span> | <span style=\"color: #ffffff;\"><a href=\"https:\/\/flavi.bubbleapps.io\/version-live\/legal?tab=terms\" target=\"_blank\" rel=\"noopener\" style=\"color: #ffffff;\">CGU<\/a><\/span><\/p>[\/et_pb_text][\/et_pb_column][et_pb_column type=\"2_5\" _builder_version=\"4.16\" _module_preset=\"default\" global_colors_info=\"{}\"][et_pb_social_media_follow icon_color=\"#FFFFFF\" use_icon_font_size=\"on\" _builder_version=\"4.17.4\" _module_preset=\"default\" text_orientation=\"center\" global_colors_info=\"{}\"][et_pb_social_media_follow_network social_network=\"facebook\" url=\"https:\/\/www.facebook.com\/Flaviauxiliairedevie\" use_icon_font_size=\"on\" icon_font_size=\"22px\" _builder_version=\"4.17.4\" _module_preset=\"default\" background_enable_color=\"off\" custom_button=\"on\" button_text_size=\"1px\" button_text_color=\"#3001C6\" global_colors_info=\"{}\" follow_button=\"off\" url_new_window=\"on\"]facebook[\/et_pb_social_media_follow_network][et_pb_social_media_follow_network social_network=\"instagram\" url=\"https:\/\/www.instagram.com\/flavi_cesu\/\" use_icon_font_size=\"on\" icon_font_size=\"22px\" _builder_version=\"4.17.4\" _module_preset=\"default\" background_enable_color=\"off\" global_colors_info=\"{}\" follow_button=\"off\" url_new_window=\"on\"]instagram[\/et_pb_social_media_follow_network][et_pb_social_media_follow_network social_network=\"linkedin\" url=\"https:\/\/www.linkedin.com\/company\/flavi-saas\/?originalSubdomain=fr\" use_icon_font_size=\"on\" icon_font_size=\"22px\" _builder_version=\"4.17.4\" _module_preset=\"default\" background_enable_color=\"off\" global_colors_info=\"{}\" follow_button=\"off\" url_new_window=\"on\"]linkedin[\/et_pb_social_media_follow_network][\/et_pb_social_media_follow][\/et_pb_column][\/et_pb_row][\/et_pb_section]","_et_gb_content_width":"","_lmt_disableupdate":"","_lmt_disable":"","_monsterinsights_skip_tracking":false,"_monsterinsights_sitenote_active":false,"_monsterinsights_sitenote_note":"","_monsterinsights_sitenote_category":0,"footnotes":""},"class_list":["post-5829","page","type-page","status-publish","hentry"],"yoast_head":"<!-- This site is optimized with the Yoast SEO plugin v27.4 - https:\/\/yoast.com\/product\/yoast-seo-wordpress\/ -->\n<title>Qui sommes-nous ? - Flavi<\/title>\n<meta name=\"robots\" content=\"index, follow, max-snippet:-1, max-image-preview:large, max-video-preview:-1\" \/>\n<link rel=\"canonical\" href=\"https:\/\/flavi.fr\/index.php\/qui-sommes-nous\/\" \/>\n<meta property=\"og:locale\" content=\"fr_FR\" \/>\n<meta property=\"og:type\" content=\"article\" \/>\n<meta property=\"og:title\" content=\"Qui sommes-nous ? - Flavi\" \/>\n<meta property=\"og:description\" content=\"Notre mission chez Flavi ? Valoriser le m\u00e9tier d&#039;aide \u00e0 domicile, et s\u00e9curiser les parcours des aidants. \u00a0Il est urgent de reconsid\u00e9rer le statut des aidants. L&#039;histoire de FlaviUne histoire personnelle Flavi est n\u00e9e du sentiment d\u2019impuissance de sa fondatrice. En effet, Eva, enseignante, \u00e9tait le t\u00e9moin des tourments de sa maman, aidante de sa [&hellip;]\" \/>\n<meta property=\"og:url\" content=\"https:\/\/flavi.fr\/index.php\/qui-sommes-nous\/\" \/>\n<meta property=\"og:site_name\" content=\"Flavi\" \/>\n<meta property=\"article:modified_time\" content=\"2025-07-01T08:42:19+00:00\" \/>\n<meta name=\"twitter:card\" content=\"summary_large_image\" \/>\n<meta name=\"twitter:label1\" content=\"Dur\u00e9e de lecture estim\u00e9e\" \/>\n\t<meta name=\"twitter:data1\" content=\"10 minutes\" \/>\n<script type=\"application\/ld+json\" class=\"yoast-schema-graph\">{\"@context\":\"https:\\\/\\\/schema.org\",\"@graph\":[{\"@type\":\"WebPage\",\"@id\":\"https:\\\/\\\/flavi.fr\\\/index.php\\\/qui-sommes-nous\\\/\",\"url\":\"https:\\\/\\\/flavi.fr\\\/index.php\\\/qui-sommes-nous\\\/\",\"name\":\"Qui sommes-nous ? - Flavi\",\"isPartOf\":{\"@id\":\"https:\\\/\\\/flavi.fr\\\/#website\"},\"datePublished\":\"2024-02-29T10:24:42+00:00\",\"dateModified\":\"2025-07-01T08:42:19+00:00\",\"breadcrumb\":{\"@id\":\"https:\\\/\\\/flavi.fr\\\/index.php\\\/qui-sommes-nous\\\/#breadcrumb\"},\"inLanguage\":\"fr-FR\",\"potentialAction\":[{\"@type\":\"ReadAction\",\"target\":[\"https:\\\/\\\/flavi.fr\\\/index.php\\\/qui-sommes-nous\\\/\"]}]},{\"@type\":\"BreadcrumbList\",\"@id\":\"https:\\\/\\\/flavi.fr\\\/index.php\\\/qui-sommes-nous\\\/#breadcrumb\",\"itemListElement\":[{\"@type\":\"ListItem\",\"position\":1,\"name\":\"Accueil\",\"item\":\"https:\\\/\\\/flavi.fr\\\/\"},{\"@type\":\"ListItem\",\"position\":2,\"name\":\"Qui sommes-nous ?\"}]},{\"@type\":\"WebSite\",\"@id\":\"https:\\\/\\\/flavi.fr\\\/#website\",\"url\":\"https:\\\/\\\/flavi.fr\\\/\",\"name\":\"Flavi\",\"description\":\"auxiliaires de vie ind\u00e9pendantes\",\"potentialAction\":[{\"@type\":\"SearchAction\",\"target\":{\"@type\":\"EntryPoint\",\"urlTemplate\":\"https:\\\/\\\/flavi.fr\\\/?s={search_term_string}\"},\"query-input\":{\"@type\":\"PropertyValueSpecification\",\"valueRequired\":true,\"valueName\":\"search_term_string\"}}],\"inLanguage\":\"fr-FR\"}]}<\/script>\n<!-- \/ Yoast SEO plugin. -->","yoast_head_json":{"title":"Qui sommes-nous ? - Flavi","robots":{"index":"index","follow":"follow","max-snippet":"max-snippet:-1","max-image-preview":"max-image-preview:large","max-video-preview":"max-video-preview:-1"},"canonical":"https:\/\/flavi.fr\/index.php\/qui-sommes-nous\/","og_locale":"fr_FR","og_type":"article","og_title":"Qui sommes-nous ? - Flavi","og_description":"Notre mission chez Flavi ? Valoriser le m\u00e9tier d'aide \u00e0 domicile, et s\u00e9curiser les parcours des aidants. \u00a0Il est urgent de reconsid\u00e9rer le statut des aidants. L'histoire de FlaviUne histoire personnelle Flavi est n\u00e9e du sentiment d\u2019impuissance de sa fondatrice. En effet, Eva, enseignante, \u00e9tait le t\u00e9moin des tourments de sa maman, aidante de sa [&hellip;]","og_url":"https:\/\/flavi.fr\/index.php\/qui-sommes-nous\/","og_site_name":"Flavi","article_modified_time":"2025-07-01T08:42:19+00:00","twitter_card":"summary_large_image","twitter_misc":{"Dur\u00e9e de lecture estim\u00e9e":"10 minutes"},"schema":{"@context":"https:\/\/schema.org","@graph":[{"@type":"WebPage","@id":"https:\/\/flavi.fr\/index.php\/qui-sommes-nous\/","url":"https:\/\/flavi.fr\/index.php\/qui-sommes-nous\/","name":"Qui sommes-nous ? - Flavi","isPartOf":{"@id":"https:\/\/flavi.fr\/#website"},"datePublished":"2024-02-29T10:24:42+00:00","dateModified":"2025-07-01T08:42:19+00:00","breadcrumb":{"@id":"https:\/\/flavi.fr\/index.php\/qui-sommes-nous\/#breadcrumb"},"inLanguage":"fr-FR","potentialAction":[{"@type":"ReadAction","target":["https:\/\/flavi.fr\/index.php\/qui-sommes-nous\/"]}]},{"@type":"BreadcrumbList","@id":"https:\/\/flavi.fr\/index.php\/qui-sommes-nous\/#breadcrumb","itemListElement":[{"@type":"ListItem","position":1,"name":"Accueil","item":"https:\/\/flavi.fr\/"},{"@type":"ListItem","position":2,"name":"Qui sommes-nous ?"}]},{"@type":"WebSite","@id":"https:\/\/flavi.fr\/#website","url":"https:\/\/flavi.fr\/","name":"Flavi","description":"auxiliaires de vie ind\u00e9pendantes","potentialAction":[{"@type":"SearchAction","target":{"@type":"EntryPoint","urlTemplate":"https:\/\/flavi.fr\/?s={search_term_string}"},"query-input":{"@type":"PropertyValueSpecification","valueRequired":true,"valueName":"search_term_string"}}],"inLanguage":"fr-FR"}]}},"_links":{"self":[{"href":"https:\/\/flavi.fr\/index.php\/wp-json\/wp\/v2\/pages\/5829","targetHints":{"allow":["GET"]}}],"collection":[{"href":"https:\/\/flavi.fr\/index.php\/wp-json\/wp\/v2\/pages"}],"about":[{"href":"https:\/\/flavi.fr\/index.php\/wp-json\/wp\/v2\/types\/page"}],"author":[{"embeddable":true,"href":"https:\/\/flavi.fr\/index.php\/wp-json\/wp\/v2\/users\/2"}],"replies":[{"embeddable":true,"href":"https:\/\/flavi.fr\/index.php\/wp-json\/wp\/v2\/comments?post=5829"}],"version-history":[{"count":0,"href":"https:\/\/flavi.fr\/index.php\/wp-json\/wp\/v2\/pages\/5829\/revisions"}],"wp:attachment":[{"href":"https:\/\/flavi.fr\/index.php\/wp-json\/wp\/v2\/media?parent=5829"}],"curies":[{"name":"wp","href":"https:\/\/api.w.org\/{rel}","templated":true}]}}